{"id":165,"date":"2021-05-25T10:15:23","date_gmt":"2021-05-25T08:15:23","guid":{"rendered":"http:\/\/ljubljanapride.org\/2021\/?post_type=tribe_events&#038;p=165"},"modified":"2021-06-04T14:12:53","modified_gmt":"2021-06-04T12:12:53","slug":"mednarodna-konferenca-ljubo-doma","status":"publish","type":"tribe_events","link":"http:\/\/ljubljanapride.org\/2021\/event\/mednarodna-konferenca-ljubo-doma\/","title":{"rendered":"Mednarodna konferenca: Ljubo doma?"},"content":{"rendered":"<div id=\"dslc-theme-content\"><div id=\"dslc-theme-content-inner\"><h3>Mednarodna konferenca: Ljubo doma? \u2013 Mednarodna konferenca o stanovanjski izklju\u010denosti in brezdomnosti mladih LGBTIQ+ oseb<\/h3>\n<p><span style=\"font-weight: 400;\"><strong>Organizira:<\/strong>\u00a0Dru\u0161tvo Parada ponosa<\/span><\/p>\n<p><span style=\"font-weight: 400;\"><strong>Jezik:<\/strong> sloven\u0161\u010dina in angle\u0161\u010dina<\/span><\/p>\n<p>&nbsp;<\/p>\n<p><span style=\"font-weight: 400;\">Dru\u0161tvo Parada ponosa vas v sodelovanju z organizacijami FEANTSA, True Colors United in Associazione Quore vabi na konferenco Ljubo doma? \u2013 Mednarodna konferenca o stanovanjski izklju\u010denosti in brezdomnosti mladih LGBTIQ+ oseb. Njen namen je predstaviti izsledke raziskave Bivanjske razmere mladih LGBTIQ+ oseb v Sloveniji ter predstaviti podro\u010dje stanovanjske izklju\u010denosti in brezdomnosti mladih LGBTIQ+ oseb skozi dobre prakse in izku\u0161nje na\u0161ih mednarodnih partnerjev.\u00a0<\/span><\/p>\n<p>&nbsp;<\/p>\n<p><span style=\"font-weight: 400;\">Konferenca bo potekala v sredo,<\/span> <span style=\"font-weight: 400;\">16. 6. 2021, med 9.00 in 17.30 v Ljubljani. Nekateri deli dogodka bodo potekali v angle\u0161kem jeziku, kjer ne bo zagotovljenega prevajanja.\u00a0<\/span><\/p>\n<p>&nbsp;<\/p>\n<p><span style=\"font-weight: 400;\">Udele\u017eba na konferenci je brezpla\u010dna. Zaradi la\u017eje organizacije dogodka in omejenega \u0161tevila mest so obvezne prijave, ki jih zbiramo do 13. 6. 2021 preko <\/span><span style=\"color: #d60667;\"><strong><a style=\"color: #d60667;\" href=\"https:\/\/docs.google.com\/forms\/d\/e\/1FAIpQLSei8KgVUPfSHhycErnbVUMRqqvE5UVx26Q_hyD2VQnv9Cj_AQ\/viewform\">prijavnega obrazca<\/a><\/strong><\/span><span style=\"font-weight: 400;\">.\u00a0<\/span><\/p>\n<p>&nbsp;<\/p>\n<p><span style=\"font-weight: 400;\">Pri organizaciji dogodka bodo upo\u0161tevane vse smernice NIJZ za zagotavljanje varnosti udele\u017eenk_cev in gostij_ov. Za dodatne informacije smo na voljo na elektronskem naslovu <\/span><a href=\"mailto:vesna@ljubljanapride.org\"><span style=\"font-weight: 400;\"><strong><span style=\"color: #d60667;\">vesna@ljubljanapride.org<\/span><\/strong><\/span><\/a><span style=\"font-weight: 400;\">.\u00a0<\/span><\/p>\n<p>&nbsp;<\/p>\n<h4><strong>OKVIRNI PROGRAM KONFERENCE:\u00a0<\/strong><\/h4>\n<p><span style=\"font-weight: 400;\"><strong>9.00\u20139.30:<\/strong> Prihod in registracija<\/span><\/p>\n<p><span style=\"font-weight: 400;\"><strong>9.30\u20139.45:<\/strong> Uvodni nagovori<\/span><\/p>\n<p><span style=\"font-weight: 400;\"><strong>9.45\u201311.00:<\/strong> Predstavitev izsledkov raziskave Bivanjske razmere mladih LGBTIQ+ oseb v Sloveniji<\/span><\/p>\n<p><span style=\"font-weight: 400;\"><strong>11.00\u201311.15:<\/strong> Odmor<\/span><\/p>\n<p><span style=\"font-weight: 400;\"><strong>11.15\u201311.45:<\/strong> Predstavitev dobre prakse: FEANTSA (v angle\u0161\u010dini)<\/span><\/p>\n<p><span style=\"font-weight: 400;\"><strong>11.45\u201312.15:<\/strong> Predstavitev dobre prakse: True Colors United (v angle\u0161\u010dini)<\/span><\/p>\n<p><span style=\"font-weight: 400;\"><strong>12.15\u201313.00:<\/strong> Odmor<\/span><\/p>\n<p><span style=\"font-weight: 400;\"><strong>13.00\u201313.30:<\/strong> Predstavitev dobre prakse: Associazione Quore (v angle\u0161\u010dini)<\/span><\/p>\n<p><span style=\"font-weight: 400;\"><strong>13.30\u201314.00:<\/strong> Odmor in kosilo<\/span><\/p>\n<p><span style=\"font-weight: 400;\"><strong>14.00\u201315.30:<\/strong> Okrogla miza o mo\u017enostih in prilo\u017enostih za sistemsko naslavljanje stanovanjske izklju\u010denosti in brezdomnosti mladih LGBTIQ+ oseb v Sloveniji<\/span><\/p>\n<p><span style=\"font-weight: 400;\"><strong>15.30\u201315.45:<\/strong> Odmor in razdelitev v skupine<\/span><\/p>\n<p><span style=\"font-weight: 400;\"><strong>15.45\u201317.00:<\/strong> Delavnici v skupinah:<\/span><\/p>\n<ul>\n<li style=\"font-weight: 400;\" aria-level=\"1\"><span style=\"font-weight: 400;\">1. skupina: delavnica v izvedbi True Colors United: Specifike dela z brezdomnimi mladimi LGBTIQ+ osebami (v angle\u0161\u010dini)<\/span><\/li>\n<li style=\"font-weight: 400;\" aria-level=\"1\"><span style=\"font-weight: 400;\">2. skupina: Mo\u017enosti in prilo\u017enosti za vklju\u010devanje in podporo Programa Sqvot\u00a0<\/span><\/li>\n<\/ul>\n<p><span style=\"font-weight: 400;\"><strong>17.00\u201317.30:<\/strong> Zaklju\u010dek<\/span><\/p>\n<p>&nbsp;<\/p>\n<div>Organizatorji se bomo dr\u017eali trenutno veljavnih ukrepov za zajezitev epidemije. Skladno s tem bomo upo\u0161tevali PCT (preboleli, cepljeni, testirani) pravila. Vse obiskovalke_ce vljudno napro\u0161amo, da upo\u0161tevate veljavne predpise in nam pomagate narediti dogodek mavri\u010den in varen.<\/div>\n<p>&nbsp;<\/p>\n<p><span style=\"font-weight: 400;\">Izvedbo konference sofinancirata organizaciji ILGA-Europe in European Youth foundation<\/span><\/p>\n<p><img loading=\"lazy\" decoding=\"async\" class=\"alignnone wp-image-344\" src=\"http:\/\/ljubljanapride.org\/2021\/wp-content\/uploads\/2021\/05\/Logoti-ljubo-300x75.jpg\" alt=\"\" width=\"516\" height=\"129\" srcset=\"http:\/\/ljubljanapride.org\/2021\/wp-content\/uploads\/2021\/05\/Logoti-ljubo-300x75.jpg 300w, http:\/\/ljubljanapride.org\/2021\/wp-content\/uploads\/2021\/05\/Logoti-ljubo-1024x256.jpg 1024w, http:\/\/ljubljanapride.org\/2021\/wp-content\/uploads\/2021\/05\/Logoti-ljubo-768x192.jpg 768w, http:\/\/ljubljanapride.org\/2021\/wp-content\/uploads\/2021\/05\/Logoti-ljubo-1536x384.jpg 1536w, http:\/\/ljubljanapride.org\/2021\/wp-content\/uploads\/2021\/05\/Logoti-ljubo-2048x512.jpg 2048w\" sizes=\"auto, (max-width: 516px) 100vw, 516px\" \/><\/p>\n<\/div><\/div>","protected":false},"excerpt":{"rendered":"<p>Mednarodna konferenca: Ljubo doma? \u2013 Mednarodna konferenca o stanovanjski izklju\u010denosti in brezdomnosti mladih LGBTIQ+ oseb Organizira:\u00a0Dru\u0161tvo Parada ponosa Jezik: sloven\u0161\u010dina in angle\u0161\u010dina &nbsp; Dru\u0161tvo Parada ponosa vas v sodelovanju z organizacijami FEANTSA, True Colors United in Associazione Quore vabi na konferenco Ljubo doma? \u2013 Mednarodna konferenca o stanovanjski izklju\u010denosti in brezdomnosti mladih LGBTIQ+ oseb. Njen namen je predstaviti izsledke raziskave Bivanjske razmere mladih LGBTIQ+ oseb v Sloveniji ter predstaviti podro\u010dje stanovanjske izklju\u010denosti in brezdomnosti mladih LGBTIQ+ oseb skozi dobre prakse in izku\u0161nje na\u0161ih mednarodnih partnerjev.\u00a0 &nbsp; Konferenca bo potekala v sredo, 16. 6. 2021, med 9.00 in 17.30 v Ljubljani.[&#8230;]<\/p>\n","protected":false},"author":1,"featured_media":346,"template":"","meta":{"_tribe_events_status":"","_tribe_events_status_reason":"","footnotes":""},"tags":[],"tribe_events_cat":[],"class_list":["post-165","tribe_events","type-tribe_events","status-publish","has-post-thumbnail","hentry"],"_links":{"self":[{"href":"http:\/\/ljubljanapride.org\/2021\/wp-json\/wp\/v2\/tribe_events\/165","targetHints":{"allow":["GET"]}}],"collection":[{"href":"http:\/\/ljubljanapride.org\/2021\/wp-json\/wp\/v2\/tribe_events"}],"about":[{"href":"http:\/\/ljubljanapride.org\/2021\/wp-json\/wp\/v2\/types\/tribe_events"}],"author":[{"embeddable":true,"href":"http:\/\/ljubljanapride.org\/2021\/wp-json\/wp\/v2\/users\/1"}],"version-history":[{"count":7,"href":"http:\/\/ljubljanapride.org\/2021\/wp-json\/wp\/v2\/tribe_events\/165\/revisions"}],"predecessor-version":[{"id":364,"href":"http:\/\/ljubljanapride.org\/2021\/wp-json\/wp\/v2\/tribe_events\/165\/revisions\/364"}],"wp:featuredmedia":[{"embeddable":true,"href":"http:\/\/ljubljanapride.org\/2021\/wp-json\/wp\/v2\/media\/346"}],"wp:attachment":[{"href":"http:\/\/ljubljanapride.org\/2021\/wp-json\/wp\/v2\/media?parent=165"}],"wp:term":[{"taxonomy":"post_tag","embeddable":true,"href":"http:\/\/ljubljanapride.org\/2021\/wp-json\/wp\/v2\/tags?post=165"},{"taxonomy":"tribe_events_cat","embeddable":true,"href":"http:\/\/ljubljanapride.org\/2021\/wp-json\/wp\/v2\/tribe_events_cat?post=165"}],"curies":[{"name":"wp","href":"https:\/\/api.w.org\/{rel}","templated":true}]}}