{"id":53,"date":"2021-05-12T10:30:56","date_gmt":"2021-05-12T10:30:56","guid":{"rendered":"http:\/\/ljubljanapride.org\/2021\/?post_type=tribe_events&#038;p=53"},"modified":"2021-06-01T13:52:03","modified_gmt":"2021-06-01T11:52:03","slug":"razstava-barve-brezdomnosti","status":"publish","type":"tribe_events","link":"http:\/\/ljubljanapride.org\/2021\/event\/razstava-barve-brezdomnosti\/","title":{"rendered":"Razstava: Barve brezdomnosti"},"content":{"rendered":"<div id=\"dslc-theme-content\"><div id=\"dslc-theme-content-inner\"><p><span style=\"font-weight: 400;\"><strong>Organizirajo:<\/strong> <\/span><span style=\"font-weight: 400;\">Dru\u0161tvo Parada ponosa, Iniciativa za boj proti brezdomnosti LGBTIQ+ mladih, Mestna ob\u010dina Ljubljana<\/span><\/p>\n<p><span style=\"font-weight: 400;\"><strong>Jezik:<\/strong> sloven\u0161\u010dina<\/span><\/p>\n<p>&nbsp;<\/p>\n<p><span style=\"font-weight: 400;\">Razstava Barve brezdomnosti naslavlja pogosto spregledano, a vse bolj pere\u010do tematiko brezdomnosti in stanovanjske izklju\u010denosti LGBTIQ+ mladih.\u00a0<\/span><\/p>\n<p><span style=\"font-weight: 400;\">Razstavo sestavljata dva povezana vsebinska elementa. Prvi so infografike, ki na ustvarjalen in razumljiv na\u010din prikazujejo izsledke raziskave, ki jo je izvedlo Dru\u0161tvo Parada ponosa. Gre za prvo raziskavo na podro\u010dju brezdomnosti in stanovanjske izklju\u010denosti LGBTIQ+ mladih v Sloveniji. Vklju\u010duje tako izku\u0161nje mladih LGBTIQ+ oseb kot tudi organizacij, ki pokrivajo podro\u010dja LGBTIQ+ tematik in brezdomnosti.\u00a0<\/span><\/p>\n<p><span style=\"font-weight: 400;\">Drugi element razstave pa so umetni\u0161ka dela \u0161tirih mladih LGBTIQ+ oseb, ki na razli\u010dne na\u010dine prikazujejo svoje lastne izku\u0161nje z brezdomnostjo in stanovanjskimi stiskami. Skozi razli\u010dne umetni\u0161ke medije delijo svojo zgodbo in obiskovalki_cu pribli\u017eajo \u017eivljenjsko realnost obravnavane tematike.<\/span><\/p>\n<p>&nbsp;<\/p>\n<p>Organizatorji se bomo dr\u017eali trenutno veljavnih ukrepov za zajezitev epidemije. Skladno s tem bomo upo\u0161tevali PCT (preboleli, cepljeni, testirani) pravila. Vse obiskovalke_ce vljudno napro\u0161amo, da upo\u0161tevate veljavne predpise in nam pomagate narediti dogodek mavri\u010den in varen.<\/p>\n<\/div><\/div>","protected":false},"excerpt":{"rendered":"<p>Organizirajo: Dru\u0161tvo Parada ponosa, Iniciativa za boj proti brezdomnosti LGBTIQ+ mladih, Mestna ob\u010dina Ljubljana Jezik: sloven\u0161\u010dina &nbsp; Razstava Barve brezdomnosti naslavlja pogosto spregledano, a vse bolj pere\u010do tematiko brezdomnosti in stanovanjske izklju\u010denosti LGBTIQ+ mladih.\u00a0 Razstavo sestavljata dva povezana vsebinska elementa. Prvi so infografike, ki na ustvarjalen in razumljiv na\u010din prikazujejo izsledke raziskave, ki jo je izvedlo Dru\u0161tvo Parada ponosa. Gre za prvo raziskavo na podro\u010dju brezdomnosti in stanovanjske izklju\u010denosti LGBTIQ+ mladih v Sloveniji. Vklju\u010duje tako izku\u0161nje mladih LGBTIQ+ oseb kot tudi organizacij, ki pokrivajo podro\u010dja LGBTIQ+ tematik in brezdomnosti.\u00a0 Drugi element razstave pa so umetni\u0161ka dela \u0161tirih mladih LGBTIQ+ oseb,[&#8230;]<\/p>\n","protected":false},"author":1,"featured_media":113,"template":"","meta":{"_tribe_events_status":"","_tribe_events_status_reason":"","footnotes":""},"tags":[],"tribe_events_cat":[],"class_list":["post-53","tribe_events","type-tribe_events","status-publish","has-post-thumbnail","hentry"],"_links":{"self":[{"href":"http:\/\/ljubljanapride.org\/2021\/wp-json\/wp\/v2\/tribe_events\/53","targetHints":{"allow":["GET"]}}],"collection":[{"href":"http:\/\/ljubljanapride.org\/2021\/wp-json\/wp\/v2\/tribe_events"}],"about":[{"href":"http:\/\/ljubljanapride.org\/2021\/wp-json\/wp\/v2\/types\/tribe_events"}],"author":[{"embeddable":true,"href":"http:\/\/ljubljanapride.org\/2021\/wp-json\/wp\/v2\/users\/1"}],"version-history":[{"count":3,"href":"http:\/\/ljubljanapride.org\/2021\/wp-json\/wp\/v2\/tribe_events\/53\/revisions"}],"predecessor-version":[{"id":358,"href":"http:\/\/ljubljanapride.org\/2021\/wp-json\/wp\/v2\/tribe_events\/53\/revisions\/358"}],"wp:featuredmedia":[{"embeddable":true,"href":"http:\/\/ljubljanapride.org\/2021\/wp-json\/wp\/v2\/media\/113"}],"wp:attachment":[{"href":"http:\/\/ljubljanapride.org\/2021\/wp-json\/wp\/v2\/media?parent=53"}],"wp:term":[{"taxonomy":"post_tag","embeddable":true,"href":"http:\/\/ljubljanapride.org\/2021\/wp-json\/wp\/v2\/tags?post=53"},{"taxonomy":"tribe_events_cat","embeddable":true,"href":"http:\/\/ljubljanapride.org\/2021\/wp-json\/wp\/v2\/tribe_events_cat?post=53"}],"curies":[{"name":"wp","href":"https:\/\/api.w.org\/{rel}","templated":true}]}}