{"id":78,"date":"2021-05-12T13:52:11","date_gmt":"2021-05-12T13:52:11","guid":{"rendered":"http:\/\/ljubljanapride.org\/2021\/event\/strokovni-posvet-lgbtq-mladi-v-soli\/"},"modified":"2021-06-01T13:44:17","modified_gmt":"2021-06-01T11:44:17","slug":"strokovni-posvet-lgbtq-mladi-v-soli","status":"publish","type":"tribe_events","link":"http:\/\/ljubljanapride.org\/2021\/event\/strokovni-posvet-lgbtq-mladi-v-soli\/","title":{"rendered":"Strokovni posvet: LGBTQ+ mladi v \u0161oli"},"content":{"rendered":"<div id=\"dslc-theme-content\"><div id=\"dslc-theme-content-inner\"><p><span style=\"font-weight: 400;\"><strong>Organizirata:<\/strong> Dru\u0161tvo Parada ponosa in DIC Legebitra<\/span><\/p>\n<p><span style=\"font-weight: 400;\"><strong>Jezik: <\/strong>slovenski in angle\u0161ki jezik + tolma\u010denje v angle\u0161ki in slovenski jezik ter slovenski znakovni jezik<\/span><\/p>\n<p>&nbsp;<\/p>\n<p><span style=\"font-weight: 400;\">Strokovni posvet se bo osredoto\u010dil na podro\u010dje LGBTQ+ oseb in vsebin v \u0161olstvu in bo predstavil aktualno problematiko in vpra\u0161anja s podro\u010dja. Predstavljeni bodo rezultati nacionalne raziskave o stanju v \u0161olah z naslovom LGBT mladi \u2013 prebijmo molk v \u0161olah!, ki jo je leta 2019 izvedlo DIC Legebitra. Poleg tega bodo predstavljeni tudi projekti Dru\u0161tva Parada ponosa in DIC Legebitra, aktivnosti s podro\u010dja ter dobre prakse iz tujine in Slovenije za ustvarjanje bolj vklju\u010dujo\u010dega in varnej\u0161ega \u0161olskega prostora.<\/span><\/p>\n<p><span style=\"font-weight: 400;\">Na podro\u010dju \u0161olstva in LGBTQ+ tematik je bil dose\u017een kar precej\u0161en napredek. Glede na stanje in potrebe tako mladih kot izobra\u017eevalk_cev pa nas \u010daka \u0161e veliko dela. Za uspe\u0161ne nadaljnje korake si moramo prizadevati skupaj ter skozi sodelovanje odgovoriti na izzive in vedno pogostej\u0161e pritiske. Strokovni posvet tako predstavlja eno izmed odsko\u010dnih desk za poglobljeno delo na podro\u010dju varnej\u0161ega \u0161olskega okolja za LGBTQ+ mlade.<\/span><\/p>\n<p>&nbsp;<\/p>\n<p><span style=\"font-weight: 400;\">Dogodek bo potekal v prostorih Kina \u0160i\u0161ka (dvorana Komuna). Prostori so dostopni za osebe, ki uporabljajo vozi\u010dek ter uporabnice_ke slu\u0161nih aparatov. <\/span><span style=\"font-weight: 400;\">Na dogodku bo mogo\u010de dobiti tudi tiskano izdajo poro\u010dila ter priro\u010dnike obeh dru\u0161tev.<\/span><\/p>\n<p dir=\"ltr\">Dogodka se tako lahko udele\u017eite:<\/p>\n<ul>\n<li dir=\"ltr\">\n<p dir=\"ltr\">v fizi\u010dni obliki v Kinu \u0160i\u0161ka,<\/p>\n<\/li>\n<li dir=\"ltr\">\n<p dir=\"ltr\">preko platforme Zoom, kjer bo mo\u017enost interaktivnega sodelovanje,<\/p>\n<\/li>\n<\/ul>\n<p dir=\"ltr\">si ogledate posnetek, ki bo dostopen na socialnih omre\u017ejih v dneh po strokovnem posvetu.<\/p>\n<p><span style=\"font-weight: 400;\">\u00a0<\/span><\/p>\n<p dir=\"ltr\"><strong>Na dogodek so zaradi ukrepov Vlade Republike Slovenije za omejitev \u0161irjenja koronavirusa obvezne prijave. Obrazec za prijavo najdete <span style=\"color: #c02a69;\"><a style=\"color: #c02a69;\" href=\"https:\/\/docs.google.com\/forms\/d\/e\/1FAIpQLSd64yCBmoW3PMl7Ynprk07aF7cE0F8Pt72r6c3iletWFful9A\/viewform\" target=\"_blank\" rel=\"noopener\" data-saferedirecturl=\"https:\/\/www.google.com\/url?q=https:\/\/docs.google.com\/forms\/d\/e\/1FAIpQLSd64yCBmoW3PMl7Ynprk07aF7cE0F8Pt72r6c3iletWFful9A\/viewform&amp;source=gmail&amp;ust=1622209416915000&amp;usg=AFQjCNEJtX1HCkap9bwIE8amuI4ff7r_yA\">tukaj<\/a><\/span>. Prijave zbiramo do 10. 6. do polno\u010di.<\/strong><\/p>\n<p dir=\"ltr\">Posvet bo potekal v slovenskem in angle\u0161kem jeziku, omogo\u010deno pa bo tudi tolma\u010denje slovenskih delov v angle\u0161ki jezik in obratno ter tolma\u010denje celotnega strokovnega posveta v slovenski znakovni jezik.<\/p>\n<p dir=\"ltr\">Pri pripravah na dogodek sledimo vsem smernicam NIJZ za zagotavljanje varnosti.<\/p>\n<p>&nbsp;<\/p>\n<p dir=\"ltr\">Dogodek so podprili: program Erasmus +, Program ACF v Sloveniji 2014\u20132021, Renew Europe, Nem\u0161ko veleposlani\u0161tvo Ljubljana in Kino \u0160i\u0161ka.<br \/>\nDogodek je del <a href=\"http:\/\/ljubljanapride.org\/2021\/\" target=\"_blank\" rel=\"noopener\" data-saferedirecturl=\"https:\/\/www.google.com\/url?q=http:\/\/ljubljanapride.org\/2021\/&amp;source=gmail&amp;ust=1622209416916000&amp;usg=AFQjCNG974gCj9K2OCLO_q6HPxi6ZSddVA\">Festivala Parada ponosa 2021<\/a>, ki ga organizira Dru\u0161tvo Parada ponosa.<\/p>\n<p dir=\"ltr\">&#8212;<\/p>\n<p dir=\"ltr\">Delovanje ter programe in projekte Dru\u0161tva informacijski center Legebitra sofinancira: Fundacija financiranje invalidskih in humanitarnih organizacij v Republiki Sloveniji \u2013 FIHO. Stali\u0161\u010da organizacije ne izra\u017eajo stali\u0161\u010d FIHO.<\/p>\n<h4><\/h4>\n<h4><strong>Program posveta<\/strong><\/h4>\n<p><strong>\u00a0<\/strong><span style=\"font-weight: 400;\"><strong>9.00\u20139.30:<\/strong> Prihod in registracija<\/span><\/p>\n<p>&nbsp;<\/p>\n<p><strong>\u00a0<\/strong><span style=\"font-weight: 400;\"><strong>9.30\u201310.00:<\/strong> Uvod in nagovori<\/span><\/p>\n<p>&nbsp;<\/p>\n<p><span style=\"font-weight: 400;\"><strong>10.00\u201311.00:<\/strong> Predstavitev rezultatov nacionalne raziskave o stanju v \u0161olah iz leta 2019 z naslovom LGBT mladi \u2013 prebijmo molk v \u0161olah! (v slovenskem jeziku)<\/span><\/p>\n<p><span style=\"font-weight: 400;\">Predstavitev rezultatov raziskave in zaklju\u010dnih ugotovitev. V raziskavi je sodelovalo ve\u010d kot 600 mladih LGBT+ oseb, ki so vklju\u010dene v izobra\u017eevalni proces, iz vseh statisti\u010dnih regij v Sloveniji. Med drugim je raziskava pokazala, da se 34,8 % vpra\u0161anih ne po\u010duti varno v \u0161oli zaradi svoje spolne usmerjenosti in 26,4 % zaradi svojega spolnega izraza. Raziskava poro\u010da o visokem odstotku LGBTIQ+ oseb, ki so v \u0161oli do\u017eivele verbalno, fizi\u010dno in druge oblike nasilja tako na podlagi spolne usmerjenosti kot tudi spolne identitete, spolnega izraza ali kak\u0161ne druge manj\u0161inske okoli\u0161\u010dine.<\/span><\/p>\n<p><span style=\"font-weight: 400;\">\u00a0<\/span><\/p>\n<p><span style=\"font-weight: 400;\"><strong>11.00\u201311.30:<\/strong> Kava s predstavitvijo na\u0161ih vsebin (v slovenskem jeziku)<\/span><\/p>\n<p><span style=\"font-weight: 400;\">Predstavitev usposabljanj in izobra\u017eevalnih gradiv ter priro\u010dnikov dru\u0161tev za izvajanje izobra\u017eevalnih aktivnosti z mladimi. Predstavitev novonastajajo\u010de Mre\u017ee vklju\u010dujo\u010dih \u0161ol, katere namen je promocija in implementacija \u010dlovekovih pravic ter boj proti neenakost in diskriminaciji v \u0161olskem prostoru.<\/span><\/p>\n<p><span style=\"font-weight: 400;\">\u00a0<\/span><\/p>\n<p><span style=\"font-weight: 400;\"><strong>11.30\u201312.00:<\/strong> Predstavitev projekta SAFER (v slovenskem in angle\u0161kem jeziku)<\/span><\/p>\n<p><span style=\"font-weight: 400;\">Predstavitev projekta SAFER (Schools Act For Equal Rights), ki se osredoto\u010da na boj proti diskriminaciji in za enake mo\u017enost v \u0161olskem okolju z namenom ustvarjanja (bolj) vklju\u010dujo\u010dega in varnej\u0161ega okolja za mlade.<\/span><\/p>\n<p>&nbsp;<\/p>\n<p><span style=\"font-weight: 400;\"><strong>12.00\u201312.30:<\/strong> Predstavitev priporo\u010dil in dobrih praks (v slovenskem in angle\u0161kem jeziku)<\/span><\/p>\n<p><span style=\"font-weight: 400;\">Predstavitev priporo\u010dil, zbranih na podlagi raziskav in na\u0161ih izku\u0161enj, ter predstavitev dobrih praks iz tujine in Slovenije. Z doma\u010dimi in mednarodnimi gostjami_i bomo pogledale_i situacijo v Sloveniji in drugod ter pogledale_i na situacije \u0161e z drugih perspektiv \u2013 dobrih praks.<\/span><\/p>\n<p><span style=\"font-weight: 400;\">\u00a0<\/span><\/p>\n<p><span style=\"font-weight: 400;\"><strong>12.30\u201312.45:<\/strong> Odmor<\/span><\/p>\n<p><span style=\"font-weight: 400;\">\u00a0<\/span><\/p>\n<p><span style=\"font-weight: 400;\"><strong>12.45\u201313.30:<\/strong> Diskusija (v slovenskem jeziku)<\/span><\/p>\n<p><span style=\"font-weight: 400;\">Z gostjami_i bomo spregovorile_i o tem, kako se soo\u010diti s politi\u010dnimi, medijskimi in civilno-dru\u017ebenimi pritiski ter stigmatizacijo zaradi tako imenovane ideologizacije \u0161ol ter z napadi na prisotnost LGBTQ+ vsebin v \u0161olskem prostoru.<\/span><\/p>\n<p><span style=\"font-weight: 400;\">Imena sogovornic_kov bomo objavile_i naknadno.<\/span><\/p>\n<p><span style=\"font-weight: 400;\">\u00a0<\/span><\/p>\n<p><span style=\"font-weight: 400;\"><strong>13.30\u201314.00:<\/strong> Zaklju\u010dek in kosilo<\/span><\/p>\n<p>&nbsp;<\/p>\n<div>Organizatorji se bomo dr\u017eali trenutno veljavnih ukrepov za zajezitev epidemije. Skladno s tem bomo upo\u0161tevali PCT (preboleli, cepljeni, testirani) pravila. Vse obiskovalke_ce vljudno napro\u0161amo, da upo\u0161tevate veljavne predpise in nam pomagate narediti dogodek mavri\u010den in varen.<\/div>\n<p>&nbsp;<\/p>\n<p><img loading=\"lazy\" decoding=\"async\" class=\"alignnone wp-image-277\" src=\"http:\/\/ljubljanapride.org\/2021\/wp-content\/uploads\/2021\/05\/logoti-posvet-01-300x63.png\" alt=\"\" width=\"624\" height=\"131\" srcset=\"http:\/\/ljubljanapride.org\/2021\/wp-content\/uploads\/2021\/05\/logoti-posvet-01-300x63.png 300w, http:\/\/ljubljanapride.org\/2021\/wp-content\/uploads\/2021\/05\/logoti-posvet-01-1024x215.png 1024w, http:\/\/ljubljanapride.org\/2021\/wp-content\/uploads\/2021\/05\/logoti-posvet-01-768x162.png 768w, http:\/\/ljubljanapride.org\/2021\/wp-content\/uploads\/2021\/05\/logoti-posvet-01-1536x323.png 1536w, http:\/\/ljubljanapride.org\/2021\/wp-content\/uploads\/2021\/05\/logoti-posvet-01-2048x431.png 2048w\" sizes=\"auto, (max-width: 624px) 100vw, 624px\" \/><\/p>\n<\/div><\/div>","protected":false},"excerpt":{"rendered":"<p>Organizirata: Dru\u0161tvo Parada ponosa in DIC Legebitra Jezik: slovenski in angle\u0161ki jezik + tolma\u010denje v angle\u0161ki in slovenski jezik ter slovenski znakovni jezik &nbsp; Strokovni posvet se bo osredoto\u010dil na podro\u010dje LGBTQ+ oseb in vsebin v \u0161olstvu in bo predstavil aktualno problematiko in vpra\u0161anja s podro\u010dja. Predstavljeni bodo rezultati nacionalne raziskave o stanju v \u0161olah z naslovom LGBT mladi \u2013 prebijmo molk v \u0161olah!, ki jo je leta 2019 izvedlo DIC Legebitra. Poleg tega bodo predstavljeni tudi projekti Dru\u0161tva Parada ponosa in DIC Legebitra, aktivnosti s podro\u010dja ter dobre prakse iz tujine in Slovenije za ustvarjanje bolj vklju\u010dujo\u010dega in varnej\u0161ega[&#8230;]<\/p>\n","protected":false},"author":1,"featured_media":279,"template":"","meta":{"_tribe_events_status":"","_tribe_events_status_reason":"","footnotes":""},"tags":[],"tribe_events_cat":[],"class_list":["post-78","tribe_events","type-tribe_events","status-publish","has-post-thumbnail","hentry"],"_links":{"self":[{"href":"http:\/\/ljubljanapride.org\/2021\/wp-json\/wp\/v2\/tribe_events\/78","targetHints":{"allow":["GET"]}}],"collection":[{"href":"http:\/\/ljubljanapride.org\/2021\/wp-json\/wp\/v2\/tribe_events"}],"about":[{"href":"http:\/\/ljubljanapride.org\/2021\/wp-json\/wp\/v2\/types\/tribe_events"}],"author":[{"embeddable":true,"href":"http:\/\/ljubljanapride.org\/2021\/wp-json\/wp\/v2\/users\/1"}],"version-history":[{"count":7,"href":"http:\/\/ljubljanapride.org\/2021\/wp-json\/wp\/v2\/tribe_events\/78\/revisions"}],"predecessor-version":[{"id":340,"href":"http:\/\/ljubljanapride.org\/2021\/wp-json\/wp\/v2\/tribe_events\/78\/revisions\/340"}],"wp:featuredmedia":[{"embeddable":true,"href":"http:\/\/ljubljanapride.org\/2021\/wp-json\/wp\/v2\/media\/279"}],"wp:attachment":[{"href":"http:\/\/ljubljanapride.org\/2021\/wp-json\/wp\/v2\/media?parent=78"}],"wp:term":[{"taxonomy":"post_tag","embeddable":true,"href":"http:\/\/ljubljanapride.org\/2021\/wp-json\/wp\/v2\/tags?post=78"},{"taxonomy":"tribe_events_cat","embeddable":true,"href":"http:\/\/ljubljanapride.org\/2021\/wp-json\/wp\/v2\/tribe_events_cat?post=78"}],"curies":[{"name":"wp","href":"https:\/\/api.w.org\/{rel}","templated":true}]}}