{"id":93,"date":"2021-05-21T15:46:12","date_gmt":"2021-05-21T13:46:12","guid":{"rendered":"http:\/\/ljubljanapride.org\/2021\/?post_type=tribe_events&#038;p=93"},"modified":"2021-06-01T13:52:10","modified_gmt":"2021-06-01T11:52:10","slug":"delavnica-izdelovanja-transparentov-in-znack-transparent-drugi-del","status":"publish","type":"tribe_events","link":"http:\/\/ljubljanapride.org\/2021\/event\/delavnica-izdelovanja-transparentov-in-znack-transparent-drugi-del\/","title":{"rendered":"Delavnica izdelovanja transparentov in zna\u010dk: TRANSparent, drugi del"},"content":{"rendered":"<div id=\"dslc-theme-content\"><div id=\"dslc-theme-content-inner\"><p><strong>Organizirata:<\/strong> Dru\u0161tvo Parada ponosa in Dru\u0161tvo Kvartir<\/p>\n<p><strong>Jezik:<\/strong> angle\u0161\u010dina<\/p>\n<p>&nbsp;<\/p>\n<p><span style=\"font-weight: 400;\">Parada povezuje in Dru\u0161tvo Kvartir soorganizirata dogodek TRANSparent, drugi del: delavnica izdelovanja transparentov in zna\u010dk.<\/span><\/p>\n<p><span style=\"font-weight: 400;\">Med iniciativami, s katerimi Dru\u0161tvo Parada ponosa sodeluje v okviru leto\u0161njega Festivala Parada ponosa, je tudi Transpozij_um, vsakoletno sre\u010danje transspolne in interspolne skupnosti z Balkana, ki ga letos organizira trans sekcija Dru\u0161tva Kvartir, TransKvartir. V podporo njihovemu delu, in da zagotovimo svojo opremljenost za skupno protestiranje na Paradi ponosa, ki se ji letos pridru\u017euje tudi Balkanski trans inter mar\u0161,\u00a0 Parada povezuje in Dru\u0161tvo Kvartir pripravljata \u00bbdrop-in\u00ab delavnico, na kateri bomo izdelovale_i transparente, protestne pripomo\u010dke in zna\u010dke s poudarkom na trans vsebinah. Hkrati bo dogodek tudi prilo\u017enost, da spoznate prostovoljke_ce, ki se nam bodo iz tujine in vsepovsod po Sloveniji pridru\u017eile_i, da v okviru programa Evropska solidarnostna enota pomagajo pri organizaciji Festivala Parada ponosa. Skupaj jim bomo lahko predstavile_i lokalno kvir in trans skupnost!<\/span><\/p>\n<p><span style=\"font-weight: 400;\">Materiale, ki bodo izdelani na delavnici, bomo uporabile_i na Balkanskem trans inter mar\u0161u ter za zbiranje sredstev za Festival Parada ponosa.<\/span><\/p>\n<p><span style=\"font-weight: 400;\">Dogodek je namenjen transspolnim osebam in zaveznicam_kom, odvil pa se bo v \u017eivo pred klubom Monokel na Metelkovi. Za prijavo prosim po\u0161ljite sporo\u010dilo na <\/span><a href=\"mailto:asja@ljubljanapride.org\"><span style=\"font-weight: 400;\">asja@ljubljanapride.org<\/span><\/a><span style=\"font-weight: 400;\">.\u00a0<\/span><\/p>\n<p>&nbsp;<\/p>\n<p>Organizatorji se bomo dr\u017eali trenutno veljavnih ukrepov za zajezitev epidemije. Skladno s tem bomo upo\u0161tevali PCT (preboleli, cepljeni, testirani) pravila. Vse obiskovalke_ce vljudno napro\u0161amo, da upo\u0161tevate veljavne predpise in nam pomagate narediti dogodek mavri\u010den in varen.<\/p>\n<\/div><\/div>","protected":false},"excerpt":{"rendered":"<p>Organizirata: Dru\u0161tvo Parada ponosa in Dru\u0161tvo Kvartir Jezik: angle\u0161\u010dina &nbsp; Parada povezuje in Dru\u0161tvo Kvartir soorganizirata dogodek TRANSparent, drugi del: delavnica izdelovanja transparentov in zna\u010dk. Med iniciativami, s katerimi Dru\u0161tvo Parada ponosa sodeluje v okviru leto\u0161njega Festivala Parada ponosa, je tudi Transpozij_um, vsakoletno sre\u010danje transspolne in interspolne skupnosti z Balkana, ki ga letos organizira trans sekcija Dru\u0161tva Kvartir, TransKvartir. V podporo njihovemu delu, in da zagotovimo svojo opremljenost za skupno protestiranje na Paradi ponosa, ki se ji letos pridru\u017euje tudi Balkanski trans inter mar\u0161,\u00a0 Parada povezuje in Dru\u0161tvo Kvartir pripravljata \u00bbdrop-in\u00ab delavnico, na kateri bomo izdelovale_i transparente, protestne pripomo\u010dke in[&#8230;]<\/p>\n","protected":false},"author":1,"featured_media":130,"template":"","meta":{"_tribe_events_status":"","_tribe_events_status_reason":"","footnotes":""},"tags":[],"tribe_events_cat":[],"class_list":["post-93","tribe_events","type-tribe_events","status-publish","has-post-thumbnail","hentry"],"_links":{"self":[{"href":"http:\/\/ljubljanapride.org\/2021\/wp-json\/wp\/v2\/tribe_events\/93","targetHints":{"allow":["GET"]}}],"collection":[{"href":"http:\/\/ljubljanapride.org\/2021\/wp-json\/wp\/v2\/tribe_events"}],"about":[{"href":"http:\/\/ljubljanapride.org\/2021\/wp-json\/wp\/v2\/types\/tribe_events"}],"author":[{"embeddable":true,"href":"http:\/\/ljubljanapride.org\/2021\/wp-json\/wp\/v2\/users\/1"}],"version-history":[{"count":4,"href":"http:\/\/ljubljanapride.org\/2021\/wp-json\/wp\/v2\/tribe_events\/93\/revisions"}],"predecessor-version":[{"id":359,"href":"http:\/\/ljubljanapride.org\/2021\/wp-json\/wp\/v2\/tribe_events\/93\/revisions\/359"}],"wp:featuredmedia":[{"embeddable":true,"href":"http:\/\/ljubljanapride.org\/2021\/wp-json\/wp\/v2\/media\/130"}],"wp:attachment":[{"href":"http:\/\/ljubljanapride.org\/2021\/wp-json\/wp\/v2\/media?parent=93"}],"wp:term":[{"taxonomy":"post_tag","embeddable":true,"href":"http:\/\/ljubljanapride.org\/2021\/wp-json\/wp\/v2\/tags?post=93"},{"taxonomy":"tribe_events_cat","embeddable":true,"href":"http:\/\/ljubljanapride.org\/2021\/wp-json\/wp\/v2\/tribe_events_cat?post=93"}],"curies":[{"name":"wp","href":"https:\/\/api.w.org\/{rel}","templated":true}]}}