{"id":6512,"date":"2022-05-10T12:59:09","date_gmt":"2022-05-10T11:59:09","guid":{"rendered":"https:\/\/ljubljanapride.org\/2022\/?page_id=6512"},"modified":"2022-05-10T13:11:00","modified_gmt":"2022-05-10T12:11:00","slug":"tiskovna-konferenca","status":"publish","type":"page","link":"https:\/\/ljubljanapride.org\/2022\/tiskovna-konferenca\/","title":{"rendered":"Tiskovna konferenca"},"content":{"rendered":"\n[et_pb_section fb_built=&#8221;1&#8243; _builder_version=&#8221;4.14.8&#8243; _module_preset=&#8221;default&#8221; background_color=&#8221;#FFFFFF&#8221; global_colors_info=&#8221;{}&#8221; theme_builder_area=&#8221;post_content&#8221;][et_pb_row column_structure=&#8221;1_2,1_2&#8243; _builder_version=&#8221;4.14.8&#8243; _module_preset=&#8221;default&#8221; custom_padding=&#8221;0px||0px||false|false&#8221; global_colors_info=&#8221;{}&#8221; theme_builder_area=&#8221;post_content&#8221;][et_pb_column type=&#8221;1_2&#8243; _builder_version=&#8221;4.14.8&#8243; _module_preset=&#8221;default&#8221; global_colors_info=&#8221;{}&#8221; theme_builder_area=&#8221;post_content&#8221;][et_pb_text _builder_version=&#8221;4.14.8&#8243; _module_preset=&#8221;default&#8221; link_font=&#8221;bigjohn||||on|||#c02a69|&#8221; link_text_color=&#8221;#c02a69&#8243; link_font_size=&#8221;16px&#8221; global_colors_info=&#8221;{}&#8221; theme_builder_area=&#8221;post_content&#8221;]<p><a href=\"\/\">\u2190Prej\u0161nji dogodek<\/a><\/p>[\/et_pb_text][\/et_pb_column][et_pb_column type=&#8221;1_2&#8243; _builder_version=&#8221;4.14.8&#8243; _module_preset=&#8221;default&#8221; global_colors_info=&#8221;{}&#8221; theme_builder_area=&#8221;post_content&#8221;][et_pb_text _builder_version=&#8221;4.14.8&#8243; _module_preset=&#8221;default&#8221; link_font=&#8221;bigjohn||||on|||#c02a69|&#8221; link_text_color=&#8221;#c02a69&#8243; link_font_size=&#8221;16px&#8221; hover_enabled=&#8221;0&#8243; global_colors_info=&#8221;{}&#8221; theme_builder_area=&#8221;post_content&#8221; sticky_enabled=&#8221;0&#8243;]<p style=\"text-align: right;\"><a href=\"https:\/\/ljubljanapride.org\/2022\/sqvot-dnevna-pred-monoklom\/\">Naslednji dogodek \u2192<\/a><\/p>[\/et_pb_text][\/et_pb_column][\/et_pb_row][et_pb_row _builder_version=&#8221;4.14.8&#8243; _module_preset=&#8221;default&#8221; global_colors_info=&#8221;{}&#8221; theme_builder_area=&#8221;post_content&#8221;][et_pb_column type=&#8221;4_4&#8243; _builder_version=&#8221;4.14.8&#8243; _module_preset=&#8221;default&#8221; global_colors_info=&#8221;{}&#8221; theme_builder_area=&#8221;post_content&#8221;][et_pb_image src=&#8221;https:\/\/ljubljanapride.org\/2022\/wp-content\/uploads\/2022\/05\/Tiskovna_fb-event-1-scaled.jpg&#8221; title_text=&#8221;Tiskovna_fb event&#8221; _builder_version=&#8221;4.14.8&#8243; _module_preset=&#8221;default&#8221; hover_enabled=&#8221;0&#8243; box_shadow_style=&#8221;preset1&#8243; global_colors_info=&#8221;{}&#8221; theme_builder_area=&#8221;post_content&#8221; sticky_enabled=&#8221;0&#8243;][\/et_pb_image][\/et_pb_column][\/et_pb_row][et_pb_row _builder_version=&#8221;4.14.8&#8243; _module_preset=&#8221;default&#8221; global_colors_info=&#8221;{}&#8221; theme_builder_area=&#8221;post_content&#8221;][et_pb_column type=&#8221;4_4&#8243; _builder_version=&#8221;4.14.8&#8243; _module_preset=&#8221;default&#8221; global_colors_info=&#8221;{}&#8221; theme_builder_area=&#8221;post_content&#8221;][et_pb_text _builder_version=&#8221;4.14.8&#8243; _module_preset=&#8221;default&#8221; header_3_font=&#8221;bigjohn||||||||&#8221; hover_enabled=&#8221;0&#8243; border_width_bottom=&#8221;4px&#8221; border_color_bottom=&#8221;#c02a69&#8243; global_colors_info=&#8221;{}&#8221; theme_builder_area=&#8221;post_content&#8221; sticky_enabled=&#8221;0&#8243;]<h1 style=\"text-align: center;\">TISKOVNA KONFERENCA<\/h1>\n<h3 style=\"text-align: center;\">Predstavitev Festivala Parada ponosa 2022<\/h3>[\/et_pb_text][\/et_pb_column][\/et_pb_row][et_pb_row column_structure=&#8221;1_2,1_2&#8243; _builder_version=&#8221;4.14.8&#8243; _module_preset=&#8221;default&#8221; global_colors_info=&#8221;{}&#8221; theme_builder_area=&#8221;post_content&#8221;][et_pb_column type=&#8221;1_2&#8243; _builder_version=&#8221;4.14.8&#8243; _module_preset=&#8221;default&#8221; global_colors_info=&#8221;{}&#8221; theme_builder_area=&#8221;post_content&#8221;][et_pb_blurb title=&#8221;30. 5. 2022 ob 11:00-12:00&#8243; use_icon=&#8221;on&#8221; font_icon=&#8221;&#xf017;||fa||900&#8243; icon_color=&#8221;#c02a69&#8243; image_icon_width=&#8221;55px&#8221; _builder_version=&#8221;4.14.8&#8243; _module_preset=&#8221;default&#8221; header_font=&#8221;bigjohn||||||||&#8221; header_text_align=&#8221;center&#8221; hover_enabled=&#8221;0&#8243; global_colors_info=&#8221;{}&#8221; theme_builder_area=&#8221;post_content&#8221; sticky_enabled=&#8221;0&#8243;][\/et_pb_blurb][\/et_pb_column][et_pb_column type=&#8221;1_2&#8243; _builder_version=&#8221;4.14.8&#8243; _module_preset=&#8221;default&#8221; global_colors_info=&#8221;{}&#8221; theme_builder_area=&#8221;post_content&#8221;][et_pb_blurb title=&#8221;Pritli\u010dje (Mestni trg 2, Ljubljana)&#8221; use_icon=&#8221;on&#8221; font_icon=&#8221;&#xf3c5;||fa||900&#8243; icon_color=&#8221;#c02a69&#8243; image_icon_width=&#8221;55px&#8221; _builder_version=&#8221;4.14.8&#8243; _module_preset=&#8221;default&#8221; header_font=&#8221;bigjohn||||||||&#8221; header_text_align=&#8221;center&#8221; hover_enabled=&#8221;0&#8243; global_colors_info=&#8221;{}&#8221; theme_builder_area=&#8221;post_content&#8221; sticky_enabled=&#8221;0&#8243;][\/et_pb_blurb][\/et_pb_column][\/et_pb_row][et_pb_row _builder_version=&#8221;4.14.8&#8243; _module_preset=&#8221;default&#8221; global_colors_info=&#8221;{}&#8221; theme_builder_area=&#8221;post_content&#8221;][et_pb_column type=&#8221;4_4&#8243; _builder_version=&#8221;4.14.8&#8243; _module_preset=&#8221;default&#8221; global_colors_info=&#8221;{}&#8221; theme_builder_area=&#8221;post_content&#8221;][et_pb_text _builder_version=&#8221;4.14.8&#8243; _module_preset=&#8221;default&#8221; text_font_size=&#8221;16px&#8221; hover_enabled=&#8221;0&#8243; global_colors_info=&#8221;{}&#8221; theme_builder_area=&#8221;post_content&#8221; sticky_enabled=&#8221;0&#8243;]<p style=\"text-align: center;\">Dogodek bo potekal v sloven\u0161\u010dini.<\/p>\n<p style=\"text-align: justify;\">Na tiskovni konferenci bomo predstavile_i politi\u010dno sporo\u010dilo ter program Festivala Parada ponosa 2022. Za nami je burno obdobje boja za demokracijo in nedavna sprememba sestave vlade, ki so jo prinesle te\u017eko pri\u010dakovane parlamentarne volitve v Sloveniji. Zadnji dve leti smo se borile_i proti virusu, ki je spremenil na\u0161a \u017eivljenja, ter proti vedno ve\u010djih posegih desni\u010darske vlade v na\u0161o svobodo. Boj je bil te\u017eek, na trenutke surov, v oblaku solzivca in zlorabljene mo\u010di. Nazadnje smo volitve do\u010dakale_i, se jih udele\u017eile_i v rekordnem \u0161tevilu in jasno izrazile_i, kak\u0161ne vrste vladanja si ne \u017eelimo. Dru\u0161tvo Parada ponosa je med svojo kampanjo za mobilizacijo mavri\u010dnih volilk_cev raziskovalo, kako volitve do\u017eivlja skupnost, kaj potrebuje od nove vlade, kdo so na\u0161e_i zaveznice_ki, kako biti skupen boj in kako se stranke opredeljujejo do LGBTIQ+ vpra\u0161anj. Vsaki\u010d znova smo spoznale_i, da so klju\u010dni povezovanje in \u0161tevil\u010dna mobilizacija ter jasna zahteva po konkretnih odgovorih.<\/p>\n<p style=\"text-align: justify;\">Na\u0161a zavezni\u0161tva so oblikovana in na\u0161 boj se nadaljuje tudi po volitvah. Zato je Festival Parada ponosa 2022 navdahnjen s predvolilnim gibanjem, mo\u010djo civilne dru\u017ebe, vidnimi spremembami politike, aktivno solidarnostjo ter z motivacijo na\u0161e skupnosti, da si ustvari bolj\u0161o prihodnost. Na festivalu naslavljamo teme povezovanja lokalnih LGBTIQ+ skupnosti ter potreb LGBTIQ+ oseb iz ruralnega okolja, vpliva lokalnih ter nacionalnih volitev na na\u0161e pravice, solidarnosti do LGBTIQ+ begunk_cev iz Ukrajine, stanovanjske izklju\u010denosti LGBTIQ+ oseb, svobode izra\u017eanja in \u0161e veliko drugega. Tradicionalno bo politi\u010dno-aktivisti\u010dni program pospremilo pestro dogajanje v LGBTIQ+ kulturi in umetnosti.<\/p>\n<p style=\"text-align: center;\">\u200b<\/p>[\/et_pb_text][\/et_pb_column][\/et_pb_row][\/et_pb_section]\n","protected":false},"excerpt":{"rendered":"<p>\u2190Prej\u0161nji dogodekNaslednji dogodek \u2192TISKOVNA KONFERENCA Predstavitev Festivala Parada ponosa 2022Dogodek bo potekal v sloven\u0161\u010dini. Na tiskovni konferenci bomo predstavile_i politi\u010dno sporo\u010dilo ter program Festivala Parada ponosa 2022. Za nami je [&hellip;]<\/p>\n","protected":false},"author":1,"featured_media":6517,"parent":0,"menu_order":0,"comment_status":"closed","ping_status":"closed","template":"","meta":{"_et_pb_use_builder":"on","_et_pb_old_content":"","_et_gb_content_width":""},"yoast_head":"<!-- This site is optimized with the Yoast SEO plugin v20.3 - https:\/\/yoast.com\/wordpress\/plugins\/seo\/ -->\n<title>Tiskovna konferenca - Ljubljana Pride 2022<\/title>\n<meta name=\"robots\" content=\"index, follow, max-snippet:-1, max-image-preview:large, max-video-preview:-1\" \/>\n<link rel=\"canonical\" href=\"https:\/\/ljubljanapride.org\/2022\/tiskovna-konferenca\/\" \/>\n<meta property=\"og:locale\" content=\"sl_SI\" \/>\n<meta property=\"og:type\" content=\"article\" \/>\n<meta property=\"og:title\" content=\"Tiskovna konferenca - Ljubljana Pride 2022\" \/>\n<meta property=\"og:description\" content=\"\u2190Prej\u0161nji dogodekNaslednji dogodek \u2192TISKOVNA KONFERENCA Predstavitev Festivala Parada ponosa 2022Dogodek bo potekal v sloven\u0161\u010dini. Na tiskovni konferenci bomo predstavile_i politi\u010dno sporo\u010dilo ter program Festivala Parada ponosa 2022. Za nami je [&hellip;]\" \/>\n<meta property=\"og:url\" content=\"https:\/\/ljubljanapride.org\/2022\/tiskovna-konferenca\/\" \/>\n<meta property=\"og:site_name\" content=\"Ljubljana Pride 2022\" \/>\n<meta property=\"article:modified_time\" content=\"2022-05-10T12:11:00+00:00\" \/>\n<meta property=\"og:image\" content=\"https:\/\/ljubljanapride.org\/2022\/wp-content\/uploads\/2022\/05\/Tiskovna_fb-event-1-scaled.jpg\" \/>\n\t<meta property=\"og:image:width\" content=\"2560\" \/>\n\t<meta property=\"og:image:height\" content=\"1340\" \/>\n\t<meta property=\"og:image:type\" content=\"image\/jpeg\" \/>\n<meta name=\"twitter:card\" content=\"summary_large_image\" \/>\n<meta name=\"twitter:label1\" content=\"Est. reading time\" \/>\n\t<meta name=\"twitter:data1\" content=\"3 minute\" \/>\n<script type=\"application\/ld+json\" class=\"yoast-schema-graph\">{\"@context\":\"https:\/\/schema.org\",\"@graph\":[{\"@type\":\"WebPage\",\"@id\":\"https:\/\/ljubljanapride.org\/2022\/tiskovna-konferenca\/\",\"url\":\"https:\/\/ljubljanapride.org\/2022\/tiskovna-konferenca\/\",\"name\":\"Tiskovna konferenca - Ljubljana Pride 2022\",\"isPartOf\":{\"@id\":\"https:\/\/ljubljanapride.org\/2022\/#website\"},\"datePublished\":\"2022-05-10T11:59:09+00:00\",\"dateModified\":\"2022-05-10T12:11:00+00:00\",\"breadcrumb\":{\"@id\":\"https:\/\/ljubljanapride.org\/2022\/tiskovna-konferenca\/#breadcrumb\"},\"inLanguage\":\"sl-SI\",\"potentialAction\":[{\"@type\":\"ReadAction\",\"target\":[\"https:\/\/ljubljanapride.org\/2022\/tiskovna-konferenca\/\"]}]},{\"@type\":\"BreadcrumbList\",\"@id\":\"https:\/\/ljubljanapride.org\/2022\/tiskovna-konferenca\/#breadcrumb\",\"itemListElement\":[{\"@type\":\"ListItem\",\"position\":1,\"name\":\"Home\",\"item\":\"https:\/\/ljubljanapride.org\/2022\/\"},{\"@type\":\"ListItem\",\"position\":2,\"name\":\"Tiskovna konferenca\"}]},{\"@type\":\"WebSite\",\"@id\":\"https:\/\/ljubljanapride.org\/2022\/#website\",\"url\":\"https:\/\/ljubljanapride.org\/2022\/\",\"name\":\"Ljubljana Pride 2022\",\"description\":\"\u010cas je za mavri\u010dni glas\",\"potentialAction\":[{\"@type\":\"SearchAction\",\"target\":{\"@type\":\"EntryPoint\",\"urlTemplate\":\"https:\/\/ljubljanapride.org\/2022\/?s={search_term_string}\"},\"query-input\":\"required name=search_term_string\"}],\"inLanguage\":\"sl-SI\"}]}<\/script>\n<!-- \/ Yoast SEO plugin. -->","yoast_head_json":{"title":"Tiskovna konferenca - Ljubljana Pride 2022","robots":{"index":"index","follow":"follow","max-snippet":"max-snippet:-1","max-image-preview":"max-image-preview:large","max-video-preview":"max-video-preview:-1"},"canonical":"https:\/\/ljubljanapride.org\/2022\/tiskovna-konferenca\/","og_locale":"sl_SI","og_type":"article","og_title":"Tiskovna konferenca - Ljubljana Pride 2022","og_description":"\u2190Prej\u0161nji dogodekNaslednji dogodek \u2192TISKOVNA KONFERENCA Predstavitev Festivala Parada ponosa 2022Dogodek bo potekal v sloven\u0161\u010dini. Na tiskovni konferenci bomo predstavile_i politi\u010dno sporo\u010dilo ter program Festivala Parada ponosa 2022. Za nami je [&hellip;]","og_url":"https:\/\/ljubljanapride.org\/2022\/tiskovna-konferenca\/","og_site_name":"Ljubljana Pride 2022","article_modified_time":"2022-05-10T12:11:00+00:00","og_image":[{"width":2560,"height":1340,"url":"https:\/\/ljubljanapride.org\/2022\/wp-content\/uploads\/2022\/05\/Tiskovna_fb-event-1-scaled.jpg","type":"image\/jpeg"}],"twitter_card":"summary_large_image","twitter_misc":{"Est. reading time":"3 minute"},"schema":{"@context":"https:\/\/schema.org","@graph":[{"@type":"WebPage","@id":"https:\/\/ljubljanapride.org\/2022\/tiskovna-konferenca\/","url":"https:\/\/ljubljanapride.org\/2022\/tiskovna-konferenca\/","name":"Tiskovna konferenca - Ljubljana Pride 2022","isPartOf":{"@id":"https:\/\/ljubljanapride.org\/2022\/#website"},"datePublished":"2022-05-10T11:59:09+00:00","dateModified":"2022-05-10T12:11:00+00:00","breadcrumb":{"@id":"https:\/\/ljubljanapride.org\/2022\/tiskovna-konferenca\/#breadcrumb"},"inLanguage":"sl-SI","potentialAction":[{"@type":"ReadAction","target":["https:\/\/ljubljanapride.org\/2022\/tiskovna-konferenca\/"]}]},{"@type":"BreadcrumbList","@id":"https:\/\/ljubljanapride.org\/2022\/tiskovna-konferenca\/#breadcrumb","itemListElement":[{"@type":"ListItem","position":1,"name":"Home","item":"https:\/\/ljubljanapride.org\/2022\/"},{"@type":"ListItem","position":2,"name":"Tiskovna konferenca"}]},{"@type":"WebSite","@id":"https:\/\/ljubljanapride.org\/2022\/#website","url":"https:\/\/ljubljanapride.org\/2022\/","name":"Ljubljana Pride 2022","description":"\u010cas je za mavri\u010dni glas","potentialAction":[{"@type":"SearchAction","target":{"@type":"EntryPoint","urlTemplate":"https:\/\/ljubljanapride.org\/2022\/?s={search_term_string}"},"query-input":"required name=search_term_string"}],"inLanguage":"sl-SI"}]}},"_links":{"self":[{"href":"https:\/\/ljubljanapride.org\/2022\/wp-json\/wp\/v2\/pages\/6512"}],"collection":[{"href":"https:\/\/ljubljanapride.org\/2022\/wp-json\/wp\/v2\/pages"}],"about":[{"href":"https:\/\/ljubljanapride.org\/2022\/wp-json\/wp\/v2\/types\/page"}],"author":[{"embeddable":true,"href":"https:\/\/ljubljanapride.org\/2022\/wp-json\/wp\/v2\/users\/1"}],"replies":[{"embeddable":true,"href":"https:\/\/ljubljanapride.org\/2022\/wp-json\/wp\/v2\/comments?post=6512"}],"version-history":[{"count":3,"href":"https:\/\/ljubljanapride.org\/2022\/wp-json\/wp\/v2\/pages\/6512\/revisions"}],"predecessor-version":[{"id":6520,"href":"https:\/\/ljubljanapride.org\/2022\/wp-json\/wp\/v2\/pages\/6512\/revisions\/6520"}],"wp:featuredmedia":[{"embeddable":true,"href":"https:\/\/ljubljanapride.org\/2022\/wp-json\/wp\/v2\/media\/6517"}],"wp:attachment":[{"href":"https:\/\/ljubljanapride.org\/2022\/wp-json\/wp\/v2\/media?parent=6512"}],"curies":[{"name":"wp","href":"https:\/\/api.w.org\/{rel}","templated":true}]}}