{"id":6580,"date":"2022-05-17T13:01:32","date_gmt":"2022-05-17T12:01:32","guid":{"rendered":"https:\/\/ljubljanapride.org\/2022\/?page_id=6580"},"modified":"2022-05-26T13:43:15","modified_gmt":"2022-05-26T12:43:15","slug":"koroski-laboratorij-svobode-izrazanja","status":"publish","type":"page","link":"https:\/\/ljubljanapride.org\/2022\/koroski-laboratorij-svobode-izrazanja\/","title":{"rendered":"Koro\u0161ki laboratorij svobode izra\u017eanja"},"content":{"rendered":"<p>[et_pb_section fb_built=&#8221;1&#8243; _builder_version=&#8221;4.14.8&#8243; _module_preset=&#8221;default&#8221; background_color=&#8221;#FFFFFF&#8221; global_colors_info=&#8221;{}&#8221;][et_pb_row column_structure=&#8221;1_2,1_2&#8243; _builder_version=&#8221;4.14.8&#8243; _module_preset=&#8221;default&#8221; custom_padding=&#8221;0px||0px||false|false&#8221; global_colors_info=&#8221;{}&#8221;][et_pb_column type=&#8221;1_2&#8243; _builder_version=&#8221;4.14.8&#8243; _module_preset=&#8221;default&#8221; global_colors_info=&#8221;{}&#8221;][et_pb_text _builder_version=&#8221;4.14.8&#8243; _module_preset=&#8221;default&#8221; link_font=&#8221;bigjohn||||on|||#c02a69|&#8221; link_text_color=&#8221;#c02a69&#8243; link_font_size=&#8221;16px&#8221; global_colors_info=&#8221;{}&#8221;]<\/p>\n<p><a href=\"https:\/\/ljubljanapride.org\/2022\/sqvot-dnevna-pred-monoklom\/\">\u2190Prej\u0161nji dogodek<\/a><\/p>\n<p>[\/et_pb_text][\/et_pb_column][et_pb_column type=&#8221;1_2&#8243; _builder_version=&#8221;4.14.8&#8243; _module_preset=&#8221;default&#8221; global_colors_info=&#8221;{}&#8221;][et_pb_text _builder_version=&#8221;4.14.8&#8243; _module_preset=&#8221;default&#8221; link_font=&#8221;bigjohn||||on|||#c02a69|&#8221; link_text_color=&#8221;#c02a69&#8243; link_font_size=&#8221;16px&#8221; global_colors_info=&#8221;{}&#8221;]<\/p>\n<p style=\"text-align: right;\"><a href=\"\/\">Naslednji dogodek \u2192<\/a><\/p>\n<p>[\/et_pb_text][\/et_pb_column][\/et_pb_row][et_pb_row _builder_version=&#8221;4.14.8&#8243; _module_preset=&#8221;default&#8221; global_colors_info=&#8221;{}&#8221;][et_pb_column type=&#8221;4_4&#8243; _builder_version=&#8221;4.14.8&#8243; _module_preset=&#8221;default&#8221; global_colors_info=&#8221;{}&#8221;][et_pb_image src=&#8221;https:\/\/ljubljanapride.org\/2022\/wp-content\/uploads\/2022\/05\/Koroska-pride_fb-event-3-scaled.jpg&#8221; title_text=&#8221;Koro\u0161ka pride_fb event&#8221; _builder_version=&#8221;4.14.8&#8243; _module_preset=&#8221;default&#8221; hover_enabled=&#8221;0&#8243; box_shadow_style=&#8221;preset1&#8243; global_colors_info=&#8221;{}&#8221; sticky_enabled=&#8221;0&#8243;][\/et_pb_image][\/et_pb_column][\/et_pb_row][et_pb_row _builder_version=&#8221;4.14.8&#8243; _module_preset=&#8221;default&#8221; global_colors_info=&#8221;{}&#8221;][et_pb_column type=&#8221;4_4&#8243; _builder_version=&#8221;4.14.8&#8243; _module_preset=&#8221;default&#8221; global_colors_info=&#8221;{}&#8221;][et_pb_text _builder_version=&#8221;4.14.8&#8243; _module_preset=&#8221;default&#8221; header_3_font=&#8221;bigjohn||||||||&#8221; border_width_bottom=&#8221;4px&#8221; border_color_bottom=&#8221;#c02a69&#8243; global_colors_info=&#8221;{}&#8221;]<\/p>\n<h1 style=\"text-align: center;\">KORO\u0160KI LABORATORIJ SVOBODE IZRA\u017dANJA<\/h1>\n<h3 style=\"text-align: center;\">Koro\u0161ka parada ponosa<\/h3>\n<p>[\/et_pb_text][\/et_pb_column][\/et_pb_row][et_pb_row column_structure=&#8221;1_2,1_2&#8243; _builder_version=&#8221;4.14.8&#8243; _module_preset=&#8221;default&#8221; global_colors_info=&#8221;{}&#8221;][et_pb_column type=&#8221;1_2&#8243; _builder_version=&#8221;4.14.8&#8243; _module_preset=&#8221;default&#8221; global_colors_info=&#8221;{}&#8221;][et_pb_blurb title=&#8221;4. 6. 2022 ob 13:00\u201318:00&#8243; use_icon=&#8221;on&#8221; font_icon=&#8221;&#xf017;||fa||900&#8243; icon_color=&#8221;#c02a69&#8243; image_icon_width=&#8221;55px&#8221; _builder_version=&#8221;4.14.8&#8243; _module_preset=&#8221;default&#8221; header_font=&#8221;bigjohn||||||||&#8221; header_text_align=&#8221;center&#8221; hover_enabled=&#8221;0&#8243; global_colors_info=&#8221;{}&#8221; sticky_enabled=&#8221;0&#8243;][\/et_pb_blurb][\/et_pb_column][et_pb_column type=&#8221;1_2&#8243; _builder_version=&#8221;4.14.8&#8243; _module_preset=&#8221;default&#8221; global_colors_info=&#8221;{}&#8221;][et_pb_blurb title=&#8221;Glavni trg, Slovenj Gradec&#8221; use_icon=&#8221;on&#8221; font_icon=&#8221;&#xf3c5;||fa||900&#8243; icon_color=&#8221;#c02a69&#8243; image_icon_width=&#8221;55px&#8221; _builder_version=&#8221;4.14.8&#8243; _module_preset=&#8221;default&#8221; header_font=&#8221;bigjohn||||||||&#8221; header_text_align=&#8221;center&#8221; global_colors_info=&#8221;{}&#8221;][\/et_pb_blurb][\/et_pb_column][\/et_pb_row][et_pb_row _builder_version=&#8221;4.14.8&#8243; _module_preset=&#8221;default&#8221; global_colors_info=&#8221;{}&#8221;][et_pb_column type=&#8221;4_4&#8243; _builder_version=&#8221;4.14.8&#8243; _module_preset=&#8221;default&#8221; global_colors_info=&#8221;{}&#8221;][et_pb_text _builder_version=&#8221;4.14.8&#8243; _module_preset=&#8221;default&#8221; text_font_size=&#8221;16px&#8221; global_colors_info=&#8221;{}&#8221;]<\/p>\n<p style=\"text-align: center;\">Dogodek bo potekal v sloven\u0161\u010dini in angle\u0161\u010dini.<\/p>\n<p style=\"text-align: center;\">V sodelovanju v sodelovanju z Zavodom Koro\u0161ka Pride.<\/p>\n<p style=\"text-align: justify;\">Raz\u0161irjena ekipa Dru\u0161tva Parada ponosa bo spakirala mavrico v nahrbtnike in se odpeljala v Slovenj Gradec na parado ponosa. Dan bomo pre\u017eivele_i na stojnici in ga zaklju\u010dile s korakanjem na tretji povorki v koro\u0161ki regiji. Na stojnici se bo\u0161 lahko, kot vedno, opremil_a z mavri\u010dnimi pripomo\u010dki in poklepetal_a z na\u0161o ekipo. Poleg tega bo\u0161 letos ob obisku na\u0161e stojnice vstopil_a v prav poseben kulturni laboratorij svobode izra\u017eanja.<\/p>\n<p>Vidnost in svobodo izra\u017eanja LGBTIQ+ oseb pogosto spremljajo mavri\u010dne zastave, zna\u010dke, ki kli\u010dejo po enakopravnosti, nogavice, ki namigujejo, kdo smo, ter ne\u0161tete politi\u010dne nalepke na na\u0161ih prenosnih ra\u010dunalnikih. Tista prava svoboda izra\u017eanja pa so dr\u017eanje za roke in vsi drugi jasni in glasni vzkliki po svobodi in enakopravnosti. Parada ponosa je prostor, kjer smo lahko, kdor smo, skupaj. Pa vendar, ko se paradni mesec izte\u010de, je na\u0161a svoboda izra\u017eanja potisnjena nazaj v omaro, mavrice so pospravljene, dru\u017eba od nas zahteva ti\u0161ino do naslednje paradne povorke. Skozi kreativno dru\u017eenje na Koro\u0161kem bomo odgovarjale_i na vpra\u0161anje, ali je svoboda izra\u017eanja LGBTIQ+ oseb omejena le na paradni mesec ter kako to prese\u010di. Kako lahko novo izvoljena politi\u010dna garnitura vpliva na na\u0161o svobodo in varnost ter kako jih bomo pozivale_i k odgovornosti?<\/p>\n<p>[\/et_pb_text][\/et_pb_column][\/et_pb_row][\/et_pb_section]<\/p>\n","protected":false},"excerpt":{"rendered":"<p>\u2190Prej\u0161nji dogodekNaslednji dogodek \u2192KORO\u0160KI LABORATORIJ SVOBODE IZRA\u017dANJA Koro\u0161ka parada ponosaDogodek bo potekal v sloven\u0161\u010dini in angle\u0161\u010dini. V sodelovanju v sodelovanju z Zavodom Koro\u0161ka Pride. Raz\u0161irjena ekipa Dru\u0161tva Parada ponosa bo [&hellip;]<\/p>\n","protected":false},"author":1,"featured_media":6586,"parent":0,"menu_order":0,"comment_status":"closed","ping_status":"closed","template":"","meta":{"_et_pb_use_builder":"on","_et_pb_old_content":"","_et_gb_content_width":""},"yoast_head":"<!-- This site is optimized with the Yoast SEO plugin v20.3 - https:\/\/yoast.com\/wordpress\/plugins\/seo\/ -->\n<title>Koro\u0161ki laboratorij svobode izra\u017eanja - Ljubljana Pride 2022<\/title>\n<meta name=\"robots\" content=\"index, follow, max-snippet:-1, max-image-preview:large, max-video-preview:-1\" \/>\n<link rel=\"canonical\" href=\"https:\/\/ljubljanapride.org\/2022\/koroski-laboratorij-svobode-izrazanja\/\" \/>\n<meta property=\"og:locale\" content=\"sl_SI\" \/>\n<meta property=\"og:type\" content=\"article\" \/>\n<meta property=\"og:title\" content=\"Koro\u0161ki laboratorij svobode izra\u017eanja - Ljubljana Pride 2022\" \/>\n<meta property=\"og:description\" content=\"\u2190Prej\u0161nji dogodekNaslednji dogodek \u2192KORO\u0160KI LABORATORIJ SVOBODE IZRA\u017dANJA Koro\u0161ka parada ponosaDogodek bo potekal v sloven\u0161\u010dini in angle\u0161\u010dini. V sodelovanju v sodelovanju z Zavodom Koro\u0161ka Pride. Raz\u0161irjena ekipa Dru\u0161tva Parada ponosa bo [&hellip;]\" \/>\n<meta property=\"og:url\" content=\"https:\/\/ljubljanapride.org\/2022\/koroski-laboratorij-svobode-izrazanja\/\" \/>\n<meta property=\"og:site_name\" content=\"Ljubljana Pride 2022\" \/>\n<meta property=\"article:modified_time\" content=\"2022-05-26T12:43:15+00:00\" \/>\n<meta property=\"og:image\" content=\"https:\/\/ljubljanapride.org\/2022\/wp-content\/uploads\/2022\/05\/Koroska-pride_fb-event-scaled.jpg\" \/>\n\t<meta property=\"og:image:width\" content=\"2560\" \/>\n\t<meta property=\"og:image:height\" content=\"1340\" \/>\n\t<meta property=\"og:image:type\" content=\"image\/jpeg\" \/>\n<meta name=\"twitter:card\" content=\"summary_large_image\" \/>\n<script type=\"application\/ld+json\" class=\"yoast-schema-graph\">{\"@context\":\"https:\/\/schema.org\",\"@graph\":[{\"@type\":\"WebPage\",\"@id\":\"https:\/\/ljubljanapride.org\/2022\/koroski-laboratorij-svobode-izrazanja\/\",\"url\":\"https:\/\/ljubljanapride.org\/2022\/koroski-laboratorij-svobode-izrazanja\/\",\"name\":\"Koro\u0161ki laboratorij svobode izra\u017eanja - Ljubljana Pride 2022\",\"isPartOf\":{\"@id\":\"https:\/\/ljubljanapride.org\/2022\/#website\"},\"datePublished\":\"2022-05-17T12:01:32+00:00\",\"dateModified\":\"2022-05-26T12:43:15+00:00\",\"breadcrumb\":{\"@id\":\"https:\/\/ljubljanapride.org\/2022\/koroski-laboratorij-svobode-izrazanja\/#breadcrumb\"},\"inLanguage\":\"sl-SI\",\"potentialAction\":[{\"@type\":\"ReadAction\",\"target\":[\"https:\/\/ljubljanapride.org\/2022\/koroski-laboratorij-svobode-izrazanja\/\"]}]},{\"@type\":\"BreadcrumbList\",\"@id\":\"https:\/\/ljubljanapride.org\/2022\/koroski-laboratorij-svobode-izrazanja\/#breadcrumb\",\"itemListElement\":[{\"@type\":\"ListItem\",\"position\":1,\"name\":\"Home\",\"item\":\"https:\/\/ljubljanapride.org\/2022\/\"},{\"@type\":\"ListItem\",\"position\":2,\"name\":\"Koro\u0161ki laboratorij svobode izra\u017eanja\"}]},{\"@type\":\"WebSite\",\"@id\":\"https:\/\/ljubljanapride.org\/2022\/#website\",\"url\":\"https:\/\/ljubljanapride.org\/2022\/\",\"name\":\"Ljubljana Pride 2022\",\"description\":\"\u010cas je za mavri\u010dni glas\",\"potentialAction\":[{\"@type\":\"SearchAction\",\"target\":{\"@type\":\"EntryPoint\",\"urlTemplate\":\"https:\/\/ljubljanapride.org\/2022\/?s={search_term_string}\"},\"query-input\":\"required name=search_term_string\"}],\"inLanguage\":\"sl-SI\"}]}<\/script>\n<!-- \/ Yoast SEO plugin. -->","yoast_head_json":{"title":"Koro\u0161ki laboratorij svobode izra\u017eanja - Ljubljana Pride 2022","robots":{"index":"index","follow":"follow","max-snippet":"max-snippet:-1","max-image-preview":"max-image-preview:large","max-video-preview":"max-video-preview:-1"},"canonical":"https:\/\/ljubljanapride.org\/2022\/koroski-laboratorij-svobode-izrazanja\/","og_locale":"sl_SI","og_type":"article","og_title":"Koro\u0161ki laboratorij svobode izra\u017eanja - Ljubljana Pride 2022","og_description":"\u2190Prej\u0161nji dogodekNaslednji dogodek \u2192KORO\u0160KI LABORATORIJ SVOBODE IZRA\u017dANJA Koro\u0161ka parada ponosaDogodek bo potekal v sloven\u0161\u010dini in angle\u0161\u010dini. V sodelovanju v sodelovanju z Zavodom Koro\u0161ka Pride. Raz\u0161irjena ekipa Dru\u0161tva Parada ponosa bo [&hellip;]","og_url":"https:\/\/ljubljanapride.org\/2022\/koroski-laboratorij-svobode-izrazanja\/","og_site_name":"Ljubljana Pride 2022","article_modified_time":"2022-05-26T12:43:15+00:00","og_image":[{"width":2560,"height":1340,"url":"https:\/\/ljubljanapride.org\/2022\/wp-content\/uploads\/2022\/05\/Koroska-pride_fb-event-scaled.jpg","type":"image\/jpeg"}],"twitter_card":"summary_large_image","schema":{"@context":"https:\/\/schema.org","@graph":[{"@type":"WebPage","@id":"https:\/\/ljubljanapride.org\/2022\/koroski-laboratorij-svobode-izrazanja\/","url":"https:\/\/ljubljanapride.org\/2022\/koroski-laboratorij-svobode-izrazanja\/","name":"Koro\u0161ki laboratorij svobode izra\u017eanja - Ljubljana Pride 2022","isPartOf":{"@id":"https:\/\/ljubljanapride.org\/2022\/#website"},"datePublished":"2022-05-17T12:01:32+00:00","dateModified":"2022-05-26T12:43:15+00:00","breadcrumb":{"@id":"https:\/\/ljubljanapride.org\/2022\/koroski-laboratorij-svobode-izrazanja\/#breadcrumb"},"inLanguage":"sl-SI","potentialAction":[{"@type":"ReadAction","target":["https:\/\/ljubljanapride.org\/2022\/koroski-laboratorij-svobode-izrazanja\/"]}]},{"@type":"BreadcrumbList","@id":"https:\/\/ljubljanapride.org\/2022\/koroski-laboratorij-svobode-izrazanja\/#breadcrumb","itemListElement":[{"@type":"ListItem","position":1,"name":"Home","item":"https:\/\/ljubljanapride.org\/2022\/"},{"@type":"ListItem","position":2,"name":"Koro\u0161ki laboratorij svobode izra\u017eanja"}]},{"@type":"WebSite","@id":"https:\/\/ljubljanapride.org\/2022\/#website","url":"https:\/\/ljubljanapride.org\/2022\/","name":"Ljubljana Pride 2022","description":"\u010cas je za mavri\u010dni glas","potentialAction":[{"@type":"SearchAction","target":{"@type":"EntryPoint","urlTemplate":"https:\/\/ljubljanapride.org\/2022\/?s={search_term_string}"},"query-input":"required name=search_term_string"}],"inLanguage":"sl-SI"}]}},"_links":{"self":[{"href":"https:\/\/ljubljanapride.org\/2022\/wp-json\/wp\/v2\/pages\/6580"}],"collection":[{"href":"https:\/\/ljubljanapride.org\/2022\/wp-json\/wp\/v2\/pages"}],"about":[{"href":"https:\/\/ljubljanapride.org\/2022\/wp-json\/wp\/v2\/types\/page"}],"author":[{"embeddable":true,"href":"https:\/\/ljubljanapride.org\/2022\/wp-json\/wp\/v2\/users\/1"}],"replies":[{"embeddable":true,"href":"https:\/\/ljubljanapride.org\/2022\/wp-json\/wp\/v2\/comments?post=6580"}],"version-history":[{"count":9,"href":"https:\/\/ljubljanapride.org\/2022\/wp-json\/wp\/v2\/pages\/6580\/revisions"}],"predecessor-version":[{"id":6941,"href":"https:\/\/ljubljanapride.org\/2022\/wp-json\/wp\/v2\/pages\/6580\/revisions\/6941"}],"wp:featuredmedia":[{"embeddable":true,"href":"https:\/\/ljubljanapride.org\/2022\/wp-json\/wp\/v2\/media\/6586"}],"wp:attachment":[{"href":"https:\/\/ljubljanapride.org\/2022\/wp-json\/wp\/v2\/media?parent=6580"}],"curies":[{"name":"wp","href":"https:\/\/api.w.org\/{rel}","templated":true}]}}