{"id":6659,"date":"2022-05-18T12:25:26","date_gmt":"2022-05-18T11:25:26","guid":{"rendered":"https:\/\/ljubljanapride.org\/2022\/?page_id=6659"},"modified":"2022-05-31T12:46:33","modified_gmt":"2022-05-31T11:46:33","slug":"manjsinski-stres-in-dusevno-zdravje-manjsinskih-skupnosti","status":"publish","type":"page","link":"https:\/\/ljubljanapride.org\/2022\/manjsinski-stres-in-dusevno-zdravje-manjsinskih-skupnosti\/","title":{"rendered":"Manj\u0161inski stres in du\u0161evno zdravje manj\u0161inskih skupnosti"},"content":{"rendered":"<p>[et_pb_section fb_built=&#8221;1&#8243; _builder_version=&#8221;4.14.8&#8243; _module_preset=&#8221;default&#8221; background_color=&#8221;#FFFFFF&#8221; global_colors_info=&#8221;{}&#8221;][et_pb_row column_structure=&#8221;1_2,1_2&#8243; _builder_version=&#8221;4.14.8&#8243; _module_preset=&#8221;default&#8221; custom_padding=&#8221;0px||0px||false|false&#8221; global_colors_info=&#8221;{}&#8221;][et_pb_column type=&#8221;1_2&#8243; _builder_version=&#8221;4.14.8&#8243; _module_preset=&#8221;default&#8221; global_colors_info=&#8221;{}&#8221;][et_pb_text _builder_version=&#8221;4.14.8&#8243; _module_preset=&#8221;default&#8221; link_font=&#8221;bigjohn||||on|||#c02a69|&#8221; link_text_color=&#8221;#c02a69&#8243; link_font_size=&#8221;16px&#8221; global_colors_info=&#8221;{}&#8221;]<\/p>\n<p style=\"text-align: left;\"><a href=\"https:\/\/ljubljanapride.org\/2022\/tiskovna-konferenca\/\">\u2190Prej\u0161nji dogodek<\/a><\/p>\n<p>[\/et_pb_text][\/et_pb_column][et_pb_column type=&#8221;1_2&#8243; _builder_version=&#8221;4.14.8&#8243; _module_preset=&#8221;default&#8221; global_colors_info=&#8221;{}&#8221;][et_pb_text _builder_version=&#8221;4.14.8&#8243; _module_preset=&#8221;default&#8221; link_font=&#8221;bigjohn||||on|||#c02a69|&#8221; link_text_color=&#8221;#c02a69&#8243; link_font_size=&#8221;16px&#8221; global_colors_info=&#8221;{}&#8221;]<\/p>\n<p style=\"text-align: right;\"><a href=\"https:\/\/ljubljanapride.org\/2022\/kaj-prinasa-lgbtiq-skupnosti-obdobje-po-drzavnozborskih-volitvah\/\">Naslednji dogodek \u2192<\/a><\/p>\n<p>[\/et_pb_text][\/et_pb_column][\/et_pb_row][et_pb_row _builder_version=&#8221;4.14.8&#8243; _module_preset=&#8221;default&#8221; global_colors_info=&#8221;{}&#8221;][et_pb_column type=&#8221;4_4&#8243; _builder_version=&#8221;4.14.8&#8243; _module_preset=&#8221;default&#8221; global_colors_info=&#8221;{}&#8221;][et_pb_image src=&#8221;https:\/\/ljubljanapride.org\/2022\/wp-content\/uploads\/2022\/05\/Sqvot_posvet-fb-scaled.jpg&#8221; title_text=&#8221;Sqvot_posvet fb&#8221; _builder_version=&#8221;4.14.8&#8243; _module_preset=&#8221;default&#8221; box_shadow_style=&#8221;preset1&#8243; global_colors_info=&#8221;{}&#8221;][\/et_pb_image][\/et_pb_column][\/et_pb_row][et_pb_row _builder_version=&#8221;4.14.8&#8243; _module_preset=&#8221;default&#8221; global_colors_info=&#8221;{}&#8221;][et_pb_column type=&#8221;4_4&#8243; _builder_version=&#8221;4.14.8&#8243; _module_preset=&#8221;default&#8221; global_colors_info=&#8221;{}&#8221;][et_pb_text _builder_version=&#8221;4.14.8&#8243; _module_preset=&#8221;default&#8221; header_3_font=&#8221;bigjohn||||||||&#8221; border_width_bottom=&#8221;4px&#8221; border_color_bottom=&#8221;#c02a69&#8243; global_colors_info=&#8221;{}&#8221;]<\/p>\n<h1 style=\"text-align: center;\">MANJ\u0160INSKI STRES IN DU\u0160EVNO ZDRAVJE MANJ\u0160INSKIH SKUPNOSTI<\/h1>\n<h3 style=\"text-align: center;\">SQVOT_posvet<\/h3>\n<p>[\/et_pb_text][\/et_pb_column][\/et_pb_row][et_pb_row column_structure=&#8221;1_2,1_2&#8243; _builder_version=&#8221;4.14.8&#8243; _module_preset=&#8221;default&#8221; global_colors_info=&#8221;{}&#8221;][et_pb_column type=&#8221;1_2&#8243; _builder_version=&#8221;4.14.8&#8243; _module_preset=&#8221;default&#8221; global_colors_info=&#8221;{}&#8221;][et_pb_blurb title=&#8221;7. 6. 2022 ob 9:00-17:00&#8243; use_icon=&#8221;on&#8221; font_icon=&#8221;&#xf017;||fa||900&#8243; icon_color=&#8221;#c02a69&#8243; image_icon_width=&#8221;55px&#8221; _builder_version=&#8221;4.14.8&#8243; _module_preset=&#8221;default&#8221; header_font=&#8221;bigjohn||||||||&#8221; header_text_align=&#8221;center&#8221; global_colors_info=&#8221;{}&#8221;][\/et_pb_blurb][\/et_pb_column][et_pb_column type=&#8221;1_2&#8243; _builder_version=&#8221;4.14.8&#8243; _module_preset=&#8221;default&#8221; global_colors_info=&#8221;{}&#8221;][et_pb_blurb title=&#8221;Hostel Celica (Metelkova 8, Ljubljana)&#8221; use_icon=&#8221;on&#8221; font_icon=&#8221;&#xf3c5;||fa||900&#8243; icon_color=&#8221;#c02a69&#8243; image_icon_width=&#8221;55px&#8221; _builder_version=&#8221;4.14.8&#8243; _module_preset=&#8221;default&#8221; header_font=&#8221;bigjohn||||||||&#8221; header_text_align=&#8221;center&#8221; global_colors_info=&#8221;{}&#8221;][\/et_pb_blurb][\/et_pb_column][\/et_pb_row][et_pb_row _builder_version=&#8221;4.14.8&#8243; _module_preset=&#8221;default&#8221; global_colors_info=&#8221;{}&#8221;][et_pb_column type=&#8221;4_4&#8243; _builder_version=&#8221;4.14.8&#8243; _module_preset=&#8221;default&#8221; global_colors_info=&#8221;{}&#8221;][et_pb_text _builder_version=&#8221;4.14.8&#8243; _module_preset=&#8221;default&#8221; text_font_size=&#8221;16px&#8221; hover_enabled=&#8221;0&#8243; global_colors_info=&#8221;{}&#8221; sticky_enabled=&#8221;0&#8243;]<\/p>\n<p style=\"text-align: center;\">Dogodek bo potekal v sloven\u0161\u010dini in angle\u0161\u010dini.<\/p>\n<p style=\"text-align: center;\">\n<p style=\"text-align: center;\">PRIJAVA:<\/p>\n<p><a href=\"https:\/\/forms.gle\/yhDRCpWs6dFK3DrV9\">https:\/\/forms.gle\/yhDRCpWs6dFK3DrV9<\/a><\/p>\n<p>&nbsp;<\/p>\n<p style=\"text-align: justify;\"><span lang=\"sl-SI\">Posvet\u00a0<\/span><span lang=\"sl-SI\">Manj\u0161inski stres in du\u0161evno zdravje manj\u0161inskih skupnosti<\/span><span lang=\"sl-SI\">\u00a0<\/span><span lang=\"sl-SI\">se bo vsebinsko odzval na vse bolj pere\u010do problematiko du\u0161evnega zdravja manj\u0161inskih skupin, ki se v lu\u010di epidemije in njenih posledic vse bolj jasno pojavlja v strokovni in splo\u0161ni javnosti. Koncept manj\u0161inskega stresa se v strokovni javnosti pojavlja kot orodje za razumevanje dejavnikov tveganja za pojav te\u017eav v du\u0161evnem zdravju pri pripadnicah_kih manj\u0161inskih skupin. Stres, ki je dolgotrajen in specifi\u010den za omenjene skupine in ki izhaja iz diskriminatornih dru\u017ebenih praks, procesov in sistemskih ovir, lahko namre\u010d pomembno vpliva na du\u0161evno zdravje celotnih skupnosti.<\/span><\/p>\n<p style=\"text-align: justify;\"><span lang=\"sl-SI\">Klju\u010dno sporo\u010dilo posveta \u2013 osrednja govorka bo psihologinja in dolgoletna aktivistka s podro\u010dja dobrobiti LGBTIQ+ skupnosti na Hrva\u0161kem Matea Popov \u2013 bo osredinjeno okoli razumevanja vpliva manj\u0161inskega stresa na manj\u0161inske skupnosti in na manifestacijo omenjenih dejavnikov tveganja v du\u0161evnem zdravju posameznic_kov. S strokovnjaki_njami s podro\u010dja du\u0161evnega zdravja manj\u0161in bomo orisale_i stanje, s katerim se sre\u010dujemo v praksi, in raziskovale_i mo\u017ene korake pri bolj u\u010dinkovitem naslavljanju posledic manj\u0161inskega stresa v na\u0161ih skupnostih.<\/span><\/p>\n<p><span lang=\"sl-SI\">*<\/span><strong><span lang=\"sl-SI\">Matea Popov<\/span><\/strong><span lang=\"sl-SI\">\u00a0je dolgoletna LGBTIQ+ aktivistka, psihologinja in terapevtka, ki se posve\u010da vpra\u0161anjem, kot je, kako LGBTIQ+ otroke sprejemajo star\u0161i, pa mavri\u010dnimi dru\u017einam in du\u0161evnemu zdravju LGBTIQ+ skupnosti nasploh.<\/span><\/p>\n<p><span lang=\"sl-SI\"><span>Izvedbo strokovnega posveta finan\u010dno podpira Mestna ob\u010dina Ljubljane.<\/span><\/span><\/p>\n<p>[\/et_pb_text][\/et_pb_column][\/et_pb_row][\/et_pb_section]<\/p>\n","protected":false},"excerpt":{"rendered":"<p>\u2190Prej\u0161nji dogodekNaslednji dogodek \u2192MANJ\u0160INSKI STRES IN DU\u0160EVNO ZDRAVJE MANJ\u0160INSKIH SKUPNOSTI SQVOT_posvetDogodek bo potekal v sloven\u0161\u010dini in angle\u0161\u010dini. PRIJAVA: https:\/\/forms.gle\/yhDRCpWs6dFK3DrV9 &nbsp; Posvet\u00a0Manj\u0161inski stres in du\u0161evno zdravje manj\u0161inskih skupnosti\u00a0se bo vsebinsko odzval [&hellip;]<\/p>\n","protected":false},"author":1,"featured_media":6660,"parent":0,"menu_order":0,"comment_status":"closed","ping_status":"closed","template":"","meta":{"_et_pb_use_builder":"on","_et_pb_old_content":"<!-- wp:divi\/placeholder \/-->","_et_gb_content_width":""},"yoast_head":"<!-- This site is optimized with the Yoast SEO plugin v20.3 - https:\/\/yoast.com\/wordpress\/plugins\/seo\/ -->\n<title>Manj\u0161inski stres in du\u0161evno zdravje manj\u0161inskih skupnosti - Ljubljana Pride 2022<\/title>\n<meta name=\"robots\" content=\"index, follow, max-snippet:-1, max-image-preview:large, max-video-preview:-1\" \/>\n<link rel=\"canonical\" href=\"https:\/\/ljubljanapride.org\/2022\/manjsinski-stres-in-dusevno-zdravje-manjsinskih-skupnosti\/\" \/>\n<meta property=\"og:locale\" content=\"sl_SI\" \/>\n<meta property=\"og:type\" content=\"article\" \/>\n<meta property=\"og:title\" content=\"Manj\u0161inski stres in du\u0161evno zdravje manj\u0161inskih skupnosti - Ljubljana Pride 2022\" \/>\n<meta property=\"og:description\" content=\"\u2190Prej\u0161nji dogodekNaslednji dogodek \u2192MANJ\u0160INSKI STRES IN DU\u0160EVNO ZDRAVJE MANJ\u0160INSKIH SKUPNOSTI SQVOT_posvetDogodek bo potekal v sloven\u0161\u010dini in angle\u0161\u010dini. PRIJAVA: https:\/\/forms.gle\/yhDRCpWs6dFK3DrV9 &nbsp; Posvet\u00a0Manj\u0161inski stres in du\u0161evno zdravje manj\u0161inskih skupnosti\u00a0se bo vsebinsko odzval [&hellip;]\" \/>\n<meta property=\"og:url\" content=\"https:\/\/ljubljanapride.org\/2022\/manjsinski-stres-in-dusevno-zdravje-manjsinskih-skupnosti\/\" \/>\n<meta property=\"og:site_name\" content=\"Ljubljana Pride 2022\" \/>\n<meta property=\"article:modified_time\" content=\"2022-05-31T11:46:33+00:00\" \/>\n<meta property=\"og:image\" content=\"https:\/\/ljubljanapride.org\/2022\/wp-content\/uploads\/2022\/05\/Sqvot_posvet-fb-scaled.jpg\" \/>\n\t<meta property=\"og:image:width\" content=\"2560\" \/>\n\t<meta property=\"og:image:height\" content=\"1340\" \/>\n\t<meta property=\"og:image:type\" content=\"image\/jpeg\" \/>\n<meta name=\"twitter:card\" content=\"summary_large_image\" \/>\n<script type=\"application\/ld+json\" class=\"yoast-schema-graph\">{\"@context\":\"https:\/\/schema.org\",\"@graph\":[{\"@type\":\"WebPage\",\"@id\":\"https:\/\/ljubljanapride.org\/2022\/manjsinski-stres-in-dusevno-zdravje-manjsinskih-skupnosti\/\",\"url\":\"https:\/\/ljubljanapride.org\/2022\/manjsinski-stres-in-dusevno-zdravje-manjsinskih-skupnosti\/\",\"name\":\"Manj\u0161inski stres in du\u0161evno zdravje manj\u0161inskih skupnosti - Ljubljana Pride 2022\",\"isPartOf\":{\"@id\":\"https:\/\/ljubljanapride.org\/2022\/#website\"},\"datePublished\":\"2022-05-18T11:25:26+00:00\",\"dateModified\":\"2022-05-31T11:46:33+00:00\",\"breadcrumb\":{\"@id\":\"https:\/\/ljubljanapride.org\/2022\/manjsinski-stres-in-dusevno-zdravje-manjsinskih-skupnosti\/#breadcrumb\"},\"inLanguage\":\"sl-SI\",\"potentialAction\":[{\"@type\":\"ReadAction\",\"target\":[\"https:\/\/ljubljanapride.org\/2022\/manjsinski-stres-in-dusevno-zdravje-manjsinskih-skupnosti\/\"]}]},{\"@type\":\"BreadcrumbList\",\"@id\":\"https:\/\/ljubljanapride.org\/2022\/manjsinski-stres-in-dusevno-zdravje-manjsinskih-skupnosti\/#breadcrumb\",\"itemListElement\":[{\"@type\":\"ListItem\",\"position\":1,\"name\":\"Home\",\"item\":\"https:\/\/ljubljanapride.org\/2022\/\"},{\"@type\":\"ListItem\",\"position\":2,\"name\":\"Manj\u0161inski stres in du\u0161evno zdravje manj\u0161inskih skupnosti\"}]},{\"@type\":\"WebSite\",\"@id\":\"https:\/\/ljubljanapride.org\/2022\/#website\",\"url\":\"https:\/\/ljubljanapride.org\/2022\/\",\"name\":\"Ljubljana Pride 2022\",\"description\":\"\u010cas je za mavri\u010dni glas\",\"potentialAction\":[{\"@type\":\"SearchAction\",\"target\":{\"@type\":\"EntryPoint\",\"urlTemplate\":\"https:\/\/ljubljanapride.org\/2022\/?s={search_term_string}\"},\"query-input\":\"required name=search_term_string\"}],\"inLanguage\":\"sl-SI\"}]}<\/script>\n<!-- \/ Yoast SEO plugin. -->","yoast_head_json":{"title":"Manj\u0161inski stres in du\u0161evno zdravje manj\u0161inskih skupnosti - Ljubljana Pride 2022","robots":{"index":"index","follow":"follow","max-snippet":"max-snippet:-1","max-image-preview":"max-image-preview:large","max-video-preview":"max-video-preview:-1"},"canonical":"https:\/\/ljubljanapride.org\/2022\/manjsinski-stres-in-dusevno-zdravje-manjsinskih-skupnosti\/","og_locale":"sl_SI","og_type":"article","og_title":"Manj\u0161inski stres in du\u0161evno zdravje manj\u0161inskih skupnosti - Ljubljana Pride 2022","og_description":"\u2190Prej\u0161nji dogodekNaslednji dogodek \u2192MANJ\u0160INSKI STRES IN DU\u0160EVNO ZDRAVJE MANJ\u0160INSKIH SKUPNOSTI SQVOT_posvetDogodek bo potekal v sloven\u0161\u010dini in angle\u0161\u010dini. PRIJAVA: https:\/\/forms.gle\/yhDRCpWs6dFK3DrV9 &nbsp; Posvet\u00a0Manj\u0161inski stres in du\u0161evno zdravje manj\u0161inskih skupnosti\u00a0se bo vsebinsko odzval [&hellip;]","og_url":"https:\/\/ljubljanapride.org\/2022\/manjsinski-stres-in-dusevno-zdravje-manjsinskih-skupnosti\/","og_site_name":"Ljubljana Pride 2022","article_modified_time":"2022-05-31T11:46:33+00:00","og_image":[{"width":2560,"height":1340,"url":"https:\/\/ljubljanapride.org\/2022\/wp-content\/uploads\/2022\/05\/Sqvot_posvet-fb-scaled.jpg","type":"image\/jpeg"}],"twitter_card":"summary_large_image","schema":{"@context":"https:\/\/schema.org","@graph":[{"@type":"WebPage","@id":"https:\/\/ljubljanapride.org\/2022\/manjsinski-stres-in-dusevno-zdravje-manjsinskih-skupnosti\/","url":"https:\/\/ljubljanapride.org\/2022\/manjsinski-stres-in-dusevno-zdravje-manjsinskih-skupnosti\/","name":"Manj\u0161inski stres in du\u0161evno zdravje manj\u0161inskih skupnosti - Ljubljana Pride 2022","isPartOf":{"@id":"https:\/\/ljubljanapride.org\/2022\/#website"},"datePublished":"2022-05-18T11:25:26+00:00","dateModified":"2022-05-31T11:46:33+00:00","breadcrumb":{"@id":"https:\/\/ljubljanapride.org\/2022\/manjsinski-stres-in-dusevno-zdravje-manjsinskih-skupnosti\/#breadcrumb"},"inLanguage":"sl-SI","potentialAction":[{"@type":"ReadAction","target":["https:\/\/ljubljanapride.org\/2022\/manjsinski-stres-in-dusevno-zdravje-manjsinskih-skupnosti\/"]}]},{"@type":"BreadcrumbList","@id":"https:\/\/ljubljanapride.org\/2022\/manjsinski-stres-in-dusevno-zdravje-manjsinskih-skupnosti\/#breadcrumb","itemListElement":[{"@type":"ListItem","position":1,"name":"Home","item":"https:\/\/ljubljanapride.org\/2022\/"},{"@type":"ListItem","position":2,"name":"Manj\u0161inski stres in du\u0161evno zdravje manj\u0161inskih skupnosti"}]},{"@type":"WebSite","@id":"https:\/\/ljubljanapride.org\/2022\/#website","url":"https:\/\/ljubljanapride.org\/2022\/","name":"Ljubljana Pride 2022","description":"\u010cas je za mavri\u010dni glas","potentialAction":[{"@type":"SearchAction","target":{"@type":"EntryPoint","urlTemplate":"https:\/\/ljubljanapride.org\/2022\/?s={search_term_string}"},"query-input":"required name=search_term_string"}],"inLanguage":"sl-SI"}]}},"_links":{"self":[{"href":"https:\/\/ljubljanapride.org\/2022\/wp-json\/wp\/v2\/pages\/6659"}],"collection":[{"href":"https:\/\/ljubljanapride.org\/2022\/wp-json\/wp\/v2\/pages"}],"about":[{"href":"https:\/\/ljubljanapride.org\/2022\/wp-json\/wp\/v2\/types\/page"}],"author":[{"embeddable":true,"href":"https:\/\/ljubljanapride.org\/2022\/wp-json\/wp\/v2\/users\/1"}],"replies":[{"embeddable":true,"href":"https:\/\/ljubljanapride.org\/2022\/wp-json\/wp\/v2\/comments?post=6659"}],"version-history":[{"count":7,"href":"https:\/\/ljubljanapride.org\/2022\/wp-json\/wp\/v2\/pages\/6659\/revisions"}],"predecessor-version":[{"id":6970,"href":"https:\/\/ljubljanapride.org\/2022\/wp-json\/wp\/v2\/pages\/6659\/revisions\/6970"}],"wp:featuredmedia":[{"embeddable":true,"href":"https:\/\/ljubljanapride.org\/2022\/wp-json\/wp\/v2\/media\/6660"}],"wp:attachment":[{"href":"https:\/\/ljubljanapride.org\/2022\/wp-json\/wp\/v2\/media?parent=6659"}],"curies":[{"name":"wp","href":"https:\/\/api.w.org\/{rel}","templated":true}]}}