{"id":6728,"date":"2022-05-21T03:57:16","date_gmt":"2022-05-21T02:57:16","guid":{"rendered":"https:\/\/ljubljanapride.org\/2022\/?page_id=6728"},"modified":"2022-05-24T10:51:02","modified_gmt":"2022-05-24T09:51:02","slug":"kaj-prinasa-lgbtiq-skupnosti-obdobje-po-drzavnozborskih-volitvah","status":"publish","type":"page","link":"https:\/\/ljubljanapride.org\/2022\/kaj-prinasa-lgbtiq-skupnosti-obdobje-po-drzavnozborskih-volitvah\/","title":{"rendered":"Kaj prina\u0161a LGBTIQ+ skupnosti obdobje po dr\u017eavnozborskih volitvah?"},"content":{"rendered":"<p>[et_pb_section fb_built=&#8221;1&#8243; _builder_version=&#8221;4.14.8&#8243; _module_preset=&#8221;default&#8221; background_color=&#8221;#FFFFFF&#8221; global_colors_info=&#8221;{}&#8221;][et_pb_row column_structure=&#8221;1_2,1_2&#8243; _builder_version=&#8221;4.14.8&#8243; _module_preset=&#8221;default&#8221; custom_padding=&#8221;0px||0px||false|false&#8221; global_colors_info=&#8221;{}&#8221;][et_pb_column type=&#8221;1_2&#8243; _builder_version=&#8221;4.14.8&#8243; _module_preset=&#8221;default&#8221; global_colors_info=&#8221;{}&#8221;][et_pb_text _builder_version=&#8221;4.14.8&#8243; _module_preset=&#8221;default&#8221; link_font=&#8221;bigjohn||||on|||#c02a69|&#8221; link_text_color=&#8221;#c02a69&#8243; link_font_size=&#8221;16px&#8221; global_colors_info=&#8221;{}&#8221;]<\/p>\n<p style=\"text-align: left;\"><a href=\"https:\/\/ljubljanapride.org\/2022\/manjsinski-stres-in-dusevno-zdravje-manjsinskih-skupnosti\/\">\u2190Prej\u0161nji dogodek<\/a><\/p>\n<p>[\/et_pb_text][\/et_pb_column][et_pb_column type=&#8221;1_2&#8243; _builder_version=&#8221;4.14.8&#8243; _module_preset=&#8221;default&#8221; global_colors_info=&#8221;{}&#8221;][et_pb_text _builder_version=&#8221;4.14.8&#8243; _module_preset=&#8221;default&#8221; link_font=&#8221;bigjohn||||on|||#c02a69|&#8221; link_text_color=&#8221;#c02a69&#8243; link_font_size=&#8221;16px&#8221; global_colors_info=&#8221;{}&#8221;]<\/p>\n<p style=\"text-align: right;\"><a href=\"https:\/\/ljubljanapride.org\/2022\/volitve-v-avtoritarnih-drzavah\/\">Naslednji dogodek \u2192<\/a><\/p>\n<p>[\/et_pb_text][\/et_pb_column][\/et_pb_row][et_pb_row _builder_version=&#8221;4.14.8&#8243; _module_preset=&#8221;default&#8221; global_colors_info=&#8221;{}&#8221;][et_pb_column type=&#8221;4_4&#8243; _builder_version=&#8221;4.14.8&#8243; _module_preset=&#8221;default&#8221; global_colors_info=&#8221;{}&#8221;][et_pb_image src=&#8221;https:\/\/ljubljanapride.org\/2022\/wp-content\/uploads\/2022\/05\/VOlitve_slo_fb-1-scaled.jpg&#8221; title_text=&#8221;VOlitve_slo_fb&#8221; _builder_version=&#8221;4.14.8&#8243; _module_preset=&#8221;default&#8221; hover_enabled=&#8221;0&#8243; box_shadow_style=&#8221;preset1&#8243; global_colors_info=&#8221;{}&#8221; sticky_enabled=&#8221;0&#8243;][\/et_pb_image][\/et_pb_column][\/et_pb_row][et_pb_row _builder_version=&#8221;4.14.8&#8243; _module_preset=&#8221;default&#8221; global_colors_info=&#8221;{}&#8221;][et_pb_column type=&#8221;4_4&#8243; _builder_version=&#8221;4.14.8&#8243; _module_preset=&#8221;default&#8221; global_colors_info=&#8221;{}&#8221;][et_pb_text _builder_version=&#8221;4.14.8&#8243; _module_preset=&#8221;default&#8221; header_3_font=&#8221;bigjohn||||||||&#8221; border_width_bottom=&#8221;4px&#8221; border_color_bottom=&#8221;#c02a69&#8243; global_colors_info=&#8221;{}&#8221;]<\/p>\n<h1 style=\"text-align: center;\">KAJ PRINA\u0160A LGBTIQ+ SKUPNOSTI OBDOBJE PO <br \/>DR\u017dAVNOZBORSKIH VOLITVAH?<\/h1>\n<h3 style=\"text-align: center;\">Okrogla miza<\/h3>\n<p>[\/et_pb_text][\/et_pb_column][\/et_pb_row][et_pb_row column_structure=&#8221;1_2,1_2&#8243; _builder_version=&#8221;4.14.8&#8243; _module_preset=&#8221;default&#8221; global_colors_info=&#8221;{}&#8221;][et_pb_column type=&#8221;1_2&#8243; _builder_version=&#8221;4.14.8&#8243; _module_preset=&#8221;default&#8221; global_colors_info=&#8221;{}&#8221;][et_pb_blurb title=&#8221;7. 6. 2022 ob 18:00\u201320:00&#8243; use_icon=&#8221;on&#8221; font_icon=&#8221;&#xf017;||fa||900&#8243; icon_color=&#8221;#c02a69&#8243; image_icon_width=&#8221;55px&#8221; _builder_version=&#8221;4.14.8&#8243; _module_preset=&#8221;default&#8221; header_font=&#8221;bigjohn||||||||&#8221; header_text_align=&#8221;center&#8221; global_colors_info=&#8221;{}&#8221;][\/et_pb_blurb][\/et_pb_column][et_pb_column type=&#8221;1_2&#8243; _builder_version=&#8221;4.14.8&#8243; _module_preset=&#8221;default&#8221; global_colors_info=&#8221;{}&#8221;][et_pb_blurb title=&#8221;AKC Metelkova, pred stavbo Lovci (Masarykova 24, Ljubljana)&#8221; use_icon=&#8221;on&#8221; font_icon=&#8221;&#xf3c5;||fa||900&#8243; icon_color=&#8221;#c02a69&#8243; image_icon_width=&#8221;55px&#8221; _builder_version=&#8221;4.14.8&#8243; _module_preset=&#8221;default&#8221; header_font=&#8221;bigjohn||||||||&#8221; header_text_align=&#8221;center&#8221; global_colors_info=&#8221;{}&#8221;][\/et_pb_blurb][\/et_pb_column][\/et_pb_row][et_pb_row _builder_version=&#8221;4.14.8&#8243; _module_preset=&#8221;default&#8221; global_colors_info=&#8221;{}&#8221;][et_pb_column type=&#8221;4_4&#8243; _builder_version=&#8221;4.14.8&#8243; _module_preset=&#8221;default&#8221; global_colors_info=&#8221;{}&#8221;][et_pb_text _builder_version=&#8221;4.14.8&#8243; _module_preset=&#8221;default&#8221; text_font_size=&#8221;16px&#8221; global_colors_info=&#8221;{}&#8221;]<\/p>\n<p style=\"text-align: center;\">Dogodek bo potekal v sloven\u0161\u010dini.<\/p>\n<p>Parlamentarne volitve v Sloveniji so spremenile tok zgodovine, ki se je za\u010dela pisati po zgledu Mad\u017earske, Poljske, Srbije in drugih avtoritarnih dr\u017eav. Ljudstvo je v dveh tretjinah volilo proti vladi Janeza Jan\u0161e in desnici. To, da smo volile_i skoraj izklju\u010dno eno stranko, ki je imela najve\u010dje mo\u017enosti, da premaga SDS, lahko ka\u017ee, da smo \u017eelele_i karkoli drugega kot politi\u010dno situacijo zadnjih dveh let. Pa vendar smo izvolile_i novo stranko, novi obraz, in s tem morda celo zanemarile_i stranke, ki se \u017ee leta (desetletja) borijo proti desni\u010darski prevladi.<\/p>\n<p>Na okrogli mizi se bomo pogovarjale_i z aktivistkami_i, strokovnjaki_njami ter predstavnicami_ki gibanj, ki so mobilizirala k udele\u017ebi na volitvah. Povpra\u0161ale_i jih bomo po pomenu izida volitev, po oceni prvih korakov nove vlade in po na\u010dinih, na katere se lahko LGBTIQ+ in druga gibanja mobiliziramo tudi v \u010dasu mandata nove vlade.<\/p>\n<p>*<strong>Alenka Kre\u010d Bricelj <\/strong>skupaj z Majo Rijavec vodi organizacijo Smetumet. Zadnjih deset let posku\u0161a predvsem razumeti smeti in njim podobne neugodne pojave v svetu. \u0160e vedno ima ve\u010d vpra\u0161anj kot odgovorov. Njene priljubljene metode dela so: grajenje od spodaj navzgor, postavljanje stvari na glavo, prevpra\u0161evanje avtoritet in pitje kave. Osnova njenega dela je oblikovanje in prodaja trajnostnih\/zero waste izdelkov (npr. torbe iz odpadnih cerad) in vodenje razli\u010dnih projektov ozave\u0161\u010danja.<\/p>\n<p>*<strong>Lana Gobec<\/strong>\u00a0se je Legebitri pridru\u017eila januarja 2015. Aktivno je sodelovala pri promociji sprejetja amandmaja o enakosti zakonskih zvez spomladi 2015 in kasneje v referendumski kampanji o enakosti zakonskih zvezi decembra 2015. Preden se je pridru\u017eila Legebitri je bila pripravnica pri Evropskem\u00a0poslancu in aktivna v liberalni politi\u010dni mladinski sekciji. Ve\u010dinoma se ukvarja z zagovorni\u0161tvom in ozave\u0161\u010danjem o LGBTI temah.<\/p>\n<div><\/div>\n<p>*<strong>Maja Cimerman<\/strong> je vodja organizacije Danes je nov dan, kjer skrbi predvsem za projekte o dru\u017ebeni odgovornosti, transparentnosti in odpiranju javnih institucij. Je izvrstna debaterka z bogatimi mednarodnimi izku\u0161njami pri pou\u010devanju debaterstva in kriti\u010dnega mi\u0161ljenja.<\/p>\n<p>*<strong>Tea Jarc<\/strong>, \u010dlanica Civilne iniciative glas ljudstva in vidna udele\u017eenka petkovih protestov, je bila na za\u010detku sindikalne poti aktivistka Sindikata Mladi plus, pozneje so jo dvakrat izvolili za njegovo predsednico, ves \u010das pa na sindikatu dela na ve\u010d projektih. Sicer se ukvarja predvsem s podro\u010djem zagovorni\u0161tva, tako pri delovni zakonodaji kot \u0161ir\u0161e pri polo\u017eaju mladih oziroma mladinski politiki.<\/p>\n<p>*<strong>Simona Mur\u0161ec<\/strong> je predsednica Dru\u0161tva Parada ponosa, trenerka neformalnega izobra\u017eevanja, mladinska delavka, diplomantka mednarodnih odnosov, finan\u010dna mened\u017eerka in aktivistka za \u010dlovekove pravice. Ob vseh vlogah, ki jih dnevno zavzema, sta ji spodbujanje mladih za dru\u017ebeni aktivizem ter boj za pravi\u010dnej\u0161i svet najpomembnej\u0161i.<\/p>\n<p>[\/et_pb_text][\/et_pb_column][\/et_pb_row][\/et_pb_section]<\/p>\n","protected":false},"excerpt":{"rendered":"<p>\u2190Prej\u0161nji dogodekNaslednji dogodek \u2192KAJ PRINA\u0160A LGBTIQ+ SKUPNOSTI OBDOBJE PO DR\u017dAVNOZBORSKIH VOLITVAH? Okrogla mizaDogodek bo potekal v sloven\u0161\u010dini. Parlamentarne volitve v Sloveniji so spremenile tok zgodovine, ki se je za\u010dela pisati [&hellip;]<\/p>\n","protected":false},"author":1,"featured_media":6729,"parent":0,"menu_order":0,"comment_status":"closed","ping_status":"closed","template":"","meta":{"_et_pb_use_builder":"on","_et_pb_old_content":"<!-- wp:divi\/placeholder \/-->","_et_gb_content_width":""},"yoast_head":"<!-- This site is optimized with the Yoast SEO plugin v20.3 - https:\/\/yoast.com\/wordpress\/plugins\/seo\/ -->\n<title>Kaj prina\u0161a LGBTIQ+ skupnosti obdobje po dr\u017eavnozborskih volitvah? - Ljubljana Pride 2022<\/title>\n<meta name=\"robots\" content=\"index, follow, max-snippet:-1, max-image-preview:large, max-video-preview:-1\" \/>\n<link rel=\"canonical\" href=\"https:\/\/ljubljanapride.org\/2022\/kaj-prinasa-lgbtiq-skupnosti-obdobje-po-drzavnozborskih-volitvah\/\" \/>\n<meta property=\"og:locale\" content=\"sl_SI\" \/>\n<meta property=\"og:type\" content=\"article\" \/>\n<meta property=\"og:title\" content=\"Kaj prina\u0161a LGBTIQ+ skupnosti obdobje po dr\u017eavnozborskih volitvah? - Ljubljana Pride 2022\" \/>\n<meta property=\"og:description\" content=\"\u2190Prej\u0161nji dogodekNaslednji dogodek \u2192KAJ PRINA\u0160A LGBTIQ+ SKUPNOSTI OBDOBJE PO DR\u017dAVNOZBORSKIH VOLITVAH? Okrogla mizaDogodek bo potekal v sloven\u0161\u010dini. Parlamentarne volitve v Sloveniji so spremenile tok zgodovine, ki se je za\u010dela pisati [&hellip;]\" \/>\n<meta property=\"og:url\" content=\"https:\/\/ljubljanapride.org\/2022\/kaj-prinasa-lgbtiq-skupnosti-obdobje-po-drzavnozborskih-volitvah\/\" \/>\n<meta property=\"og:site_name\" content=\"Ljubljana Pride 2022\" \/>\n<meta property=\"article:modified_time\" content=\"2022-05-24T09:51:02+00:00\" \/>\n<meta property=\"og:image\" content=\"https:\/\/ljubljanapride.org\/2022\/wp-content\/uploads\/2022\/05\/VOlitve_slo_fb-scaled.jpg\" \/>\n\t<meta property=\"og:image:width\" content=\"2560\" \/>\n\t<meta property=\"og:image:height\" content=\"1340\" \/>\n\t<meta property=\"og:image:type\" content=\"image\/jpeg\" \/>\n<meta name=\"twitter:card\" content=\"summary_large_image\" \/>\n<script type=\"application\/ld+json\" class=\"yoast-schema-graph\">{\"@context\":\"https:\/\/schema.org\",\"@graph\":[{\"@type\":\"WebPage\",\"@id\":\"https:\/\/ljubljanapride.org\/2022\/kaj-prinasa-lgbtiq-skupnosti-obdobje-po-drzavnozborskih-volitvah\/\",\"url\":\"https:\/\/ljubljanapride.org\/2022\/kaj-prinasa-lgbtiq-skupnosti-obdobje-po-drzavnozborskih-volitvah\/\",\"name\":\"Kaj prina\u0161a LGBTIQ+ skupnosti obdobje po dr\u017eavnozborskih volitvah? - Ljubljana Pride 2022\",\"isPartOf\":{\"@id\":\"https:\/\/ljubljanapride.org\/2022\/#website\"},\"datePublished\":\"2022-05-21T02:57:16+00:00\",\"dateModified\":\"2022-05-24T09:51:02+00:00\",\"breadcrumb\":{\"@id\":\"https:\/\/ljubljanapride.org\/2022\/kaj-prinasa-lgbtiq-skupnosti-obdobje-po-drzavnozborskih-volitvah\/#breadcrumb\"},\"inLanguage\":\"sl-SI\",\"potentialAction\":[{\"@type\":\"ReadAction\",\"target\":[\"https:\/\/ljubljanapride.org\/2022\/kaj-prinasa-lgbtiq-skupnosti-obdobje-po-drzavnozborskih-volitvah\/\"]}]},{\"@type\":\"BreadcrumbList\",\"@id\":\"https:\/\/ljubljanapride.org\/2022\/kaj-prinasa-lgbtiq-skupnosti-obdobje-po-drzavnozborskih-volitvah\/#breadcrumb\",\"itemListElement\":[{\"@type\":\"ListItem\",\"position\":1,\"name\":\"Home\",\"item\":\"https:\/\/ljubljanapride.org\/2022\/\"},{\"@type\":\"ListItem\",\"position\":2,\"name\":\"Kaj prina\u0161a LGBTIQ+ skupnosti obdobje po dr\u017eavnozborskih volitvah?\"}]},{\"@type\":\"WebSite\",\"@id\":\"https:\/\/ljubljanapride.org\/2022\/#website\",\"url\":\"https:\/\/ljubljanapride.org\/2022\/\",\"name\":\"Ljubljana Pride 2022\",\"description\":\"\u010cas je za mavri\u010dni glas\",\"potentialAction\":[{\"@type\":\"SearchAction\",\"target\":{\"@type\":\"EntryPoint\",\"urlTemplate\":\"https:\/\/ljubljanapride.org\/2022\/?s={search_term_string}\"},\"query-input\":\"required name=search_term_string\"}],\"inLanguage\":\"sl-SI\"}]}<\/script>\n<!-- \/ Yoast SEO plugin. -->","yoast_head_json":{"title":"Kaj prina\u0161a LGBTIQ+ skupnosti obdobje po dr\u017eavnozborskih volitvah? - Ljubljana Pride 2022","robots":{"index":"index","follow":"follow","max-snippet":"max-snippet:-1","max-image-preview":"max-image-preview:large","max-video-preview":"max-video-preview:-1"},"canonical":"https:\/\/ljubljanapride.org\/2022\/kaj-prinasa-lgbtiq-skupnosti-obdobje-po-drzavnozborskih-volitvah\/","og_locale":"sl_SI","og_type":"article","og_title":"Kaj prina\u0161a LGBTIQ+ skupnosti obdobje po dr\u017eavnozborskih volitvah? - Ljubljana Pride 2022","og_description":"\u2190Prej\u0161nji dogodekNaslednji dogodek \u2192KAJ PRINA\u0160A LGBTIQ+ SKUPNOSTI OBDOBJE PO DR\u017dAVNOZBORSKIH VOLITVAH? Okrogla mizaDogodek bo potekal v sloven\u0161\u010dini. Parlamentarne volitve v Sloveniji so spremenile tok zgodovine, ki se je za\u010dela pisati [&hellip;]","og_url":"https:\/\/ljubljanapride.org\/2022\/kaj-prinasa-lgbtiq-skupnosti-obdobje-po-drzavnozborskih-volitvah\/","og_site_name":"Ljubljana Pride 2022","article_modified_time":"2022-05-24T09:51:02+00:00","og_image":[{"width":2560,"height":1340,"url":"https:\/\/ljubljanapride.org\/2022\/wp-content\/uploads\/2022\/05\/VOlitve_slo_fb-scaled.jpg","type":"image\/jpeg"}],"twitter_card":"summary_large_image","schema":{"@context":"https:\/\/schema.org","@graph":[{"@type":"WebPage","@id":"https:\/\/ljubljanapride.org\/2022\/kaj-prinasa-lgbtiq-skupnosti-obdobje-po-drzavnozborskih-volitvah\/","url":"https:\/\/ljubljanapride.org\/2022\/kaj-prinasa-lgbtiq-skupnosti-obdobje-po-drzavnozborskih-volitvah\/","name":"Kaj prina\u0161a LGBTIQ+ skupnosti obdobje po dr\u017eavnozborskih volitvah? - Ljubljana Pride 2022","isPartOf":{"@id":"https:\/\/ljubljanapride.org\/2022\/#website"},"datePublished":"2022-05-21T02:57:16+00:00","dateModified":"2022-05-24T09:51:02+00:00","breadcrumb":{"@id":"https:\/\/ljubljanapride.org\/2022\/kaj-prinasa-lgbtiq-skupnosti-obdobje-po-drzavnozborskih-volitvah\/#breadcrumb"},"inLanguage":"sl-SI","potentialAction":[{"@type":"ReadAction","target":["https:\/\/ljubljanapride.org\/2022\/kaj-prinasa-lgbtiq-skupnosti-obdobje-po-drzavnozborskih-volitvah\/"]}]},{"@type":"BreadcrumbList","@id":"https:\/\/ljubljanapride.org\/2022\/kaj-prinasa-lgbtiq-skupnosti-obdobje-po-drzavnozborskih-volitvah\/#breadcrumb","itemListElement":[{"@type":"ListItem","position":1,"name":"Home","item":"https:\/\/ljubljanapride.org\/2022\/"},{"@type":"ListItem","position":2,"name":"Kaj prina\u0161a LGBTIQ+ skupnosti obdobje po dr\u017eavnozborskih volitvah?"}]},{"@type":"WebSite","@id":"https:\/\/ljubljanapride.org\/2022\/#website","url":"https:\/\/ljubljanapride.org\/2022\/","name":"Ljubljana Pride 2022","description":"\u010cas je za mavri\u010dni glas","potentialAction":[{"@type":"SearchAction","target":{"@type":"EntryPoint","urlTemplate":"https:\/\/ljubljanapride.org\/2022\/?s={search_term_string}"},"query-input":"required name=search_term_string"}],"inLanguage":"sl-SI"}]}},"_links":{"self":[{"href":"https:\/\/ljubljanapride.org\/2022\/wp-json\/wp\/v2\/pages\/6728"}],"collection":[{"href":"https:\/\/ljubljanapride.org\/2022\/wp-json\/wp\/v2\/pages"}],"about":[{"href":"https:\/\/ljubljanapride.org\/2022\/wp-json\/wp\/v2\/types\/page"}],"author":[{"embeddable":true,"href":"https:\/\/ljubljanapride.org\/2022\/wp-json\/wp\/v2\/users\/1"}],"replies":[{"embeddable":true,"href":"https:\/\/ljubljanapride.org\/2022\/wp-json\/wp\/v2\/comments?post=6728"}],"version-history":[{"count":7,"href":"https:\/\/ljubljanapride.org\/2022\/wp-json\/wp\/v2\/pages\/6728\/revisions"}],"predecessor-version":[{"id":6893,"href":"https:\/\/ljubljanapride.org\/2022\/wp-json\/wp\/v2\/pages\/6728\/revisions\/6893"}],"wp:featuredmedia":[{"embeddable":true,"href":"https:\/\/ljubljanapride.org\/2022\/wp-json\/wp\/v2\/media\/6729"}],"wp:attachment":[{"href":"https:\/\/ljubljanapride.org\/2022\/wp-json\/wp\/v2\/media?parent=6728"}],"curies":[{"name":"wp","href":"https:\/\/api.w.org\/{rel}","templated":true}]}}