{"id":6788,"date":"2022-05-23T10:30:27","date_gmt":"2022-05-23T09:30:27","guid":{"rendered":"https:\/\/ljubljanapride.org\/2022\/?page_id=6788"},"modified":"2022-05-23T10:52:57","modified_gmt":"2022-05-23T09:52:57","slug":"podpora-lgbtiq-begunkam_cem-iz-ukrajine","status":"publish","type":"page","link":"https:\/\/ljubljanapride.org\/2022\/podpora-lgbtiq-begunkam_cem-iz-ukrajine\/","title":{"rendered":"Podpora LGBTIQ+ begunkam_cem iz Ukrajine"},"content":{"rendered":"<p>[et_pb_section fb_built=&#8221;1&#8243; _builder_version=&#8221;4.14.8&#8243; _module_preset=&#8221;default&#8221; background_color=&#8221;#FFFFFF&#8221; global_colors_info=&#8221;{}&#8221;][et_pb_row column_structure=&#8221;1_2,1_2&#8243; _builder_version=&#8221;4.14.8&#8243; _module_preset=&#8221;default&#8221; custom_padding=&#8221;0px||0px||false|false&#8221; global_colors_info=&#8221;{}&#8221;][et_pb_column type=&#8221;1_2&#8243; _builder_version=&#8221;4.14.8&#8243; _module_preset=&#8221;default&#8221; global_colors_info=&#8221;{}&#8221;][et_pb_text _builder_version=&#8221;4.14.8&#8243; _module_preset=&#8221;default&#8221; link_font=&#8221;bigjohn||||on|||#c02a69|&#8221; link_text_color=&#8221;#c02a69&#8243; link_font_size=&#8221;16px&#8221; global_colors_info=&#8221;{}&#8221;]<\/p>\n<p style=\"text-align: left;\"><a href=\"https:\/\/ljubljanapride.org\/2022\/kvirkoli\/\">\u2190Prej\u0161nji dogodek<\/a><\/p>\n<p>[\/et_pb_text][\/et_pb_column][et_pb_column type=&#8221;1_2&#8243; _builder_version=&#8221;4.14.8&#8243; _module_preset=&#8221;default&#8221; global_colors_info=&#8221;{}&#8221;][et_pb_text _builder_version=&#8221;4.14.8&#8243; _module_preset=&#8221;default&#8221; link_font=&#8221;bigjohn||||on|||#c02a69|&#8221; link_text_color=&#8221;#c02a69&#8243; link_font_size=&#8221;16px&#8221; hover_enabled=&#8221;0&#8243; global_colors_info=&#8221;{}&#8221; sticky_enabled=&#8221;0&#8243;]<\/p>\n<p style=\"text-align: right;\"><a href=\"https:\/\/ljubljanapride.org\/2022\/romeo-de-la-cruz-101-drag-king-delavnica\/\">Naslednji dogodek \u2192<\/a><\/p>\n<p>[\/et_pb_text][\/et_pb_column][\/et_pb_row][et_pb_row _builder_version=&#8221;4.14.8&#8243; _module_preset=&#8221;default&#8221; global_colors_info=&#8221;{}&#8221;][et_pb_column type=&#8221;4_4&#8243; _builder_version=&#8221;4.14.8&#8243; _module_preset=&#8221;default&#8221; global_colors_info=&#8221;{}&#8221;][et_pb_image src=&#8221;https:\/\/ljubljanapride.org\/2022\/wp-content\/uploads\/2022\/05\/LGBTIQ-begunke_fb-scaled.jpg&#8221; title_text=&#8221;LGBTIQ+ begunke_fb&#8221; _builder_version=&#8221;4.14.8&#8243; _module_preset=&#8221;default&#8221; box_shadow_style=&#8221;preset1&#8243; global_colors_info=&#8221;{}&#8221;][\/et_pb_image][\/et_pb_column][\/et_pb_row][et_pb_row _builder_version=&#8221;4.14.8&#8243; _module_preset=&#8221;default&#8221; global_colors_info=&#8221;{}&#8221;][et_pb_column type=&#8221;4_4&#8243; _builder_version=&#8221;4.14.8&#8243; _module_preset=&#8221;default&#8221; global_colors_info=&#8221;{}&#8221;][et_pb_text _builder_version=&#8221;4.14.8&#8243; _module_preset=&#8221;default&#8221; header_3_font=&#8221;bigjohn||||||||&#8221; border_width_bottom=&#8221;4px&#8221; border_color_bottom=&#8221;#c02a69&#8243; global_colors_info=&#8221;{}&#8221;]<\/p>\n<h1 style=\"text-align: center;\">PODPORA LGBTIQ+ BEGUNKAM_CEM IZ UKRAJINE<\/h1>\n<h3 style=\"text-align: center;\">Okrogla miza<\/h3>\n<p>[\/et_pb_text][\/et_pb_column][\/et_pb_row][et_pb_row column_structure=&#8221;1_2,1_2&#8243; _builder_version=&#8221;4.14.8&#8243; _module_preset=&#8221;default&#8221; global_colors_info=&#8221;{}&#8221;][et_pb_column type=&#8221;1_2&#8243; _builder_version=&#8221;4.14.8&#8243; _module_preset=&#8221;default&#8221; global_colors_info=&#8221;{}&#8221;][et_pb_blurb title=&#8221;9. 6. 2022 ob 18:30\u201320:00&#8243; use_icon=&#8221;on&#8221; font_icon=&#8221;&#xf017;||fa||900&#8243; icon_color=&#8221;#c02a69&#8243; image_icon_width=&#8221;55px&#8221; _builder_version=&#8221;4.14.8&#8243; _module_preset=&#8221;default&#8221; header_font=&#8221;bigjohn||||||||&#8221; header_text_align=&#8221;center&#8221; global_colors_info=&#8221;{}&#8221;][\/et_pb_blurb][\/et_pb_column][et_pb_column type=&#8221;1_2&#8243; _builder_version=&#8221;4.14.8&#8243; _module_preset=&#8221;default&#8221; global_colors_info=&#8221;{}&#8221;][et_pb_blurb title=&#8221;Pritli\u010dje (Mestni trg 2, Ljubljana)&#8221; use_icon=&#8221;on&#8221; font_icon=&#8221;&#xf3c5;||fa||900&#8243; icon_color=&#8221;#c02a69&#8243; image_icon_width=&#8221;55px&#8221; _builder_version=&#8221;4.14.8&#8243; _module_preset=&#8221;default&#8221; header_font=&#8221;bigjohn||||||||&#8221; header_text_align=&#8221;center&#8221; global_colors_info=&#8221;{}&#8221;][\/et_pb_blurb][\/et_pb_column][\/et_pb_row][et_pb_row _builder_version=&#8221;4.14.8&#8243; _module_preset=&#8221;default&#8221; global_colors_info=&#8221;{}&#8221;][et_pb_column type=&#8221;4_4&#8243; _builder_version=&#8221;4.14.8&#8243; _module_preset=&#8221;default&#8221; global_colors_info=&#8221;{}&#8221;][et_pb_text _builder_version=&#8221;4.14.8&#8243; _module_preset=&#8221;default&#8221; text_font_size=&#8221;16px&#8221; global_colors_info=&#8221;{}&#8221;]<\/p>\n<p style=\"text-align: center;\">Dogodek bo potekal v angle\u0161\u010dini.<\/p>\n<p style=\"text-align: justify;\">Vojna v Ukrajini je po Evropi spro\u017eila najrazli\u010dnej\u0161e oblike podpore begunkam_cem. LGBTIQ+ skupnost se je izjemno hitro mobilizirala ter v dr\u017eavah, kot sta Mad\u017earska in Slova\u0161ka, vzpostavila LGBTIQ+ specifi\u010dne begunske centre, prehodne namestitve, podporo v obliki zdravil za transspolne osebe, higienske pripomo\u010dke, druge materialne dobrine, svetovanje \u2026 Po drugi strani pa vemo, da na\u0161e dr\u017eave v o\u010deh LGBTIQ+ oseb iz tujine, tudi iz Ukrajine, ne u\u017eivajo posebej dobrega ugleda. Veljajo za nevarne, nesprejemajo\u010de, transfobne, zaprte \u2026 Vemo, da si LGBTIQ+ begunke_ci za kon\u010dno destinacijo pogosteje izberejo Berlin ali pa morda Amsterdam \u2026 Kaj lahko na\u0161a okolja sploh nudijo LGBTIQ+ ljudem v stiski, na begu pred vojno? Zakaj so LGBTIQ+ begunke_ci v \u0161e posebej ranljivem polo\u017eaju? Katera so specifi\u010dna tveganja zaradi intersekcijske diskriminacije na podlagi etni\u010dne pripadnosti, spolne identitete, spolnega izraza in spolne usmerjenosti? Katere oblike podpore so najbolj pomembne, najbolj potrebne in najbolj trajnostne? Kako sta videti mednarodno LGBTIQ+ povezovanje in mednarodna solidarnost v odnosu do LGBTIQ+ begunk_cev iz Ukrajine in do vseh drugih LGBTIQ+ begunk_cev iz drugih koncev sveta?\u00a0<\/p>\n<p>Razpravljale_i bomo skupaj z gostjami_i, ki so same_i aktivno vklju\u010dene_i v mobilizacijo podpore za LGBTIQ+ begunke_ce in nam bodo izku\u0161nje delile_i iz prve roke.<\/p>\n<p>*<strong>Robert Furiel<\/strong> je ustanovitelj in direktor SAPLINQ, o.z., LGBT+ nevladne organizacije na vzhodu Slova\u0161ke. Z raznovrstnimi oblikami aktivizma se ukvarja \u017ee od srednje\u0161olskih let, med drugim tudi pri Paradi ponosa Bratislava in kvir \u0161tudentski organizaciji Charlie na Karlovi univerzi v Pragi. Robert je obenem trener neformalnega izobra\u017eevanja, strasten bralec in ponosna mama dvema ma\u010dkama.<\/p>\n<p>*<strong>Maryna Shevtsova<\/strong> je postdoktorska raziskovalka na Fakulteti za dru\u017ebene vede v Ljubljani, politologinja, aktivistka za LGBTQ pravice in avtorica ve\u010d publikacij. Je \u010dlanica organizacije TERGO, ki v Kijevu dela s star\u0161i LGBTQ oseb in z delavci v vzgoji in izobra\u017eevanju, in sicer si prizadeva za vzpostavljanje zdravega \u0161olskega okolja za LGBTQ najstnice_ke v Ukrajini.<\/p>\n<p>*<strong>Krisztof Bartucz<\/strong> sodeluje pri Paradi ponosa Budimpe\u0161ta od leta 2020. Trenutno bdi nad skupnostnim organiziranjem in je zadol\u017een za sestavo programa tamkaj\u0161nje 27. parade ponosa.<\/p>\n<p>*<strong>Krzysztof Kliszczy\u0144ski<\/strong> je sociolog, akademski predavatelj, alumni \u0160ole za \u010dlovekove pravice helsin\u0161ke fundacije za \u010dlovekove pravice, LGBT+ aktivist in soustanovitelj dru\u0161tva Lambda Var\u0161ava. Kot sociolog se posve\u010da predvsem urbanizmu, kot nevladnik pa podpori LGBTIQ+ manj\u0161ini.<\/p>\n<p>*<strong>Pawe\u0142 Mamzer <\/strong>je \u0161tudent psihologije, prostovoljec in LGBTQIAP aktivist. Z Lambdo Var\u0161ava sodeluje zadnje leto, odkar je bil ustanovljen podporni center za LGBTQIAP begunke_ce iz Ukrajine, pa koordinira ta projekt.<\/p>\n<p>*<strong>Eva Gra\u010danin<\/strong> pri dru\u0161tvu Legebitra dela trinajsto leto in se poleg finan\u010dnega in administrativnega poslovanja dru\u0161tva ukvarja tudi s podporo LGBTIQ+ ljudem v prisilnih migracijah.<\/p>\n<p>[\/et_pb_text][\/et_pb_column][\/et_pb_row][\/et_pb_section]<\/p>\n","protected":false},"excerpt":{"rendered":"<p>\u2190Prej\u0161nji dogodekNaslednji dogodek \u2192PODPORA LGBTIQ+ BEGUNKAM_CEM IZ UKRAJINE Okrogla mizaDogodek bo potekal v angle\u0161\u010dini. Vojna v Ukrajini je po Evropi spro\u017eila najrazli\u010dnej\u0161e oblike podpore begunkam_cem. LGBTIQ+ skupnost se je izjemno [&hellip;]<\/p>\n","protected":false},"author":1,"featured_media":6789,"parent":0,"menu_order":0,"comment_status":"closed","ping_status":"closed","template":"","meta":{"_et_pb_use_builder":"on","_et_pb_old_content":"","_et_gb_content_width":""},"yoast_head":"<!-- This site is optimized with the Yoast SEO plugin v20.3 - https:\/\/yoast.com\/wordpress\/plugins\/seo\/ -->\n<title>Podpora LGBTIQ+ begunkam_cem iz Ukrajine - Ljubljana Pride 2022<\/title>\n<meta name=\"robots\" content=\"index, follow, max-snippet:-1, max-image-preview:large, max-video-preview:-1\" \/>\n<link rel=\"canonical\" href=\"https:\/\/ljubljanapride.org\/2022\/podpora-lgbtiq-begunkam_cem-iz-ukrajine\/\" \/>\n<meta property=\"og:locale\" content=\"sl_SI\" \/>\n<meta property=\"og:type\" content=\"article\" \/>\n<meta property=\"og:title\" content=\"Podpora LGBTIQ+ begunkam_cem iz Ukrajine - Ljubljana Pride 2022\" \/>\n<meta property=\"og:description\" content=\"\u2190Prej\u0161nji dogodekNaslednji dogodek \u2192PODPORA LGBTIQ+ BEGUNKAM_CEM IZ UKRAJINE Okrogla mizaDogodek bo potekal v angle\u0161\u010dini. Vojna v Ukrajini je po Evropi spro\u017eila najrazli\u010dnej\u0161e oblike podpore begunkam_cem. LGBTIQ+ skupnost se je izjemno [&hellip;]\" \/>\n<meta property=\"og:url\" content=\"https:\/\/ljubljanapride.org\/2022\/podpora-lgbtiq-begunkam_cem-iz-ukrajine\/\" \/>\n<meta property=\"og:site_name\" content=\"Ljubljana Pride 2022\" \/>\n<meta property=\"article:modified_time\" content=\"2022-05-23T09:52:57+00:00\" \/>\n<meta property=\"og:image\" content=\"https:\/\/ljubljanapride.org\/2022\/wp-content\/uploads\/2022\/05\/LGBTIQ-begunke_fb-scaled.jpg\" \/>\n\t<meta property=\"og:image:width\" content=\"2560\" \/>\n\t<meta property=\"og:image:height\" content=\"1340\" \/>\n\t<meta property=\"og:image:type\" content=\"image\/jpeg\" \/>\n<meta name=\"twitter:card\" content=\"summary_large_image\" \/>\n<script type=\"application\/ld+json\" class=\"yoast-schema-graph\">{\"@context\":\"https:\/\/schema.org\",\"@graph\":[{\"@type\":\"WebPage\",\"@id\":\"https:\/\/ljubljanapride.org\/2022\/podpora-lgbtiq-begunkam_cem-iz-ukrajine\/\",\"url\":\"https:\/\/ljubljanapride.org\/2022\/podpora-lgbtiq-begunkam_cem-iz-ukrajine\/\",\"name\":\"Podpora LGBTIQ+ begunkam_cem iz Ukrajine - Ljubljana Pride 2022\",\"isPartOf\":{\"@id\":\"https:\/\/ljubljanapride.org\/2022\/#website\"},\"datePublished\":\"2022-05-23T09:30:27+00:00\",\"dateModified\":\"2022-05-23T09:52:57+00:00\",\"breadcrumb\":{\"@id\":\"https:\/\/ljubljanapride.org\/2022\/podpora-lgbtiq-begunkam_cem-iz-ukrajine\/#breadcrumb\"},\"inLanguage\":\"sl-SI\",\"potentialAction\":[{\"@type\":\"ReadAction\",\"target\":[\"https:\/\/ljubljanapride.org\/2022\/podpora-lgbtiq-begunkam_cem-iz-ukrajine\/\"]}]},{\"@type\":\"BreadcrumbList\",\"@id\":\"https:\/\/ljubljanapride.org\/2022\/podpora-lgbtiq-begunkam_cem-iz-ukrajine\/#breadcrumb\",\"itemListElement\":[{\"@type\":\"ListItem\",\"position\":1,\"name\":\"Home\",\"item\":\"https:\/\/ljubljanapride.org\/2022\/\"},{\"@type\":\"ListItem\",\"position\":2,\"name\":\"Podpora LGBTIQ+ begunkam_cem iz Ukrajine\"}]},{\"@type\":\"WebSite\",\"@id\":\"https:\/\/ljubljanapride.org\/2022\/#website\",\"url\":\"https:\/\/ljubljanapride.org\/2022\/\",\"name\":\"Ljubljana Pride 2022\",\"description\":\"\u010cas je za mavri\u010dni glas\",\"potentialAction\":[{\"@type\":\"SearchAction\",\"target\":{\"@type\":\"EntryPoint\",\"urlTemplate\":\"https:\/\/ljubljanapride.org\/2022\/?s={search_term_string}\"},\"query-input\":\"required name=search_term_string\"}],\"inLanguage\":\"sl-SI\"}]}<\/script>\n<!-- \/ Yoast SEO plugin. -->","yoast_head_json":{"title":"Podpora LGBTIQ+ begunkam_cem iz Ukrajine - Ljubljana Pride 2022","robots":{"index":"index","follow":"follow","max-snippet":"max-snippet:-1","max-image-preview":"max-image-preview:large","max-video-preview":"max-video-preview:-1"},"canonical":"https:\/\/ljubljanapride.org\/2022\/podpora-lgbtiq-begunkam_cem-iz-ukrajine\/","og_locale":"sl_SI","og_type":"article","og_title":"Podpora LGBTIQ+ begunkam_cem iz Ukrajine - Ljubljana Pride 2022","og_description":"\u2190Prej\u0161nji dogodekNaslednji dogodek \u2192PODPORA LGBTIQ+ BEGUNKAM_CEM IZ UKRAJINE Okrogla mizaDogodek bo potekal v angle\u0161\u010dini. Vojna v Ukrajini je po Evropi spro\u017eila najrazli\u010dnej\u0161e oblike podpore begunkam_cem. LGBTIQ+ skupnost se je izjemno [&hellip;]","og_url":"https:\/\/ljubljanapride.org\/2022\/podpora-lgbtiq-begunkam_cem-iz-ukrajine\/","og_site_name":"Ljubljana Pride 2022","article_modified_time":"2022-05-23T09:52:57+00:00","og_image":[{"width":2560,"height":1340,"url":"https:\/\/ljubljanapride.org\/2022\/wp-content\/uploads\/2022\/05\/LGBTIQ-begunke_fb-scaled.jpg","type":"image\/jpeg"}],"twitter_card":"summary_large_image","schema":{"@context":"https:\/\/schema.org","@graph":[{"@type":"WebPage","@id":"https:\/\/ljubljanapride.org\/2022\/podpora-lgbtiq-begunkam_cem-iz-ukrajine\/","url":"https:\/\/ljubljanapride.org\/2022\/podpora-lgbtiq-begunkam_cem-iz-ukrajine\/","name":"Podpora LGBTIQ+ begunkam_cem iz Ukrajine - Ljubljana Pride 2022","isPartOf":{"@id":"https:\/\/ljubljanapride.org\/2022\/#website"},"datePublished":"2022-05-23T09:30:27+00:00","dateModified":"2022-05-23T09:52:57+00:00","breadcrumb":{"@id":"https:\/\/ljubljanapride.org\/2022\/podpora-lgbtiq-begunkam_cem-iz-ukrajine\/#breadcrumb"},"inLanguage":"sl-SI","potentialAction":[{"@type":"ReadAction","target":["https:\/\/ljubljanapride.org\/2022\/podpora-lgbtiq-begunkam_cem-iz-ukrajine\/"]}]},{"@type":"BreadcrumbList","@id":"https:\/\/ljubljanapride.org\/2022\/podpora-lgbtiq-begunkam_cem-iz-ukrajine\/#breadcrumb","itemListElement":[{"@type":"ListItem","position":1,"name":"Home","item":"https:\/\/ljubljanapride.org\/2022\/"},{"@type":"ListItem","position":2,"name":"Podpora LGBTIQ+ begunkam_cem iz Ukrajine"}]},{"@type":"WebSite","@id":"https:\/\/ljubljanapride.org\/2022\/#website","url":"https:\/\/ljubljanapride.org\/2022\/","name":"Ljubljana Pride 2022","description":"\u010cas je za mavri\u010dni glas","potentialAction":[{"@type":"SearchAction","target":{"@type":"EntryPoint","urlTemplate":"https:\/\/ljubljanapride.org\/2022\/?s={search_term_string}"},"query-input":"required name=search_term_string"}],"inLanguage":"sl-SI"}]}},"_links":{"self":[{"href":"https:\/\/ljubljanapride.org\/2022\/wp-json\/wp\/v2\/pages\/6788"}],"collection":[{"href":"https:\/\/ljubljanapride.org\/2022\/wp-json\/wp\/v2\/pages"}],"about":[{"href":"https:\/\/ljubljanapride.org\/2022\/wp-json\/wp\/v2\/types\/page"}],"author":[{"embeddable":true,"href":"https:\/\/ljubljanapride.org\/2022\/wp-json\/wp\/v2\/users\/1"}],"replies":[{"embeddable":true,"href":"https:\/\/ljubljanapride.org\/2022\/wp-json\/wp\/v2\/comments?post=6788"}],"version-history":[{"count":3,"href":"https:\/\/ljubljanapride.org\/2022\/wp-json\/wp\/v2\/pages\/6788\/revisions"}],"predecessor-version":[{"id":6811,"href":"https:\/\/ljubljanapride.org\/2022\/wp-json\/wp\/v2\/pages\/6788\/revisions\/6811"}],"wp:featuredmedia":[{"embeddable":true,"href":"https:\/\/ljubljanapride.org\/2022\/wp-json\/wp\/v2\/media\/6789"}],"wp:attachment":[{"href":"https:\/\/ljubljanapride.org\/2022\/wp-json\/wp\/v2\/media?parent=6788"}],"curies":[{"name":"wp","href":"https:\/\/api.w.org\/{rel}","templated":true}]}}