{"id":6851,"date":"2022-05-23T12:48:51","date_gmt":"2022-05-23T11:48:51","guid":{"rendered":"https:\/\/ljubljanapride.org\/2022\/?page_id=6851"},"modified":"2022-05-23T13:11:10","modified_gmt":"2022-05-23T12:11:10","slug":"parada-ponosa","status":"publish","type":"page","link":"https:\/\/ljubljanapride.org\/2022\/parada-ponosa\/","title":{"rendered":"Parada ponosa"},"content":{"rendered":"<p>[et_pb_section fb_built=&#8221;1&#8243; _builder_version=&#8221;4.14.8&#8243; _module_preset=&#8221;default&#8221; background_color=&#8221;#FFFFFF&#8221; global_colors_info=&#8221;{}&#8221;][et_pb_row column_structure=&#8221;1_2,1_2&#8243; _builder_version=&#8221;4.14.8&#8243; _module_preset=&#8221;default&#8221; custom_padding=&#8221;0px||0px||false|false&#8221; global_colors_info=&#8221;{}&#8221;][et_pb_column type=&#8221;1_2&#8243; _builder_version=&#8221;4.14.8&#8243; _module_preset=&#8221;default&#8221; global_colors_info=&#8221;{}&#8221;][et_pb_text _builder_version=&#8221;4.14.8&#8243; _module_preset=&#8221;default&#8221; link_font=&#8221;bigjohn||||on|||#c02a69|&#8221; link_text_color=&#8221;#c02a69&#8243; link_font_size=&#8221;16px&#8221; global_colors_info=&#8221;{}&#8221;]<\/p>\n<p style=\"text-align: left;\"><a href=\"https:\/\/ljubljanapride.org\/2022\/paradno-mesto\/\">\u2190Prej\u0161nji dogodek<\/a><\/p>\n<p>[\/et_pb_text][\/et_pb_column][et_pb_column type=&#8221;1_2&#8243; _builder_version=&#8221;4.14.8&#8243; _module_preset=&#8221;default&#8221; global_colors_info=&#8221;{}&#8221;][et_pb_text _builder_version=&#8221;4.14.8&#8243; _module_preset=&#8221;default&#8221; link_font=&#8221;bigjohn||||on|||#c02a69|&#8221; link_text_color=&#8221;#c02a69&#8243; link_font_size=&#8221;16px&#8221; hover_enabled=&#8221;0&#8243; global_colors_info=&#8221;{}&#8221; sticky_enabled=&#8221;0&#8243;]<\/p>\n<p style=\"text-align: right;\"><a href=\"https:\/\/ljubljanapride.org\/2022\/zakljucni-bal\/\">Naslednji dogodek \u2192<\/a><\/p>\n<p>[\/et_pb_text][\/et_pb_column][\/et_pb_row][et_pb_row _builder_version=&#8221;4.14.8&#8243; _module_preset=&#8221;default&#8221; global_colors_info=&#8221;{}&#8221;][et_pb_column type=&#8221;4_4&#8243; _builder_version=&#8221;4.14.8&#8243; _module_preset=&#8221;default&#8221; global_colors_info=&#8221;{}&#8221;][et_pb_image src=&#8221;https:\/\/ljubljanapride.org\/2022\/wp-content\/uploads\/2022\/05\/Parada-ponosa_fb-scaled.jpg&#8221; title_text=&#8221;Parada ponosa_fb&#8221; _builder_version=&#8221;4.14.8&#8243; _module_preset=&#8221;default&#8221; box_shadow_style=&#8221;preset1&#8243; global_colors_info=&#8221;{}&#8221;][\/et_pb_image][\/et_pb_column][\/et_pb_row][et_pb_row _builder_version=&#8221;4.14.8&#8243; _module_preset=&#8221;default&#8221; global_colors_info=&#8221;{}&#8221;][et_pb_column type=&#8221;4_4&#8243; _builder_version=&#8221;4.14.8&#8243; _module_preset=&#8221;default&#8221; global_colors_info=&#8221;{}&#8221;][et_pb_text _builder_version=&#8221;4.14.8&#8243; _module_preset=&#8221;default&#8221; header_3_font=&#8221;bigjohn||||||||&#8221; border_width_bottom=&#8221;4px&#8221; border_color_bottom=&#8221;#c02a69&#8243; global_colors_info=&#8221;{}&#8221;]<\/p>\n<h1 style=\"text-align: center;\">PARADA PONOSA<\/h1>\n<p>[\/et_pb_text][\/et_pb_column][\/et_pb_row][et_pb_row column_structure=&#8221;1_2,1_2&#8243; _builder_version=&#8221;4.14.8&#8243; _module_preset=&#8221;default&#8221; global_colors_info=&#8221;{}&#8221;][et_pb_column type=&#8221;1_2&#8243; _builder_version=&#8221;4.14.8&#8243; _module_preset=&#8221;default&#8221; global_colors_info=&#8221;{}&#8221;][et_pb_blurb title=&#8221;11. 6. 2022 ob 17:00\u201323:00&#8243; use_icon=&#8221;on&#8221; font_icon=&#8221;&#xf017;||fa||900&#8243; icon_color=&#8221;#c02a69&#8243; image_icon_width=&#8221;55px&#8221; _builder_version=&#8221;4.14.8&#8243; _module_preset=&#8221;default&#8221; header_font=&#8221;bigjohn||||||||&#8221; header_text_align=&#8221;center&#8221; global_colors_info=&#8221;{}&#8221;][\/et_pb_blurb][\/et_pb_column][et_pb_column type=&#8221;1_2&#8243; _builder_version=&#8221;4.14.8&#8243; _module_preset=&#8221;default&#8221; global_colors_info=&#8221;{}&#8221;][et_pb_blurb title=&#8221;AKC Metelkova, Kongresni trg (Ljubljana)&#8221; use_icon=&#8221;on&#8221; font_icon=&#8221;&#xf3c5;||fa||900&#8243; icon_color=&#8221;#c02a69&#8243; image_icon_width=&#8221;55px&#8221; _builder_version=&#8221;4.14.8&#8243; _module_preset=&#8221;default&#8221; header_font=&#8221;bigjohn||||||||&#8221; header_text_align=&#8221;center&#8221; global_colors_info=&#8221;{}&#8221;][\/et_pb_blurb][\/et_pb_column][\/et_pb_row][et_pb_row _builder_version=&#8221;4.14.8&#8243; _module_preset=&#8221;default&#8221; global_colors_info=&#8221;{}&#8221;][et_pb_column type=&#8221;4_4&#8243; _builder_version=&#8221;4.14.8&#8243; _module_preset=&#8221;default&#8221; global_colors_info=&#8221;{}&#8221;][et_pb_text _builder_version=&#8221;4.14.8&#8243; _module_preset=&#8221;default&#8221; text_font_size=&#8221;16px&#8221; global_colors_info=&#8221;{}&#8221;]<\/p>\n<p style=\"text-align: center;\"><strong>17:00 &#8211; <\/strong><strong>Zbor v AKC Metelkova mesto<\/strong><\/p>\n<p style=\"text-align: center;\"><strong>18:00<\/strong><strong> &#8211; povorka po ulicah Ljubljane<\/strong><\/p>\n<p style=\"text-align: center;\"><strong>19:00 &#8211;<\/strong><strong> politi\u010dno kulturni program<\/strong><\/p>\n<p style=\"text-align: center;\">Dogodek bo potekal v sloven\u0161\u010dini in angle\u0161\u010dini.<\/p>\n<p style=\"text-align: justify;\"><strong>Osrednji dogodek vsakoletne Parade ponosa je z energijo in barvami nabita paradna povorka \u2013 protest LGBTIQ+ skupnosti in podpornic_kov v znamenju praznovanja na\u0161ega mavri\u010dnega obstoja ter v znamenju zahtev po vidnosti, enakopravnosti in spo\u0161tovanju. Pridru\u017ei se nam! Naj se sli\u0161i mavri\u010dni glas!<\/strong><\/p>\n<p style=\"text-align: justify;\"><strong>Paradna povorka se pri\u010dne ob 17. uri na Metelkovi pred stavbo Lovci, kjer se udele\u017eenke_ci protesta zberejo, opremijo z mavri\u010dnimi zastavami in transparenti, nato pa ob 18. uri zakorakajo po ulicah Ljubljane. Povorka tako iz AKC Metelkova mesto krene po Masarykovi cesti mimo ljubljanske \u017eelezni\u0161ke postaje ter pri Bavarskem dvoru zavije proti sredi\u0161\u010du mesta. Po zasedbi Slovenske ceste se udele\u017eenke_ci zberemo na Kongresnem trgu, kjer se ob 19. uri nadaljuje politi\u010dno-kulturni program. Nastopile_i<\/strong><strong> bodo Freekind., Romeo De La Cruz, B-Complex in mnogi drugi.<\/strong><\/p>\n<p>[\/et_pb_text][\/et_pb_column][\/et_pb_row][\/et_pb_section]<\/p>\n","protected":false},"excerpt":{"rendered":"<p>\u2190Prej\u0161nji dogodekNaslednji dogodek \u2192PARADA PONOSA17:00 &#8211; Zbor v AKC Metelkova mesto 18:00 &#8211; povorka po ulicah Ljubljane 19:00 &#8211; politi\u010dno kulturni program Dogodek bo potekal v sloven\u0161\u010dini in angle\u0161\u010dini. Osrednji [&hellip;]<\/p>\n","protected":false},"author":1,"featured_media":6852,"parent":0,"menu_order":0,"comment_status":"closed","ping_status":"closed","template":"","meta":{"_et_pb_use_builder":"on","_et_pb_old_content":"","_et_gb_content_width":""},"yoast_head":"<!-- This site is optimized with the Yoast SEO plugin v20.3 - https:\/\/yoast.com\/wordpress\/plugins\/seo\/ -->\n<title>Parada ponosa - Ljubljana Pride 2022<\/title>\n<meta name=\"robots\" content=\"index, follow, max-snippet:-1, max-image-preview:large, max-video-preview:-1\" \/>\n<link rel=\"canonical\" href=\"https:\/\/ljubljanapride.org\/2022\/parada-ponosa\/\" \/>\n<meta property=\"og:locale\" content=\"sl_SI\" \/>\n<meta property=\"og:type\" content=\"article\" \/>\n<meta property=\"og:title\" content=\"Parada ponosa - Ljubljana Pride 2022\" \/>\n<meta property=\"og:description\" content=\"\u2190Prej\u0161nji dogodekNaslednji dogodek \u2192PARADA PONOSA17:00 - Zbor v AKC Metelkova mesto 18:00 - povorka po ulicah Ljubljane 19:00 - politi\u010dno kulturni program Dogodek bo potekal v sloven\u0161\u010dini in angle\u0161\u010dini. Osrednji [&hellip;]\" \/>\n<meta property=\"og:url\" content=\"https:\/\/ljubljanapride.org\/2022\/parada-ponosa\/\" \/>\n<meta property=\"og:site_name\" content=\"Ljubljana Pride 2022\" \/>\n<meta property=\"article:modified_time\" content=\"2022-05-23T12:11:10+00:00\" \/>\n<meta property=\"og:image\" content=\"https:\/\/ljubljanapride.org\/2022\/wp-content\/uploads\/2022\/05\/Parada-ponosa_fb-scaled.jpg\" \/>\n\t<meta property=\"og:image:width\" content=\"2560\" \/>\n\t<meta property=\"og:image:height\" content=\"1340\" \/>\n\t<meta property=\"og:image:type\" content=\"image\/jpeg\" \/>\n<meta name=\"twitter:card\" content=\"summary_large_image\" \/>\n<script type=\"application\/ld+json\" class=\"yoast-schema-graph\">{\"@context\":\"https:\/\/schema.org\",\"@graph\":[{\"@type\":\"WebPage\",\"@id\":\"https:\/\/ljubljanapride.org\/2022\/parada-ponosa\/\",\"url\":\"https:\/\/ljubljanapride.org\/2022\/parada-ponosa\/\",\"name\":\"Parada ponosa - Ljubljana Pride 2022\",\"isPartOf\":{\"@id\":\"https:\/\/ljubljanapride.org\/2022\/#website\"},\"datePublished\":\"2022-05-23T11:48:51+00:00\",\"dateModified\":\"2022-05-23T12:11:10+00:00\",\"breadcrumb\":{\"@id\":\"https:\/\/ljubljanapride.org\/2022\/parada-ponosa\/#breadcrumb\"},\"inLanguage\":\"sl-SI\",\"potentialAction\":[{\"@type\":\"ReadAction\",\"target\":[\"https:\/\/ljubljanapride.org\/2022\/parada-ponosa\/\"]}]},{\"@type\":\"BreadcrumbList\",\"@id\":\"https:\/\/ljubljanapride.org\/2022\/parada-ponosa\/#breadcrumb\",\"itemListElement\":[{\"@type\":\"ListItem\",\"position\":1,\"name\":\"Home\",\"item\":\"https:\/\/ljubljanapride.org\/2022\/\"},{\"@type\":\"ListItem\",\"position\":2,\"name\":\"Parada ponosa\"}]},{\"@type\":\"WebSite\",\"@id\":\"https:\/\/ljubljanapride.org\/2022\/#website\",\"url\":\"https:\/\/ljubljanapride.org\/2022\/\",\"name\":\"Ljubljana Pride 2022\",\"description\":\"\u010cas je za mavri\u010dni glas\",\"potentialAction\":[{\"@type\":\"SearchAction\",\"target\":{\"@type\":\"EntryPoint\",\"urlTemplate\":\"https:\/\/ljubljanapride.org\/2022\/?s={search_term_string}\"},\"query-input\":\"required name=search_term_string\"}],\"inLanguage\":\"sl-SI\"}]}<\/script>\n<!-- \/ Yoast SEO plugin. -->","yoast_head_json":{"title":"Parada ponosa - Ljubljana Pride 2022","robots":{"index":"index","follow":"follow","max-snippet":"max-snippet:-1","max-image-preview":"max-image-preview:large","max-video-preview":"max-video-preview:-1"},"canonical":"https:\/\/ljubljanapride.org\/2022\/parada-ponosa\/","og_locale":"sl_SI","og_type":"article","og_title":"Parada ponosa - Ljubljana Pride 2022","og_description":"\u2190Prej\u0161nji dogodekNaslednji dogodek \u2192PARADA PONOSA17:00 - Zbor v AKC Metelkova mesto 18:00 - povorka po ulicah Ljubljane 19:00 - politi\u010dno kulturni program Dogodek bo potekal v sloven\u0161\u010dini in angle\u0161\u010dini. Osrednji [&hellip;]","og_url":"https:\/\/ljubljanapride.org\/2022\/parada-ponosa\/","og_site_name":"Ljubljana Pride 2022","article_modified_time":"2022-05-23T12:11:10+00:00","og_image":[{"width":2560,"height":1340,"url":"https:\/\/ljubljanapride.org\/2022\/wp-content\/uploads\/2022\/05\/Parada-ponosa_fb-scaled.jpg","type":"image\/jpeg"}],"twitter_card":"summary_large_image","schema":{"@context":"https:\/\/schema.org","@graph":[{"@type":"WebPage","@id":"https:\/\/ljubljanapride.org\/2022\/parada-ponosa\/","url":"https:\/\/ljubljanapride.org\/2022\/parada-ponosa\/","name":"Parada ponosa - Ljubljana Pride 2022","isPartOf":{"@id":"https:\/\/ljubljanapride.org\/2022\/#website"},"datePublished":"2022-05-23T11:48:51+00:00","dateModified":"2022-05-23T12:11:10+00:00","breadcrumb":{"@id":"https:\/\/ljubljanapride.org\/2022\/parada-ponosa\/#breadcrumb"},"inLanguage":"sl-SI","potentialAction":[{"@type":"ReadAction","target":["https:\/\/ljubljanapride.org\/2022\/parada-ponosa\/"]}]},{"@type":"BreadcrumbList","@id":"https:\/\/ljubljanapride.org\/2022\/parada-ponosa\/#breadcrumb","itemListElement":[{"@type":"ListItem","position":1,"name":"Home","item":"https:\/\/ljubljanapride.org\/2022\/"},{"@type":"ListItem","position":2,"name":"Parada ponosa"}]},{"@type":"WebSite","@id":"https:\/\/ljubljanapride.org\/2022\/#website","url":"https:\/\/ljubljanapride.org\/2022\/","name":"Ljubljana Pride 2022","description":"\u010cas je za mavri\u010dni glas","potentialAction":[{"@type":"SearchAction","target":{"@type":"EntryPoint","urlTemplate":"https:\/\/ljubljanapride.org\/2022\/?s={search_term_string}"},"query-input":"required name=search_term_string"}],"inLanguage":"sl-SI"}]}},"_links":{"self":[{"href":"https:\/\/ljubljanapride.org\/2022\/wp-json\/wp\/v2\/pages\/6851"}],"collection":[{"href":"https:\/\/ljubljanapride.org\/2022\/wp-json\/wp\/v2\/pages"}],"about":[{"href":"https:\/\/ljubljanapride.org\/2022\/wp-json\/wp\/v2\/types\/page"}],"author":[{"embeddable":true,"href":"https:\/\/ljubljanapride.org\/2022\/wp-json\/wp\/v2\/users\/1"}],"replies":[{"embeddable":true,"href":"https:\/\/ljubljanapride.org\/2022\/wp-json\/wp\/v2\/comments?post=6851"}],"version-history":[{"count":3,"href":"https:\/\/ljubljanapride.org\/2022\/wp-json\/wp\/v2\/pages\/6851\/revisions"}],"predecessor-version":[{"id":6874,"href":"https:\/\/ljubljanapride.org\/2022\/wp-json\/wp\/v2\/pages\/6851\/revisions\/6874"}],"wp:featuredmedia":[{"embeddable":true,"href":"https:\/\/ljubljanapride.org\/2022\/wp-json\/wp\/v2\/media\/6852"}],"wp:attachment":[{"href":"https:\/\/ljubljanapride.org\/2022\/wp-json\/wp\/v2\/media?parent=6851"}],"curies":[{"name":"wp","href":"https:\/\/api.w.org\/{rel}","templated":true}]}}