{"id":6989,"date":"2022-06-01T10:32:38","date_gmt":"2022-06-01T09:32:38","guid":{"rendered":"https:\/\/ljubljanapride.org\/2022\/?page_id=6989"},"modified":"2022-06-06T14:40:45","modified_gmt":"2022-06-06T13:40:45","slug":"razstava","status":"publish","type":"page","link":"https:\/\/ljubljanapride.org\/2022\/razstava\/","title":{"rendered":"Razstava"},"content":{"rendered":"\n[et_pb_section fb_built=&#8221;1&#8243; _builder_version=&#8221;4.14.8&#8243; _module_preset=&#8221;default&#8221; background_color=&#8221;#FFFFFF&#8221; global_colors_info=&#8221;{}&#8221;][et_pb_row column_structure=&#8221;1_2,1_2&#8243; _builder_version=&#8221;4.14.8&#8243; _module_preset=&#8221;default&#8221; global_colors_info=&#8221;{}&#8221;][et_pb_column type=&#8221;1_2&#8243; _builder_version=&#8221;4.14.8&#8243; _module_preset=&#8221;default&#8221; global_colors_info=&#8221;{}&#8221;][et_pb_image src=&#8221;https:\/\/ljubljanapride.org\/2022\/wp-content\/uploads\/2022\/06\/Labrint-logo-scaled.jpg&#8221; title_text=&#8221;Labrint logo&#8221; _builder_version=&#8221;4.14.8&#8243; _module_preset=&#8221;default&#8221; box_shadow_style=&#8221;preset1&#8243; global_colors_info=&#8221;{}&#8221;][\/et_pb_image][\/et_pb_column][et_pb_column type=&#8221;1_2&#8243; _builder_version=&#8221;4.14.8&#8243; _module_preset=&#8221;default&#8221; global_colors_info=&#8221;{}&#8221;][et_pb_text _builder_version=&#8221;4.14.8&#8243; _module_preset=&#8221;default&#8221; header_3_font=&#8221;bigjohn||||||||&#8221; header_4_font=&#8221;bigjohn|300|||||||&#8221; border_width_bottom=&#8221;4px&#8221; border_color_bottom=&#8221;#c02a69&#8243; global_colors_info=&#8221;{}&#8221;]<h1 style=\"text-align: center;\">LABIRINT IZRAZOV<\/h1>\n<h3 style=\"text-align: center;\">Razstava mladih kvir umetnic_kov<\/h3>\n<h4 style=\"text-align: center;\">6.-19. 6. 2022<\/h4>[\/et_pb_text][et_pb_text _builder_version=&#8221;4.14.8&#8243; _module_preset=&#8221;default&#8221; text_font_size=&#8221;16px&#8221; global_colors_info=&#8221;{}&#8221;]<p style=\"text-align: justify;\">Na multimedijski in ve\u010d\u017eanrski razstavi mladih LGBTIQ+ umetnic_kov, so predstavljena njihova umetni\u0161ka dela zadnjih dveh let in njihov odziv na aktualni \u010das. Dela bo mo\u017eno tudi kupiti, in sicer prek digitalne dra\u017ebe (s pomo\u010djo QR kode). Razstava bo na ogled do 19. junija.<\/p>\n<p style=\"text-align: justify;\"><strong>Razstavljajo:<\/strong><br \/>Nuka Horvat, \u017diga Ro\u0161, Klara Kracina, Jaka Juhant, Ur\u0161a \u010cuk, Maja Bohak, Filip Vurnik, Meta Me\u017ean, Nika Vidnjevi\u010d, Anastazija Pirnat Karmen Da\u0161.<\/p>[\/et_pb_text][\/et_pb_column][\/et_pb_row][et_pb_row column_structure=&#8221;1_4,3_4&#8243; module_id=&#8221;1&#8243; _builder_version=&#8221;4.14.8&#8243; _module_preset=&#8221;default&#8221; border_width_bottom=&#8221;1px&#8221; border_color_bottom=&#8221;gcid-7ea777a6-d5fb-4ad3-a322-dda0fa8a0b4b&#8221; global_colors_info=&#8221;{%22gcid-7ea777a6-d5fb-4ad3-a322-dda0fa8a0b4b%22:%91%22border_color_bottom%22%93}&#8221;][et_pb_column type=&#8221;1_4&#8243; _builder_version=&#8221;4.14.8&#8243; _module_preset=&#8221;default&#8221; global_colors_info=&#8221;{}&#8221;][et_pb_image src=&#8221;https:\/\/ljubljanapride.org\/2022\/wp-content\/uploads\/2022\/06\/Pirnat_Anastazija_someprocess_2021.jpg&#8221; title_text=&#8221;Pirnat_Anastazija_someprocess_2021&#8243; _builder_version=&#8221;4.14.8&#8243; _module_preset=&#8221;default&#8221; global_colors_info=&#8221;{}&#8221;][\/et_pb_image][\/et_pb_column][et_pb_column type=&#8221;3_4&#8243; _builder_version=&#8221;4.14.8&#8243; _module_preset=&#8221;default&#8221; global_colors_info=&#8221;{}&#8221;][et_pb_toggle title=&#8221;some process, 2021 (Anastazija Pirnat)&#8221; _builder_version=&#8221;4.14.8&#8243; _module_preset=&#8221;default&#8221; title_font=&#8221;bigjohn||||||||&#8221; global_colors_info=&#8221;{}&#8221;]<p><b>Ime in priimek:<\/b><span style=\"font-weight: 400;\"> Anastazija Pirnat<\/span><\/p>\n<p><b>Naslov dela, letnica:<\/b> <i><span style=\"font-weight: 400;\">some process, 2021<br \/><\/span><\/i><b>Tehnika:<\/b><span style=\"font-weight: 400;\"> akril, pastel in digitalni print na papirju<br \/><\/span><b>Mere<\/b><span style=\"font-weight: 400;\">: 30 cm x 40 cm<\/span><\/p>\n<p><b>Izklicna cena<\/b><span style=\"font-weight: 400;\">: 200\u20ac, v ceno je vklju\u010den tudi okvir<\/span><\/p>\n<p><b>Opis dela:\u00a0<\/b><span style=\"font-weight: 400;\">Teksti, kola\u017eirani z najdenimi starimi analognimi fotografijami, <\/span><span style=\"font-weight: 400;\">delujejo prek dvojnosti: kljub temu, da so banalni in \u0161aljivi, pod povr\u0161jem zavzemajo kriti\u010dno dr\u017eo \u2013 v\u010dasih tudi samo do absurdnosti banalnih situacij, v katere smo postavljeni, in do ob\u010dutka sramu ob tem, da jim pripisujemo tolik\u0161no vrednost. Nagovarjajo moment razmisleka o \u010dlove\u0161ki naravi, o lastnih moralnih pozicijah, o odnosu do drugih in do socialnih struktur, v katere smo vpeti. V\u010dasih stavke oblikuje algoritem, ki na pametnih telefonih sugerira izbiro besed, torej so delno naklju\u010dni. Ravno ta ne\u010dlove\u0161ki poseg lahko preseneti, deluje nenavadno, nepredvidljivo. V delih gre za iskanje razmerij med resnostjo in (samo)ironijo ter med smislom in banalnostjo (kjer \u010dleni v parih niso mi\u0161ljeni kot zgolj izklju\u010dujo\u010di se), ki pomeni konstantno soo\u010danje s spodletelostjo izjavljanja.<\/span><\/p>\n<p><strong>O umetnici:<br \/><\/strong><b>Anastazija Pirnat<\/b><span style=\"font-weight: 400;\"> je vizualna umetnica, did\u017eejka in aktivistka. Leta 2019 diplomirala na oddelku za slikarstvo na Akademiji za likovno umetnost in oblikovanje v Ljubljani, kjer trenutno zaklju\u010duje magistrski \u0161tudij. Za delo v letu 2019\/2020 je prejela priznanje ALUO, leta 2020 pa prvo nagrado umetni\u0161kega nate\u010daja <\/span><i><span style=\"font-weight: 400;\">Koro\u0161ka, kdo si?<\/span><\/i><span style=\"font-weight: 400;\">. Leta 2021 se je udele\u017eila slikarske rezidence v Wiesu v Avstriji. Predstavila se je \u017ee s samostojnimi razstavami <\/span><i><span style=\"font-weight: 400;\">Beseda obi\u010dajno ni zamenjava<\/span><\/i><span style=\"font-weight: 400;\"> (Layerjeva hi\u0161a, 2021),<\/span><i><span style=\"font-weight: 400;\"> Navigating blunder<\/span><\/i><span style=\"font-weight: 400;\"> (Atelier im Schwimmbad, Wies, 2021), <\/span><i><span style=\"font-weight: 400;\">but she is a very nice lady and she is a very nice person and she is a very nice<\/span><\/i><span style=\"font-weight: 400;\"> (DobraVaga, 2021),<\/span><i><span style=\"font-weight: 400;\"> Ni\u010desar ne morem re\u010di kar tako<\/span><\/i><span style=\"font-weight: 400;\"> (Galerija Ravne, 2021) ter <\/span><i><span style=\"font-weight: 400;\">Tekstura izbrisa<\/span><\/i><span style=\"font-weight: 400;\"> (Raum AU, 2019). Prav tako je sodelovala na \u0161tevilnih skupinskih razstavah, med drugim v Galeriji Zala, Dobri Vagi, Mali galeriji BS, Academii Moderna (Zagreb), Koro\u0161ki galeriji likovnih umetnosti ter v galeriji Equrna.<\/span><\/p>[\/et_pb_toggle][et_pb_button button_url=&#8221;https:\/\/ljubljanapride.org\/2022\/drazba\/?ult_auc_id=6973&#8243; button_text=&#8221;DRA\u017dBA&#8221; _builder_version=&#8221;4.14.8&#8243; _module_preset=&#8221;default&#8221; global_colors_info=&#8221;{}&#8221;][\/et_pb_button][\/et_pb_column][\/et_pb_row][et_pb_row column_structure=&#8221;1_4,3_4&#8243; module_id=&#8221;2&#8243; _builder_version=&#8221;4.14.8&#8243; _module_preset=&#8221;default&#8221; border_width_bottom=&#8221;1px&#8221; border_color_bottom=&#8221;gcid-7ea777a6-d5fb-4ad3-a322-dda0fa8a0b4b&#8221; global_colors_info=&#8221;{%22gcid-7ea777a6-d5fb-4ad3-a322-dda0fa8a0b4b%22:%91%22border_color_bottom%22%93}&#8221;][et_pb_column type=&#8221;1_4&#8243; _builder_version=&#8221;4.14.8&#8243; _module_preset=&#8221;default&#8221; global_colors_info=&#8221;{}&#8221;][et_pb_image src=&#8221;https:\/\/ljubljanapride.org\/2022\/wp-content\/uploads\/2022\/06\/Pirnat_Anastazija_ohno_2021.jpg&#8221; title_text=&#8221;Pirnat_Anastazija_ohno_2021&#8243; _builder_version=&#8221;4.14.8&#8243; _module_preset=&#8221;default&#8221; global_colors_info=&#8221;{}&#8221;][\/et_pb_image][\/et_pb_column][et_pb_column type=&#8221;3_4&#8243; _builder_version=&#8221;4.14.8&#8243; _module_preset=&#8221;default&#8221; global_colors_info=&#8221;{}&#8221;][et_pb_toggle title=&#8221;oh no :(, 2021 (Anastazija Pirnat)&#8221; _builder_version=&#8221;4.14.8&#8243; _module_preset=&#8221;default&#8221; title_font=&#8221;bigjohn||||||||&#8221; global_colors_info=&#8221;{}&#8221;]<p><b>Ime in priimek:<\/b><span style=\"font-weight: 400;\"> Anastazija Pirnat<\/span><\/p>\n<p><b>Naslov dela, letnica:<\/b><span style=\"font-weight: 400;\"> : <\/span><i><span style=\"font-weight: 400;\">oh no :(, 2021<br \/><\/span><\/i><b>Tehnika:<\/b><span style=\"font-weight: 400;\"> pastel in digitalni print na papirju<br \/><\/span><b>Mere<\/b><span style=\"font-weight: 400;\">: 30 cm x 40 cm<\/span><\/p>\n<p><b>Izklicna cena<\/b><span style=\"font-weight: 400;\">: 100\u20ac, v ceno je vklju\u010den tudi okvir.<\/span><\/p>\n<p><b>Opis dela:\u00a0<br \/><\/b><span style=\"font-weight: 400;\">Teksti, kola\u017eirani z najdenimi starimi analognimi fotografijami, <\/span><span style=\"font-weight: 400;\">delujejo prek dvojnosti: kljub temu, da so banalni in \u0161aljivi, pod povr\u0161jem zavzemajo kriti\u010dno dr\u017eo \u2013 v\u010dasih tudi samo do absurdnosti banalnih situacij, v katere smo postavljeni, in do ob\u010dutka sramu ob tem, da jim pripisujemo tolik\u0161no vrednost. Nagovarjajo moment razmisleka o \u010dlove\u0161ki naravi, o lastnih moralnih pozicijah, o odnosu do drugih in do socialnih struktur, v katere smo vpeti. V\u010dasih stavke oblikuje algoritem, ki na pametnih telefonih sugerira izbiro besed, torej so delno naklju\u010dni. Ravno ta ne\u010dlove\u0161ki poseg lahko preseneti, deluje nenavadno, nepredvidljivo. V delih gre za iskanje razmerij med resnostjo in (samo)ironijo ter med smislom in banalnostjo (kjer \u010dleni v parih niso mi\u0161ljeni kot zgolj izklju\u010dujo\u010di se), ki pomeni konstantno soo\u010danje s spodletelostjo izjavljanja.<\/span><\/p>\n<p>\u00a0<strong>O umetnici:<br \/><\/strong><b>Anastazija Pirnat<\/b><span style=\"font-weight: 400;\"> je vizualna umetnica, did\u017eejka in aktivistka. Leta 2019 diplomirala na oddelku za slikarstvo na Akademiji za likovno umetnost in oblikovanje v Ljubljani, kjer trenutno zaklju\u010duje magistrski \u0161tudij. Za delo v letu 2019\/2020 je prejela priznanje ALUO, leta 2020 pa prvo nagrado umetni\u0161kega nate\u010daja <\/span><i><span style=\"font-weight: 400;\">Koro\u0161ka, kdo si?<\/span><\/i><span style=\"font-weight: 400;\">. Leta 2021 se je udele\u017eila slikarske rezidence v Wiesu v Avstriji. Predstavila se je \u017ee s samostojnimi razstavami <\/span><i><span style=\"font-weight: 400;\">Beseda obi\u010dajno ni zamenjava<\/span><\/i><span style=\"font-weight: 400;\"> (Layerjeva hi\u0161a, 2021),<\/span><i><span style=\"font-weight: 400;\"> Navigating blunder<\/span><\/i><span style=\"font-weight: 400;\"> (Atelier im Schwimmbad, Wies, 2021), <\/span><i><span style=\"font-weight: 400;\">but she is a very nice lady and she is a very nice person and she is a very nice<\/span><\/i><span style=\"font-weight: 400;\"> (DobraVaga, 2021),<\/span><i><span style=\"font-weight: 400;\"> Ni\u010desar ne morem re\u010di kar tako<\/span><\/i><span style=\"font-weight: 400;\"> (Galerija Ravne, 2021) ter <\/span><i><span style=\"font-weight: 400;\">Tekstura izbrisa<\/span><\/i><span style=\"font-weight: 400;\"> (Raum AU, 2019). Prav tako je sodelovala na \u0161tevilnih skupinskih razstavah, med drugim v Galeriji Zala, Dobri Vagi, Mali galeriji BS, Academii Moderna (Zagreb), Koro\u0161ki galeriji likovnih umetnosti ter v galeriji Equrna.<\/span><\/p>[\/et_pb_toggle][et_pb_button button_url=&#8221;https:\/\/ljubljanapride.org\/2022\/drazba\/?ult_auc_id=6974&#8243; button_text=&#8221;DRA\u017dBA&#8221; _builder_version=&#8221;4.14.8&#8243; _module_preset=&#8221;default&#8221; global_colors_info=&#8221;{}&#8221;][\/et_pb_button][\/et_pb_column][\/et_pb_row][et_pb_row column_structure=&#8221;1_4,3_4&#8243; module_id=&#8221;3&#8243; _builder_version=&#8221;4.14.8&#8243; _module_preset=&#8221;default&#8221; border_width_bottom=&#8221;1px&#8221; border_color_bottom=&#8221;gcid-7ea777a6-d5fb-4ad3-a322-dda0fa8a0b4b&#8221; global_colors_info=&#8221;{%22gcid-7ea777a6-d5fb-4ad3-a322-dda0fa8a0b4b%22:%91%22border_color_bottom%22%93}&#8221;][et_pb_column type=&#8221;1_4&#8243; _builder_version=&#8221;4.14.8&#8243; _module_preset=&#8221;default&#8221; global_colors_info=&#8221;{}&#8221;][et_pb_image src=&#8221;https:\/\/ljubljanapride.org\/2022\/wp-content\/uploads\/2022\/06\/Pirnat_Anastazija_justabitoflife_2021.jpg&#8221; title_text=&#8221;Pirnat_Anastazija_justabitoflife_2021&#8243; _builder_version=&#8221;4.14.8&#8243; _module_preset=&#8221;default&#8221; global_colors_info=&#8221;{}&#8221;][\/et_pb_image][\/et_pb_column][et_pb_column type=&#8221;3_4&#8243; _builder_version=&#8221;4.14.8&#8243; _module_preset=&#8221;default&#8221; global_colors_info=&#8221;{}&#8221;][et_pb_toggle title=&#8221; just a bit of a life, 2021 (Anastazija Pirnat)&#8221; _builder_version=&#8221;4.14.8&#8243; _module_preset=&#8221;default&#8221; title_font=&#8221;bigjohn||||||||&#8221; global_colors_info=&#8221;{}&#8221;]<p><b>Ime in priimek:<\/b><span style=\"font-weight: 400;\"> Anastazija Pirnat<br \/><\/span><b>Naslov dela, letnica:<\/b><span style=\"font-weight: 400;\"> : <\/span><i><span style=\"font-weight: 400;\">just a bit of a life, 2021<br \/><\/span><\/i><b>Tehnika:<\/b><span style=\"font-weight: 400;\"> akril, pastel in digitalni print na papirju<br \/><\/span><b>Mere<\/b><span style=\"font-weight: 400;\">: 30 cm x 40 cm<\/span><\/p>\n<p><b>Opis dela:\u00a0<br \/><\/b><span style=\"font-weight: 400;\">Teksti, kola\u017eirani z najdenimi starimi analognimi fotografijami, <\/span><span style=\"font-weight: 400;\">delujejo prek dvojnosti: kljub temu, da so banalni in \u0161aljivi, pod povr\u0161jem zavzemajo kriti\u010dno dr\u017eo \u2013 v\u010dasih tudi samo do absurdnosti banalnih situacij, v katere smo postavljeni, in do ob\u010dutka sramu ob tem, da jim pripisujemo tolik\u0161no vrednost. Nagovarjajo moment razmisleka o \u010dlove\u0161ki naravi, o lastnih moralnih pozicijah, o odnosu do drugih in do socialnih struktur, v katere smo vpeti. V\u010dasih stavke oblikuje algoritem, ki na pametnih telefonih sugerira izbiro besed, torej so delno naklju\u010dni. Ravno ta ne\u010dlove\u0161ki poseg lahko preseneti, deluje nenavadno, nepredvidljivo. V delih gre za iskanje razmerij med resnostjo in (samo)ironijo ter med smislom in banalnostjo (kjer \u010dleni v parih niso mi\u0161ljeni kot zgolj izklju\u010dujo\u010di se), ki pomeni konstantno soo\u010danje s spodletelostjo izjavljanja.<\/span><\/p>\n<p><strong>O umetnici:<br \/><\/strong><b>Anastazija Pirnat<\/b><span style=\"font-weight: 400;\"> je vizualna umetnica, did\u017eejka in aktivistka. Leta 2019 diplomirala na oddelku za slikarstvo na Akademiji za likovno umetnost in oblikovanje v Ljubljani, kjer trenutno zaklju\u010duje magistrski \u0161tudij. Za delo v letu 2019\/2020 je prejela priznanje ALUO, leta 2020 pa prvo nagrado umetni\u0161kega nate\u010daja <\/span><i><span style=\"font-weight: 400;\">Koro\u0161ka, kdo si?<\/span><\/i><span style=\"font-weight: 400;\">. Leta 2021 se je udele\u017eila slikarske rezidence v Wiesu v Avstriji. Predstavila se je \u017ee s samostojnimi razstavami <\/span><i><span style=\"font-weight: 400;\">Beseda obi\u010dajno ni zamenjava<\/span><\/i><span style=\"font-weight: 400;\"> (Layerjeva hi\u0161a, 2021),<\/span><i><span style=\"font-weight: 400;\"> Navigating blunder<\/span><\/i><span style=\"font-weight: 400;\"> (Atelier im Schwimmbad, Wies, 2021), <\/span><i><span style=\"font-weight: 400;\">but she is a very nice lady and she is a very nice person and she is a very nice<\/span><\/i><span style=\"font-weight: 400;\"> (DobraVaga, 2021),<\/span><i><span style=\"font-weight: 400;\"> Ni\u010desar ne morem re\u010di kar tako<\/span><\/i><span style=\"font-weight: 400;\"> (Galerija Ravne, 2021) ter <\/span><i><span style=\"font-weight: 400;\">Tekstura izbrisa<\/span><\/i><span style=\"font-weight: 400;\"> (Raum AU, 2019). Prav tako je sodelovala na \u0161tevilnih skupinskih razstavah, med drugim v Galeriji Zala, Dobri Vagi, Mali galeriji BS, Academii Moderna (Zagreb), Koro\u0161ki galeriji likovnih umetnosti ter v galeriji Equrna.<\/span><\/p>[\/et_pb_toggle][\/et_pb_column][\/et_pb_row][et_pb_row column_structure=&#8221;1_4,3_4&#8243; module_id=&#8221;4&#8243; _builder_version=&#8221;4.14.8&#8243; _module_preset=&#8221;default&#8221; border_width_bottom=&#8221;1px&#8221; border_color_bottom=&#8221;gcid-7ea777a6-d5fb-4ad3-a322-dda0fa8a0b4b&#8221; global_colors_info=&#8221;{%22gcid-7ea777a6-d5fb-4ad3-a322-dda0fa8a0b4b%22:%91%22border_color_bottom%22%93}&#8221;][et_pb_column type=&#8221;1_4&#8243; _builder_version=&#8221;4.14.8&#8243; _module_preset=&#8221;default&#8221; global_colors_info=&#8221;{}&#8221;][et_pb_image src=&#8221;https:\/\/ljubljanapride.org\/2022\/wp-content\/uploads\/2022\/06\/Pirnat_Anastazija_seemsdifferentafteradrink_2021.jpg&#8221; title_text=&#8221;Pirnat_Anastazija_seemsdifferentafteradrink_2021&#8243; _builder_version=&#8221;4.14.8&#8243; _module_preset=&#8221;default&#8221; global_colors_info=&#8221;{}&#8221;][\/et_pb_image][\/et_pb_column][et_pb_column type=&#8221;3_4&#8243; _builder_version=&#8221;4.14.8&#8243; _module_preset=&#8221;default&#8221; global_colors_info=&#8221;{}&#8221;][et_pb_toggle title=&#8221;seems different after a drink, 2021 (Anastazija Pirnat)&#8221; _builder_version=&#8221;4.14.8&#8243; _module_preset=&#8221;default&#8221; title_font=&#8221;bigjohn||||||||&#8221; global_colors_info=&#8221;{}&#8221;]<p><b>Ime in priimek:<\/b><span style=\"font-weight: 400;\"> Anastazija Pirnat, 2021<\/span><\/p>\n<p><b>Naslov dela, letnica:<\/b><span style=\"font-weight: 400;\"> : <\/span><i><span style=\"font-weight: 400;\">seems different after a drink<br \/><\/span><\/i><b>Tehnika:<\/b><span style=\"font-weight: 400;\"> akril, pastel in digitalni print na papirju<br \/><\/span><b>Mere<\/b><span style=\"font-weight: 400;\">: 30 cm x 40 cm<\/span><\/p>\n<p><b>Opis dela:\u00a0<\/b><span style=\"font-weight: 400;\">Teksti, kola\u017eirani z najdenimi starimi analognimi fotografijami, <\/span><span style=\"font-weight: 400;\">delujejo prek dvojnosti: kljub temu, da so banalni in \u0161aljivi, pod povr\u0161jem zavzemajo kriti\u010dno dr\u017eo \u2013 v\u010dasih tudi samo do absurdnosti banalnih situacij, v katere smo postavljeni, in do ob\u010dutka sramu ob tem, da jim pripisujemo tolik\u0161no vrednost. Nagovarjajo moment razmisleka o \u010dlove\u0161ki naravi, o lastnih moralnih pozicijah, o odnosu do drugih in do socialnih struktur, v katere smo vpeti. V\u010dasih stavke oblikuje algoritem, ki na pametnih telefonih sugerira izbiro besed, torej so delno naklju\u010dni. Ravno ta ne\u010dlove\u0161ki poseg lahko preseneti, deluje nenavadno, nepredvidljivo. V delih gre za iskanje razmerij med resnostjo in (samo)ironijo ter med smislom in banalnostjo (kjer \u010dleni v parih niso mi\u0161ljeni kot zgolj izklju\u010dujo\u010di se), ki pomeni konstantno soo\u010danje s spodletelostjo izjavljanja.<\/span><\/p>\n<p><strong>O umetnici:<br \/><\/strong><b>Anastazija Pirnat<\/b><span style=\"font-weight: 400;\"> je vizualna umetnica, did\u017eejka in aktivistka. Leta 2019 diplomirala na oddelku za slikarstvo na Akademiji za likovno umetnost in oblikovanje v Ljubljani, kjer trenutno zaklju\u010duje magistrski \u0161tudij. Za delo v letu 2019\/2020 je prejela priznanje ALUO, leta 2020 pa prvo nagrado umetni\u0161kega nate\u010daja <\/span><i><span style=\"font-weight: 400;\">Koro\u0161ka, kdo si?<\/span><\/i><span style=\"font-weight: 400;\">. Leta 2021 se je udele\u017eila slikarske rezidence v Wiesu v Avstriji. Predstavila se je \u017ee s samostojnimi razstavami <\/span><i><span style=\"font-weight: 400;\">Beseda obi\u010dajno ni zamenjava<\/span><\/i><span style=\"font-weight: 400;\"> (Layerjeva hi\u0161a, 2021),<\/span><i><span style=\"font-weight: 400;\"> Navigating blunder<\/span><\/i><span style=\"font-weight: 400;\"> (Atelier im Schwimmbad, Wies, 2021), <\/span><i><span style=\"font-weight: 400;\">but she is a very nice lady and she is a very nice person and she is a very nice<\/span><\/i><span style=\"font-weight: 400;\"> (DobraVaga, 2021),<\/span><i><span style=\"font-weight: 400;\"> Ni\u010desar ne morem re\u010di kar tako<\/span><\/i><span style=\"font-weight: 400;\"> (Galerija Ravne, 2021) ter <\/span><i><span style=\"font-weight: 400;\">Tekstura izbrisa<\/span><\/i><span style=\"font-weight: 400;\"> (Raum AU, 2019). Prav tako je sodelovala na \u0161tevilnih skupinskih razstavah, med drugim v Galeriji Zala, Dobri Vagi, Mali galeriji BS, Academii Moderna (Zagreb), Koro\u0161ki galeriji likovnih umetnosti ter v galeriji Equrna.<\/span><\/p>[\/et_pb_toggle][\/et_pb_column][\/et_pb_row][et_pb_row column_structure=&#8221;1_4,3_4&#8243; module_id=&#8221;5&#8243; _builder_version=&#8221;4.14.8&#8243; _module_preset=&#8221;default&#8221; border_width_bottom=&#8221;1px&#8221; border_color_bottom=&#8221;gcid-7ea777a6-d5fb-4ad3-a322-dda0fa8a0b4b&#8221; global_colors_info=&#8221;{%22gcid-7ea777a6-d5fb-4ad3-a322-dda0fa8a0b4b%22:%91%22border_color_bottom%22%93}&#8221;][et_pb_column type=&#8221;1_4&#8243; _builder_version=&#8221;4.14.8&#8243; _module_preset=&#8221;default&#8221; global_colors_info=&#8221;{}&#8221;][et_pb_image src=&#8221;https:\/\/ljubljanapride.org\/2022\/wp-content\/uploads\/2022\/06\/Juhant_Jaka_Kozorog_2022.jpg&#8221; title_text=&#8221;Juhant_Jaka_Kozorog_2022&#8243; _builder_version=&#8221;4.14.8&#8243; _module_preset=&#8221;default&#8221; global_colors_info=&#8221;{}&#8221;][\/et_pb_image][\/et_pb_column][et_pb_column type=&#8221;3_4&#8243; _builder_version=&#8221;4.14.8&#8243; _module_preset=&#8221;default&#8221; global_colors_info=&#8221;{}&#8221;][et_pb_toggle title=&#8221;Kozorog, 2022 (Jaka Juhant)&#8221; _builder_version=&#8221;4.14.8&#8243; _module_preset=&#8221;default&#8221; title_font=&#8221;bigjohn||||||||&#8221; global_colors_info=&#8221;{}&#8221;]<p><b>Ime in Priimek: <\/b><span style=\"font-weight: 400;\">Jaka Juhant<\/span><\/p>\n<p><b>Naslov dela in letnica: <\/b><i><span style=\"font-weight: 400;\">Kozorog<\/span><\/i><span style=\"font-weight: 400;\">, 2022<br \/><\/span><b>Tehnika<\/b><span style=\"font-weight: 400;\">: tisk na tekstilu<br \/><\/span><b>Mere: <\/b><span style=\"font-weight: 400;\">59,4 cm x 84,1 cm<\/span><\/p>\n<p><b>Izklicna cena: <\/b><span style=\"font-weight: 400;\">200\u20ac<\/span><\/p>\n<p><b>Opis dela: <\/b><span style=\"font-weight: 400;\">Pri<\/span><span style=\"font-weight: 400;\"> svojem delu je je Jaka Juhart \u010drpal iz slovenske ljudske pripovedke, in sicer iz legende o zlatorogu. Pri ustvarjanju je razmi\u0161ljal o naravi in travnikih, ki imajo lepe barve in cvetlice. Tako je iz blaga ustvaril fantazijsko pokrajino, ki slu\u017ei kot zato\u010di\u0161\u010de pred realnostjo.<\/span><\/p>\n<p><b>Opis umetnika:<br \/><\/b><b>Jaka Juhant<\/b><span style=\"font-weight: 400;\"> \u0161tudira na Akademiji za likovno umetnost in oblikovanje v Ljubljani, smer video in novi mediji. Imel je dve samostojni razstavi v galeriji DobraVaga, sodeloval je tudi na mnogih skupinskih razstavah. Je \u010dlan umetni\u0161kega kolektiva Podmladek. V svojem umetni\u0161kem ustvarjanju raziskuje teme identitete in telesnosti. Zanimajo ga predvsem fizi\u010dno telo in kontrast le-tega z breztelesnostjo du\u0161e. V preteklosti je ustvarjal v veliko razli\u010dnih medijih, trenutno pa ve\u010dinoma ustvarja digitalne podobe s pomo\u010djo manipulacije fotografij, 3D programov in digitalno risbo.<\/span><\/p>[\/et_pb_toggle][et_pb_button button_url=&#8221;https:\/\/ljubljanapride.org\/2022\/drazba\/?ult_auc_id=6968&#8243; button_text=&#8221;DRA\u017dBA&#8221; _builder_version=&#8221;4.14.8&#8243; _module_preset=&#8221;default&#8221; global_colors_info=&#8221;{}&#8221;][\/et_pb_button][\/et_pb_column][\/et_pb_row][et_pb_row column_structure=&#8221;1_4,3_4&#8243; disabled_on=&#8221;on|on|on&#8221; module_id=&#8221;6&#8243; _builder_version=&#8221;4.14.8&#8243; _module_preset=&#8221;default&#8221; border_width_bottom=&#8221;1px&#8221; border_color_bottom=&#8221;gcid-7ea777a6-d5fb-4ad3-a322-dda0fa8a0b4b&#8221; disabled=&#8221;on&#8221; global_colors_info=&#8221;{%22gcid-7ea777a6-d5fb-4ad3-a322-dda0fa8a0b4b%22:%91%22border_color_bottom%22%93}&#8221;][et_pb_column type=&#8221;1_4&#8243; _builder_version=&#8221;4.14.8&#8243; _module_preset=&#8221;default&#8221; global_colors_info=&#8221;{}&#8221;][et_pb_image src=&#8221;data:image\/svg+xml;base64,PHN2ZyB3aWR0aD0iMTA4MCIgaGVpZ2h0PSI1NDAiIHZpZXdCb3g9IjAgMCAxMDgwIDU0MCIgeG1sbnM9Imh0dHA6Ly93d3cudzMub3JnLzIwMDAvc3ZnIj4KICAgIDxnIGZpbGw9Im5vbmUiIGZpbGwtcnVsZT0iZXZlbm9kZCI+CiAgICAgICAgPHBhdGggZmlsbD0iI0VCRUJFQiIgZD0iTTAgMGgxMDgwdjU0MEgweiIvPgogICAgICAgIDxwYXRoIGQ9Ik00NDUuNjQ5IDU0MGgtOTguOTk1TDE0NC42NDkgMzM3Ljk5NSAwIDQ4Mi42NDR2LTk4Ljk5NWwxMTYuMzY1LTExNi4zNjVjMTUuNjItMTUuNjIgNDAuOTQ3LTE1LjYyIDU2LjU2OCAwTDQ0NS42NSA1NDB6IiBmaWxsLW9wYWNpdHk9Ii4xIiBmaWxsPSIjMDAwIiBmaWxsLXJ1bGU9Im5vbnplcm8iLz4KICAgICAgICA8Y2lyY2xlIGZpbGwtb3BhY2l0eT0iLjA1IiBmaWxsPSIjMDAwIiBjeD0iMzMxIiBjeT0iMTQ4IiByPSI3MCIvPgogICAgICAgIDxwYXRoIGQ9Ik0xMDgwIDM3OXYxMTMuMTM3TDcyOC4xNjIgMTQwLjMgMzI4LjQ2MiA1NDBIMjE1LjMyNEw2OTkuODc4IDU1LjQ0NmMxNS42Mi0xNS42MiA0MC45NDgtMTUuNjIgNTYuNTY4IDBMMTA4MCAzNzl6IiBmaWxsLW9wYWNpdHk9Ii4yIiBmaWxsPSIjMDAwIiBmaWxsLXJ1bGU9Im5vbnplcm8iLz4KICAgIDwvZz4KPC9zdmc+Cg==&#8221; _builder_version=&#8221;4.14.8&#8243; _module_preset=&#8221;default&#8221; global_colors_info=&#8221;{}&#8221;][\/et_pb_image][\/et_pb_column][et_pb_column type=&#8221;3_4&#8243; _builder_version=&#8221;4.14.8&#8243; _module_preset=&#8221;default&#8221; global_colors_info=&#8221;{}&#8221;][et_pb_toggle title=&#8221;Brez naslova, 2022, odprta edicija (Jaka Juhant)&#8221; _builder_version=&#8221;4.14.8&#8243; _module_preset=&#8221;default&#8221; title_font=&#8221;bigjohn||||||||&#8221; global_colors_info=&#8221;{}&#8221;]<p><b>Ime in Priimek: <\/b><span style=\"font-weight: 400;\">Jaka Juhant<\/span><\/p>\n<p><b>Naslov dela in letnica: <\/b><i><span style=\"font-weight: 400;\">Brez naslova<\/span><\/i><span style=\"font-weight: 400;\">, 2022, odprta edicija<br \/><\/span><b>Tehnika: <\/b><span style=\"font-weight: 400;\">digitalna grafika, digitalni tisk na papirju<br \/><\/span><b>Mere: <\/b><span style=\"font-weight: 400;\">30 cm x 40 cm<\/span><span style=\"font-weight: 400;\"><\/span><\/p>\n<p><b>Izklicna cena: <\/b><span style=\"font-weight: 400;\">30\u20ac<\/span><\/p>\n<p><b>Opis dela: <\/b><span style=\"font-weight: 400;\">Pri<\/span><span style=\"font-weight: 400;\"> svojem delu je je Jaka Juhart \u010drpal iz slovenske ljudske pripovedke, in sicer iz legende o zlatorogu. Pri ustvarjanju je razmi\u0161ljal o naravi in travnikih, ki imajo lepe barve in cvetlice. Tako je iz blaga ustvaril fantazijsko pokrajino, ki slu\u017ei kot zato\u010di\u0161\u010de pred realnostjo.<\/span><\/p>\n<p><b>Opis umetnika:<br \/><\/b><b>Jaka Juhant<\/b><span style=\"font-weight: 400;\"> \u0161tudira na Akademiji za likovno umetnost in oblikovanje v Ljubljani, smer video in novi mediji. Imel je dve samostojni razstavi v galeriji DobraVaga, sodeloval je tudi na mnogih skupinskih razstavah. Je \u010dlan umetni\u0161kega kolektiva Podmladek. V svojem umetni\u0161kem ustvarjanju raziskuje teme identitete in telesnosti. Zanimajo ga predvsem fizi\u010dno telo in kontrast le-tega z breztelesnostjo du\u0161e. V preteklosti je ustvarjal v veliko razli\u010dnih medijih, trenutno pa ve\u010dinoma ustvarja digitalne podobe s pomo\u010djo manipulacije fotografij, 3D programov in digitalno risbo.<\/span><\/p>[\/et_pb_toggle][et_pb_button button_url=&#8221;https:\/\/ljubljanapride.org\/2022\/drazba\/?ult_auc_id=6972&#8243; button_text=&#8221;DRA\u017dBA&#8221; _builder_version=&#8221;4.14.8&#8243; _module_preset=&#8221;default&#8221; global_colors_info=&#8221;{}&#8221;][\/et_pb_button][\/et_pb_column][\/et_pb_row][et_pb_row column_structure=&#8221;1_4,3_4&#8243; module_id=&#8221;7&#8243; _builder_version=&#8221;4.14.8&#8243; _module_preset=&#8221;default&#8221; border_width_bottom=&#8221;1px&#8221; border_color_bottom=&#8221;gcid-7ea777a6-d5fb-4ad3-a322-dda0fa8a0b4b&#8221; global_colors_info=&#8221;{%22gcid-7ea777a6-d5fb-4ad3-a322-dda0fa8a0b4b%22:%91%22border_color_bottom%22%93}&#8221;][et_pb_column type=&#8221;1_4&#8243; _builder_version=&#8221;4.14.8&#8243; _module_preset=&#8221;default&#8221; global_colors_info=&#8221;{}&#8221;][et_pb_image src=&#8221;https:\/\/ljubljanapride.org\/2022\/wp-content\/uploads\/2022\/06\/02.jpg&#8221; title_text=&#8221;02&#8243; _builder_version=&#8221;4.14.8&#8243; _module_preset=&#8221;default&#8221; hover_enabled=&#8221;0&#8243; global_colors_info=&#8221;{}&#8221; sticky_enabled=&#8221;0&#8243;][\/et_pb_image][\/et_pb_column][et_pb_column type=&#8221;3_4&#8243; _builder_version=&#8221;4.14.8&#8243; _module_preset=&#8221;default&#8221; global_colors_info=&#8221;{}&#8221;][et_pb_toggle title=&#8221;Globina maske, 2022 (1\/4) (Karmen Da\u0161)&#8221; _builder_version=&#8221;4.14.8&#8243; _module_preset=&#8221;default&#8221; title_font=&#8221;bigjohn||||||||&#8221; global_colors_info=&#8221;{}&#8221;]<p><b>Ime in priimek:<\/b><span style=\"font-weight: 400;\"> Karmen Da\u0161<\/span><\/p>\n<p><b>Naslov dela, letnica:<\/b> <i><span style=\"font-weight: 400;\">Globina maske<\/span><\/i><span style=\"font-weight: 400;\">, 2022 (1\/4)<br \/><\/span><b>Tehnika:<\/b><span style=\"font-weight: 400;\"> skeniran <\/span><span style=\"font-weight: 400;\">odtis poslikanega obraza na kozmeti\u010dnem rob\u010dku<br \/><\/span><b>Mere:<\/b><span style=\"font-weight: 400;\"> 20 cm x 20 cm<\/span><\/p>\n<p><span style=\"font-weight: 400;\"><b>Izklicna cena:<\/b> 40\u20ac, v ceno je vklju\u010den tudi okvir\u00a0<\/span><\/p>\n<p><b>Opis dela:<\/b> <span style=\"font-weight: 400;\">Maske prekrivajo obraz, skrivajo \u010dustva in osebnost posameznika_ce. A v dragu to ne velja. Tam maska ustvari varen prostor, kjer se lahko izrazi\u0161. Odtisi teh mask predstavljajo zgodbe, ki jih je avtorica do\u017eivela. Predstavlja en del mozaika, ki sestavlja Karmen v celoti.<\/span><\/p>\n<p><b>O umetnici:<\/b><span style=\"font-weight: 400;\"><br \/><\/span><b>Karmen Da\u0161<\/b><span style=\"font-weight: 400;\"> je izmi\u0161ljena, a \u0161e kako \u017eiva drag persona, ki je svojo pot za\u010dela leta 2018 v Cluj-Napoci v Romuniji, orala drag ledino na \u0160tajerskem, med drugim je leta 2019 ustanovila svojo (drag) hi\u0161o House of Karmina Vulva (kasneje House of Vulva), ki \u017ee leta \u017eanje uspehe po Sloveniji.<\/span><\/p>\n<p><span style=\"font-weight: 400;\">Njen repertoar ve\u0161\u010din obsega lip-sync nastope in performanse, v prihodnosti pa se \u017eeli preizkusiti tudi v drugih umetni\u0161kih kategorijah in raziskati svoje \u0161e skrite talente.<\/span><\/p>\n<p><span style=\"font-weight: 400;\">Nastopala je v Nem\u010diji in Romuniji ter na \u0161tevilnih prizori\u0161\u010dih po Sloveniji.\u00a0<\/span><\/p>[\/et_pb_toggle][et_pb_button button_url=&#8221;https:\/\/ljubljanapride.org\/2022\/drazba\/?ult_auc_id=7007&#8243; button_text=&#8221;DRA\u017dBA&#8221; _builder_version=&#8221;4.14.8&#8243; _module_preset=&#8221;default&#8221; global_colors_info=&#8221;{}&#8221;][\/et_pb_button][\/et_pb_column][\/et_pb_row][et_pb_row column_structure=&#8221;1_4,3_4&#8243; module_id=&#8221;7&#8243; _builder_version=&#8221;4.14.8&#8243; _module_preset=&#8221;default&#8221; border_width_bottom=&#8221;1px&#8221; border_color_bottom=&#8221;gcid-7ea777a6-d5fb-4ad3-a322-dda0fa8a0b4b&#8221; global_colors_info=&#8221;{%22gcid-7ea777a6-d5fb-4ad3-a322-dda0fa8a0b4b%22:%91%22border_color_bottom%22%93}&#8221;][et_pb_column type=&#8221;1_4&#8243; _builder_version=&#8221;4.14.8&#8243; _module_preset=&#8221;default&#8221; global_colors_info=&#8221;{}&#8221;][et_pb_image src=&#8221;https:\/\/ljubljanapride.org\/2022\/wp-content\/uploads\/2022\/06\/03.jpg&#8221; title_text=&#8221;03&#8243; _builder_version=&#8221;4.14.8&#8243; _module_preset=&#8221;default&#8221; hover_enabled=&#8221;0&#8243; global_colors_info=&#8221;{}&#8221; sticky_enabled=&#8221;0&#8243;][\/et_pb_image][\/et_pb_column][et_pb_column type=&#8221;3_4&#8243; _builder_version=&#8221;4.14.8&#8243; _module_preset=&#8221;default&#8221; global_colors_info=&#8221;{}&#8221;][et_pb_toggle title=&#8221;Globina maske, 2022 (2\/4) (Karmen Da\u0161)&#8221; _builder_version=&#8221;4.14.8&#8243; _module_preset=&#8221;default&#8221; title_font=&#8221;bigjohn||||||||&#8221; global_colors_info=&#8221;{}&#8221;]<p><b>Ime in priimek:<\/b><span style=\"font-weight: 400;\"> Karmen Da\u0161<\/span><\/p>\n<p><b>Naslov dela, letnica:<\/b> <i><span style=\"font-weight: 400;\">Globina maske<\/span><\/i><span style=\"font-weight: 400;\">, 2022 (2\/4)<br \/><\/span><b>Tehnika:<\/b><span style=\"font-weight: 400;\"> skeniran <\/span><span style=\"font-weight: 400;\">odtis poslikanega obraza na kozmeti\u010dnem rob\u010dku<br \/><\/span><b>Mere:<\/b><span style=\"font-weight: 400;\"> 20 cm x 20 cm<\/span><\/p>\n<p><span style=\"font-weight: 400;\"><b>Izklicna cena:<\/b> 40\u20ac, v ceno je vklju\u010den tudi okvir\u00a0<\/span><\/p>\n<p><b>Opis dela:<\/b> <span style=\"font-weight: 400;\">Maske prekrivajo obraz, skrivajo \u010dustva in osebnost posameznika_ce. A v dragu to ne velja. Tam maska ustvari varen prostor, kjer se lahko izrazi\u0161. Odtisi teh mask predstavljajo zgodbe, ki jih je avtorica do\u017eivela. Predstavlja en del mozaika, ki sestavlja Karmen v celoti.<\/span><\/p>\n<p><b>O umetnici:<\/b><span style=\"font-weight: 400;\"><br \/><\/span><b>Karmen Da\u0161<\/b><span style=\"font-weight: 400;\"> je izmi\u0161ljena, a \u0161e kako \u017eiva drag persona, ki je svojo pot za\u010dela leta 2018 v Cluj-Napoci v Romuniji, orala drag ledino na \u0160tajerskem, med drugim je leta 2019 ustanovila svojo (drag) hi\u0161o House of Karmina Vulva (kasneje House of Vulva), ki \u017ee leta \u017eanje uspehe po Sloveniji.<\/span><\/p>\n<p><span style=\"font-weight: 400;\">Njen repertoar ve\u0161\u010din obsega lip-sync nastope in performanse, v prihodnosti pa se \u017eeli preizkusiti tudi v drugih umetni\u0161kih kategorijah in raziskati svoje \u0161e skrite talente.<\/span><\/p>\n<p><span style=\"font-weight: 400;\">Nastopala je v Nem\u010diji in Romuniji ter na \u0161tevilnih prizori\u0161\u010dih po Sloveniji.\u00a0<\/span><\/p>[\/et_pb_toggle][et_pb_button button_url=&#8221;https:\/\/ljubljanapride.org\/2022\/drazba\/?ult_auc_id=7008&#8243; button_text=&#8221;DRA\u017dBA&#8221; _builder_version=&#8221;4.14.8&#8243; _module_preset=&#8221;default&#8221; global_colors_info=&#8221;{}&#8221;][\/et_pb_button][\/et_pb_column][\/et_pb_row][et_pb_row column_structure=&#8221;1_4,3_4&#8243; module_id=&#8221;7&#8243; _builder_version=&#8221;4.14.8&#8243; _module_preset=&#8221;default&#8221; border_width_bottom=&#8221;1px&#8221; border_color_bottom=&#8221;gcid-7ea777a6-d5fb-4ad3-a322-dda0fa8a0b4b&#8221; global_colors_info=&#8221;{%22gcid-7ea777a6-d5fb-4ad3-a322-dda0fa8a0b4b%22:%91%22border_color_bottom%22%93}&#8221;][et_pb_column type=&#8221;1_4&#8243; _builder_version=&#8221;4.14.8&#8243; _module_preset=&#8221;default&#8221; global_colors_info=&#8221;{}&#8221;][et_pb_image src=&#8221;https:\/\/ljubljanapride.org\/2022\/wp-content\/uploads\/2022\/06\/01.jpg&#8221; title_text=&#8221;01&#8243; _builder_version=&#8221;4.14.8&#8243; _module_preset=&#8221;default&#8221; hover_enabled=&#8221;0&#8243; global_colors_info=&#8221;{}&#8221; sticky_enabled=&#8221;0&#8243;][\/et_pb_image][\/et_pb_column][et_pb_column type=&#8221;3_4&#8243; _builder_version=&#8221;4.14.8&#8243; _module_preset=&#8221;default&#8221; global_colors_info=&#8221;{}&#8221;][et_pb_toggle title=&#8221;Globina maske, 2022 (3\/4) (Karmen Da\u0161)&#8221; _builder_version=&#8221;4.14.8&#8243; _module_preset=&#8221;default&#8221; title_font=&#8221;bigjohn||||||||&#8221; global_colors_info=&#8221;{}&#8221;]<p><b>Ime in priimek:<\/b><span style=\"font-weight: 400;\"> Karmen Da\u0161<\/span><\/p>\n<p><b>Naslov dela, letnica:<\/b> <i><span style=\"font-weight: 400;\">Globina maske<\/span><\/i><span style=\"font-weight: 400;\">, 2022 (3\/4)<br \/><\/span><b>Tehnika:<\/b><span style=\"font-weight: 400;\"> skeniran <\/span><span style=\"font-weight: 400;\">odtis poslikanega obraza na kozmeti\u010dnem rob\u010dku<br \/><\/span><b>Mere:<\/b><span style=\"font-weight: 400;\"> 20 cm x 20 cm<\/span><\/p>\n<p><span style=\"font-weight: 400;\"><b>Izklicna cena:<\/b> 40\u20ac, v ceno je vklju\u010den tudi okvir\u00a0<\/span><\/p>\n<p><b>Opis dela:<\/b> <span style=\"font-weight: 400;\">Maske prekrivajo obraz, skrivajo \u010dustva in osebnost posameznika_ce. A v dragu to ne velja. Tam maska ustvari varen prostor, kjer se lahko izrazi\u0161. Odtisi teh mask predstavljajo zgodbe, ki jih je avtorica do\u017eivela. Predstavlja en del mozaika, ki sestavlja Karmen v celoti.<\/span><\/p>\n<p><b>O umetnici:<\/b><span style=\"font-weight: 400;\"><br \/><\/span><b>Karmen Da\u0161<\/b><span style=\"font-weight: 400;\"> je izmi\u0161ljena, a \u0161e kako \u017eiva drag persona, ki je svojo pot za\u010dela leta 2018 v Cluj-Napoci v Romuniji, orala drag ledino na \u0160tajerskem, med drugim je leta 2019 ustanovila svojo (drag) hi\u0161o House of Karmina Vulva (kasneje House of Vulva), ki \u017ee leta \u017eanje uspehe po Sloveniji.<\/span><\/p>\n<p><span style=\"font-weight: 400;\">Njen repertoar ve\u0161\u010din obsega lip-sync nastope in performanse, v prihodnosti pa se \u017eeli preizkusiti tudi v drugih umetni\u0161kih kategorijah in raziskati svoje \u0161e skrite talente.<\/span><\/p>\n<p><span style=\"font-weight: 400;\">Nastopala je v Nem\u010diji in Romuniji ter na \u0161tevilnih prizori\u0161\u010dih po Sloveniji.\u00a0<\/span><\/p>[\/et_pb_toggle][et_pb_button button_url=&#8221;https:\/\/ljubljanapride.org\/2022\/drazba\/?ult_auc_id=7009&#8243; button_text=&#8221;DRA\u017dBA&#8221; _builder_version=&#8221;4.14.8&#8243; _module_preset=&#8221;default&#8221; global_colors_info=&#8221;{}&#8221;][\/et_pb_button][\/et_pb_column][\/et_pb_row][et_pb_row column_structure=&#8221;1_4,3_4&#8243; module_id=&#8221;7&#8243; _builder_version=&#8221;4.14.8&#8243; _module_preset=&#8221;default&#8221; border_width_bottom=&#8221;1px&#8221; border_color_bottom=&#8221;gcid-7ea777a6-d5fb-4ad3-a322-dda0fa8a0b4b&#8221; global_colors_info=&#8221;{%22gcid-7ea777a6-d5fb-4ad3-a322-dda0fa8a0b4b%22:%91%22border_color_bottom%22%93}&#8221;][et_pb_column type=&#8221;1_4&#8243; _builder_version=&#8221;4.14.8&#8243; _module_preset=&#8221;default&#8221; global_colors_info=&#8221;{}&#8221;][et_pb_image src=&#8221;https:\/\/ljubljanapride.org\/2022\/wp-content\/uploads\/2022\/06\/04.jpg&#8221; title_text=&#8221;04&#8243; _builder_version=&#8221;4.14.8&#8243; _module_preset=&#8221;default&#8221; global_colors_info=&#8221;{}&#8221;][\/et_pb_image][\/et_pb_column][et_pb_column type=&#8221;3_4&#8243; _builder_version=&#8221;4.14.8&#8243; _module_preset=&#8221;default&#8221; global_colors_info=&#8221;{}&#8221;][et_pb_toggle title=&#8221;Globina maske, 2022 (4\/4) (Karmen Da\u0161)&#8221; _builder_version=&#8221;4.14.8&#8243; _module_preset=&#8221;default&#8221; title_font=&#8221;bigjohn||||||||&#8221; global_colors_info=&#8221;{}&#8221;]<p><b>Ime in priimek:<\/b><span style=\"font-weight: 400;\"> Karmen Da\u0161<\/span><\/p>\n<p><b>Naslov dela, letnica:<\/b> <i><span style=\"font-weight: 400;\">Globina maske<\/span><\/i><span style=\"font-weight: 400;\">, 2022 (4\/4)<br \/><\/span><b>Tehnika:<\/b><span style=\"font-weight: 400;\"> skeniran <\/span><span style=\"font-weight: 400;\">odtis poslikanega obraza na kozmeti\u010dnem rob\u010dku<br \/><\/span><b>Mere:<\/b><span style=\"font-weight: 400;\"> 20 cm x 20 cm<\/span><\/p>\n<p><span style=\"font-weight: 400;\"><b>Izklicna cena:<\/b> 40\u20ac, v ceno je vklju\u010den tudi okvir\u00a0<\/span><\/p>\n<p><b>Opis dela:<\/b> <span style=\"font-weight: 400;\">Maske prekrivajo obraz, skrivajo \u010dustva in osebnost posameznika_ce. A v dragu to ne velja. Tam maska ustvari varen prostor, kjer se lahko izrazi\u0161. Odtisi teh mask predstavljajo zgodbe, ki jih je avtorica do\u017eivela. Predstavlja en del mozaika, ki sestavlja Karmen v celoti.<\/span><\/p>\n<p><b>O umetnici:<\/b><span style=\"font-weight: 400;\"><br \/><\/span><b>Karmen Da\u0161<\/b><span style=\"font-weight: 400;\"> je izmi\u0161ljena, a \u0161e kako \u017eiva drag persona, ki je svojo pot za\u010dela leta 2018 v Cluj-Napoci v Romuniji, orala drag ledino na \u0160tajerskem, med drugim je leta 2019 ustanovila svojo (drag) hi\u0161o House of Karmina Vulva (kasneje House of Vulva), ki \u017ee leta \u017eanje uspehe po Sloveniji.<\/span><\/p>\n<p><span style=\"font-weight: 400;\">Njen repertoar ve\u0161\u010din obsega lip-sync nastope in performanse, v prihodnosti pa se \u017eeli preizkusiti tudi v drugih umetni\u0161kih kategorijah in raziskati svoje \u0161e skrite talente.<\/span><\/p>\n<p><span style=\"font-weight: 400;\">Nastopala je v Nem\u010diji in Romuniji ter na \u0161tevilnih prizori\u0161\u010dih po Sloveniji.\u00a0<\/span><\/p>[\/et_pb_toggle][et_pb_button button_url=&#8221;https:\/\/ljubljanapride.org\/2022\/drazba\/?ult_auc_id=7010&#8243; button_text=&#8221;DRA\u017dBA&#8221; _builder_version=&#8221;4.14.8&#8243; _module_preset=&#8221;default&#8221; global_colors_info=&#8221;{}&#8221;][\/et_pb_button][\/et_pb_column][\/et_pb_row][et_pb_row column_structure=&#8221;1_4,3_4&#8243; module_id=&#8221;8&#8243; _builder_version=&#8221;4.14.8&#8243; _module_preset=&#8221;default&#8221; border_width_bottom=&#8221;1px&#8221; border_color_bottom=&#8221;gcid-7ea777a6-d5fb-4ad3-a322-dda0fa8a0b4b&#8221; global_colors_info=&#8221;{%22gcid-7ea777a6-d5fb-4ad3-a322-dda0fa8a0b4b%22:%91%22border_color_bottom%22%93}&#8221;][et_pb_column type=&#8221;1_4&#8243; _builder_version=&#8221;4.14.8&#8243; _module_preset=&#8221;default&#8221; global_colors_info=&#8221;{}&#8221;][et_pb_image src=&#8221;https:\/\/ljubljanapride.org\/2022\/wp-content\/uploads\/2022\/06\/Vurnik_Filip_TriptihCelote_2022.jpg&#8221; title_text=&#8221;Vurnik_Filip_TriptihCelote_2022&#8243; _builder_version=&#8221;4.14.8&#8243; _module_preset=&#8221;default&#8221; global_colors_info=&#8221;{}&#8221;][\/et_pb_image][\/et_pb_column][et_pb_column type=&#8221;3_4&#8243; _builder_version=&#8221;4.14.8&#8243; _module_preset=&#8221;default&#8221; global_colors_info=&#8221;{}&#8221;][et_pb_toggle title=&#8221;Triptih celote, 2022 (1\/3) (Filip Vurnik)&#8221; module_id=&#8221;8&#8243; _builder_version=&#8221;4.14.8&#8243; _module_preset=&#8221;default&#8221; title_font=&#8221;bigjohn||||||||&#8221; global_colors_info=&#8221;{}&#8221;]<p><b>Ime in priimek:<\/b><span style=\"font-weight: 400;\"> Filip Vurnik<\/span><\/p>\n<p><b>Naslov dela, letnica:<\/b> <i><span style=\"font-weight: 400;\">Triptih celote<\/span><\/i><span style=\"font-weight: 400;\">, 2022<br \/><\/span><b>Tehnika:<\/b><span style=\"font-weight: 400;\"> risba s \u010drnim flumastrom na papirju<br \/><\/span><b>Mere:<\/b><span style=\"font-weight: 400;\"> mera posami\u010dnega dela triptiha je 29,7 cm x 21 cm<\/span><\/p>\n<p><span style=\"font-weight: 400;\"><b>Izklicna cena:<\/b> 60 \u20ac na posamezni del triptiha<\/span><\/p>\n<p><b>Opis dela: <\/b><span style=\"font-weight: 400;\">Pri svojem ustvarjanju se umetnik igra predvsem z motivom avtoportreta, ki ni nujno realisti\u010den, vendar na simbolni ravni odra\u017ea njegovo \u017eivljenje, izku\u0161nje, transspolnost, identiteto, \u010dustva in stanje, ki pogosto zrcali stanje v dru\u017ebi, v\u010dasih na mikro-, v\u010dasih pa na makro ravni. Z enopotezno risbo se prepusti trenutku ustvarjanja. Ob\u010dasno se pojavi tudi barva, prevladuje pa \u010drni flomaster, ki potuje po papirju in ustvarja oblike, s katerimi se predstavlja. Umetnost na splo\u0161no vidi kot razstavljanje samega sebi svetu in zato uporablja motiv avtoportreta kot orodje za sporo\u010danje svojega notranjega sveta. S tem se \u017eeli drugim predstaviti, predvsem pa izpostaviti transspolnost kot del sebe, dru\u017ebe in umetnosti. Zanima ga tudi simbolika, kar je prisotno tudi v delu Triptih celote, kjer se igra s simboloma konja in medveda ter dvema podoboma sebe, gledalki_cu pa prepu\u0161\u010da tolma\u010denje. Poleg tega razume triptih kot umetnostnozgodovinsko gledano mo\u010dno sakralno likovno delo in ga umesti v kontekst transspolne osebe. Delo nastopa kot celota, hkrati pa vsaka stran govori zase in jo lahko gledamo kot samostojno likovno delo.\u00a0<\/span><\/p>\n<p><b>O umetniku:\u00a0<br \/><\/b><b>Filip Vurnik<\/b><span style=\"font-weight: 400;\"> je po izobrazbi prof. mag. pou\u010devanja-likovne pedagogike in je leta 2021 zaklju\u010dil s \u0161olanjem na Pedago\u0161ki fakulteti na Univerzi v Ljubljani. V \u010dasu \u0161olanja na Srednji \u0161oli za oblikovanje in fotografijo v Ljubljani (2009\u20132013) je leta 2013 samostojno razstavljal v galeriji Ka\u0161\u010da v Radovljici (razstava \u010cude\u017ei), kjer je imel leta 2014 tudi drugo samostojno razstavo Nasprotja. V \u010dasu \u0161tudija je imel ve\u010d skupnih \u0161tudentskih razstav v organizaciji Galerije Pedago\u0161ke fakultete Ljubljana, obenem pa je za\u010del oblikovati svoj likovni izraz ter sodelovati z razli\u010dni nevladnimi LGBTIQ+ organizacijami, kjer je ilustriral priro\u010dnike, material za socialna omre\u017eja, stripe, publikacije itd. Poleg likovne umetnosti se Vurnik ukvarja tudi z glasbo in pisanjem pesmi.<\/span><\/p>[\/et_pb_toggle][et_pb_button button_url=&#8221;https:\/\/ljubljanapride.org\/2022\/drazba\/?ult_auc_id=6986&#8243; button_text=&#8221;DRA\u017dBA&#8221; _builder_version=&#8221;4.14.8&#8243; _module_preset=&#8221;default&#8221; global_colors_info=&#8221;{}&#8221;][\/et_pb_button][\/et_pb_column][\/et_pb_row][et_pb_row column_structure=&#8221;1_4,3_4&#8243; module_id=&#8221;9&#8243; _builder_version=&#8221;4.14.8&#8243; _module_preset=&#8221;default&#8221; border_width_bottom=&#8221;1px&#8221; border_color_bottom=&#8221;gcid-7ea777a6-d5fb-4ad3-a322-dda0fa8a0b4b&#8221; global_colors_info=&#8221;{%22gcid-7ea777a6-d5fb-4ad3-a322-dda0fa8a0b4b%22:%91%22border_color_bottom%22%93}&#8221;][et_pb_column type=&#8221;1_4&#8243; _builder_version=&#8221;4.14.8&#8243; _module_preset=&#8221;default&#8221; global_colors_info=&#8221;{}&#8221;][et_pb_image src=&#8221;https:\/\/ljubljanapride.org\/2022\/wp-content\/uploads\/2022\/06\/Vurnik_Filip_TriptihCelote_2022_03.jpg&#8221; title_text=&#8221;Vurnik_Filip_TriptihCelote_2022_03&#8243; _builder_version=&#8221;4.14.8&#8243; _module_preset=&#8221;default&#8221; hover_enabled=&#8221;0&#8243; global_colors_info=&#8221;{}&#8221; sticky_enabled=&#8221;0&#8243;][\/et_pb_image][\/et_pb_column][et_pb_column type=&#8221;3_4&#8243; _builder_version=&#8221;4.14.8&#8243; _module_preset=&#8221;default&#8221; global_colors_info=&#8221;{}&#8221;][et_pb_toggle title=&#8221;Triptih celote, 2022 (2\/3) (Filip Vurnik)&#8221; module_id=&#8221;9&#8243; _builder_version=&#8221;4.14.8&#8243; _module_preset=&#8221;default&#8221; title_font=&#8221;bigjohn||||||||&#8221; global_colors_info=&#8221;{}&#8221;]<p><b>Ime in priimek:<\/b><span style=\"font-weight: 400;\"> Filip Vurnik<\/span><\/p>\n<p><b>Naslov dela, letnica:<\/b> <i><span style=\"font-weight: 400;\">Triptih celote<\/span><\/i><span style=\"font-weight: 400;\">, 2022<br \/><\/span><b>Tehnika:<\/b><span style=\"font-weight: 400;\"> risba s \u010drnim flumastrom na papirju<br \/><\/span><b>Mere:<\/b><span style=\"font-weight: 400;\"> mera posami\u010dnega dela triptiha je 29,7 cm x 21 cm<\/span><\/p>\n<p><span style=\"font-weight: 400;\"><b>Izklicna cena:<\/b> 60 \u20ac na posamezni del triptiha<\/span><\/p>\n<p><b>Opis dela: <\/b><span style=\"font-weight: 400;\">Pri svojem ustvarjanju se umetnik igra predvsem z motivom avtoportreta, ki ni nujno realisti\u010den, vendar na simbolni ravni odra\u017ea njegovo \u017eivljenje, izku\u0161nje, transspolnost, identiteto, \u010dustva in stanje, ki pogosto zrcali stanje v dru\u017ebi, v\u010dasih na mikro-, v\u010dasih pa na makro ravni. Z enopotezno risbo se prepusti trenutku ustvarjanja. Ob\u010dasno se pojavi tudi barva, prevladuje pa \u010drni flomaster, ki potuje po papirju in ustvarja oblike, s katerimi se predstavlja. Umetnost na splo\u0161no vidi kot razstavljanje samega sebi svetu in zato uporablja motiv avtoportreta kot orodje za sporo\u010danje svojega notranjega sveta. S tem se \u017eeli drugim predstaviti, predvsem pa izpostaviti transspolnost kot del sebe, dru\u017ebe in umetnosti. Zanima ga tudi simbolika, kar je prisotno tudi v delu Triptih celote, kjer se igra s simboloma konja in medveda ter dvema podoboma sebe, gledalki_cu pa prepu\u0161\u010da tolma\u010denje. Poleg tega razume triptih kot umetnostnozgodovinsko gledano mo\u010dno sakralno likovno delo in ga umesti v kontekst transspolne osebe. Delo nastopa kot celota, hkrati pa vsaka stran govori zase in jo lahko gledamo kot samostojno likovno delo.\u00a0<\/span><\/p>\n<p><b>O umetniku:<br \/><\/b><b>Filip Vurnik<\/b><span style=\"font-weight: 400;\"> je po izobrazbi prof. mag. pou\u010devanja-likovne pedagogike in je leta 2021 zaklju\u010dil s \u0161olanjem na Pedago\u0161ki fakulteti na Univerzi v Ljubljani. V \u010dasu \u0161olanja na Srednji \u0161oli za oblikovanje in fotografijo v Ljubljani (2009\u20132013) je leta 2013 samostojno razstavljal v galeriji Ka\u0161\u010da v Radovljici (razstava \u010cude\u017ei), kjer je imel leta 2014 tudi drugo samostojno razstavo Nasprotja. V \u010dasu \u0161tudija je imel ve\u010d skupnih \u0161tudentskih razstav v organizaciji Galerije Pedago\u0161ke fakultete Ljubljana, obenem pa je za\u010del oblikovati svoj likovni izraz ter sodelovati z razli\u010dni nevladnimi LGBTIQ+ organizacijami, kjer je ilustriral priro\u010dnike, material za socialna omre\u017eja, stripe, publikacije itd. Poleg likovne umetnosti se Vurnik ukvarja tudi z glasbo in pisanjem pesmi.<\/span><\/p>[\/et_pb_toggle][et_pb_button button_url=&#8221;https:\/\/ljubljanapride.org\/2022\/drazba\/?ult_auc_id=6987&#8243; button_text=&#8221;DRA\u017dBA&#8221; _builder_version=&#8221;4.14.8&#8243; _module_preset=&#8221;default&#8221; global_colors_info=&#8221;{}&#8221;][\/et_pb_button][\/et_pb_column][\/et_pb_row][et_pb_row column_structure=&#8221;1_4,3_4&#8243; module_id=&#8221;10&#8243; _builder_version=&#8221;4.14.8&#8243; _module_preset=&#8221;default&#8221; border_width_bottom=&#8221;1px&#8221; border_color_bottom=&#8221;gcid-7ea777a6-d5fb-4ad3-a322-dda0fa8a0b4b&#8221; global_colors_info=&#8221;{%22gcid-7ea777a6-d5fb-4ad3-a322-dda0fa8a0b4b%22:%91%22border_color_bottom%22%93}&#8221;][et_pb_column type=&#8221;1_4&#8243; _builder_version=&#8221;4.14.8&#8243; _module_preset=&#8221;default&#8221; global_colors_info=&#8221;{}&#8221;][et_pb_image src=&#8221;https:\/\/ljubljanapride.org\/2022\/wp-content\/uploads\/2022\/06\/Vurnik_Filip_TriptihCelote_2022_02.jpg&#8221; title_text=&#8221;Vurnik_Filip_TriptihCelote_2022_02&#8243; _builder_version=&#8221;4.14.8&#8243; _module_preset=&#8221;default&#8221; hover_enabled=&#8221;0&#8243; global_colors_info=&#8221;{}&#8221; sticky_enabled=&#8221;0&#8243;][\/et_pb_image][\/et_pb_column][et_pb_column type=&#8221;3_4&#8243; _builder_version=&#8221;4.14.8&#8243; _module_preset=&#8221;default&#8221; global_colors_info=&#8221;{}&#8221;][et_pb_toggle title=&#8221;Triptih celote, 2022 (3\/3) (Filip Vurnik)&#8221; module_id=&#8221;10&#8243; _builder_version=&#8221;4.14.8&#8243; _module_preset=&#8221;default&#8221; title_font=&#8221;bigjohn||||||||&#8221; global_colors_info=&#8221;{}&#8221;]<p><b>Ime in priimek:<\/b><span style=\"font-weight: 400;\"> Filip Vurnik<\/span><\/p>\n<p><b>Naslov dela, letnica:<\/b> <i><span style=\"font-weight: 400;\">Triptih celote<\/span><\/i><span style=\"font-weight: 400;\">, 2022<br \/><\/span><b>Tehnika:<\/b><span style=\"font-weight: 400;\"> risba s \u010drnim flumastrom na papirju<br \/><\/span><b>Mere:<\/b><span style=\"font-weight: 400;\"> mera posami\u010dnega dela triptiha je 29,7 cm x 21 cm<\/span><\/p>\n<p><span style=\"font-weight: 400;\"><b>Izklicna cena:<\/b> 60 \u20ac na posamezni del triptiha<\/span><\/p>\n<p><b>Opis dela: <\/b><span style=\"font-weight: 400;\">Pri svojem ustvarjanju se umetnik igra predvsem z motivom avtoportreta, ki ni nujno realisti\u010den, vendar na simbolni ravni odra\u017ea njegovo \u017eivljenje, izku\u0161nje, transspolnost, identiteto, \u010dustva in stanje, ki pogosto zrcali stanje v dru\u017ebi, v\u010dasih na mikro-, v\u010dasih pa na makro ravni. Z enopotezno risbo se prepusti trenutku ustvarjanja. Ob\u010dasno se pojavi tudi barva, prevladuje pa \u010drni flomaster, ki potuje po papirju in ustvarja oblike, s katerimi se predstavlja. Umetnost na splo\u0161no vidi kot razstavljanje samega sebi svetu in zato uporablja motiv avtoportreta kot orodje za sporo\u010danje svojega notranjega sveta. S tem se \u017eeli drugim predstaviti, predvsem pa izpostaviti transspolnost kot del sebe, dru\u017ebe in umetnosti. Zanima ga tudi simbolika, kar je prisotno tudi v delu Triptih celote, kjer se igra s simboloma konja in medveda ter dvema podoboma sebe, gledalki_cu pa prepu\u0161\u010da tolma\u010denje. Poleg tega razume triptih kot umetnostnozgodovinsko gledano mo\u010dno sakralno likovno delo in ga umesti v kontekst transspolne osebe. Delo nastopa kot celota, hkrati pa vsaka stran govori zase in jo lahko gledamo kot samostojno likovno delo.\u00a0<\/span><\/p>\n<p><b>O umetniku:<br \/><\/b><b>Filip Vurnik<\/b><span style=\"font-weight: 400;\"> je po izobrazbi prof. mag. pou\u010devanja-likovne pedagogike in je leta 2021 zaklju\u010dil s \u0161olanjem na Pedago\u0161ki fakulteti na Univerzi v Ljubljani. V \u010dasu \u0161olanja na Srednji \u0161oli za oblikovanje in fotografijo v Ljubljani (2009\u20132013) je leta 2013 samostojno razstavljal v galeriji Ka\u0161\u010da v Radovljici (razstava \u010cude\u017ei), kjer je imel leta 2014 tudi drugo samostojno razstavo Nasprotja. V \u010dasu \u0161tudija je imel ve\u010d skupnih \u0161tudentskih razstav v organizaciji Galerije Pedago\u0161ke fakultete Ljubljana, obenem pa je za\u010del oblikovati svoj likovni izraz ter sodelovati z razli\u010dni nevladnimi LGBTIQ+ organizacijami, kjer je ilustriral priro\u010dnike, material za socialna omre\u017eja, stripe, publikacije itd. Poleg likovne umetnosti se Vurnik ukvarja tudi z glasbo in pisanjem pesmi.<\/span><\/p>[\/et_pb_toggle][et_pb_button button_url=&#8221;https:\/\/ljubljanapride.org\/2022\/drazba\/?ult_auc_id=6988&#8243; button_text=&#8221;DRA\u017dBA&#8221; _builder_version=&#8221;4.14.8&#8243; _module_preset=&#8221;default&#8221; global_colors_info=&#8221;{}&#8221;][\/et_pb_button][\/et_pb_column][\/et_pb_row][et_pb_row column_structure=&#8221;1_4,3_4&#8243; module_id=&#8221;10&#8243; _builder_version=&#8221;4.14.8&#8243; _module_preset=&#8221;default&#8221; border_width_bottom=&#8221;1px&#8221; border_color_bottom=&#8221;gcid-7ea777a6-d5fb-4ad3-a322-dda0fa8a0b4b&#8221; global_colors_info=&#8221;{%22gcid-7ea777a6-d5fb-4ad3-a322-dda0fa8a0b4b%22:%91%22border_color_bottom%22%93}&#8221;][et_pb_column type=&#8221;1_4&#8243; _builder_version=&#8221;4.14.8&#8243; _module_preset=&#8221;default&#8221; global_colors_info=&#8221;{}&#8221;][et_pb_image src=&#8221;https:\/\/ljubljanapride.org\/2022\/wp-content\/uploads\/2022\/06\/Kracina_Klara_Ekskluzivno_2021.jpg&#8221; title_text=&#8221;Kracina_Klara_Ekskluzivno_2021&#8243; _builder_version=&#8221;4.14.8&#8243; _module_preset=&#8221;default&#8221; global_colors_info=&#8221;{}&#8221;][\/et_pb_image][\/et_pb_column][et_pb_column type=&#8221;3_4&#8243; _builder_version=&#8221;4.14.8&#8243; _module_preset=&#8221;default&#8221; global_colors_info=&#8221;{}&#8221;][et_pb_toggle title=&#8221;Ekskluzivno (Klara Kracina)&#8221; module_id=&#8221;10&#8243; _builder_version=&#8221;4.14.8&#8243; _module_preset=&#8221;default&#8221; title_font=&#8221;bigjohn||||||||&#8221; global_colors_info=&#8221;{}&#8221;]<p><b>Ime in priimek:<\/b><span style=\"font-weight: 400;\"> Klara Kracina<\/span><\/p>\n<p><b>Naslov dela, letnica:<\/b> <i><span style=\"font-weight: 400;\">Ekskluzivno<\/span><\/i><span style=\"font-weight: 400;\"><br \/><\/span><b>Tehnika: <\/b><span style=\"font-weight: 400;\">Akril na papirju, napetem na rigidnem lesenem podokvirju + video.<br \/><\/span><b>Mere: <\/b><span style=\"font-weight: 400;\">posami\u010dni diptih meri 94 cm x 120cm.<\/span><\/p>\n<p><b>Opis dela: <\/b><span style=\"font-weight: 400;\">Ob vseh podra\u017eitvah, o katerih poro\u010damo v zadnjih dneh, ne smemo zamuditi prilo\u017enosti, da bi dobili kaj ceneje, pa naj stane kolikor ho\u010de, in tako je na odprtju novega diskonta v Ljubljani mno\u017eica dobesedno ponorela. Bela tehnika se je prodajala kot kruh, med prerivanjem pa je kapljala tudi kri.<\/span><\/p>\n<p><b>O umetnici:<br \/><\/b><b>Klara Kracina<\/b><span style=\"font-weight: 400;\"> dokon\u010duje dodiplomski \u0161tudij slikarstva na Akademiji za likovno umetnost in oblikovanje v Ljubljani. Podro\u010dji njenega zanimanja in ustvarjanja sta predvsem slikarstvo in grafika, izra\u017ea pa se tudi prek drugih medijev. V svojih delih se pogosto dotika dru\u017ebeno kriti\u010dnih tem, ki jih prikazuje na humoren in cini\u010den na\u010din.<\/span><\/p>\n<p><span style=\"font-weight: 400;\">Do sedaj je imela tri samostojne razstave, in sicer v hostlu Tresor (2018), galeriji DobraVaga (2019) in v klubu Wetrinsky v Mariboru (2021). Sodelovala je na ve\u010d skupinskih razstavah, med drugim v Dobri vagi, Mestni galeriji Piran, v \u0160vicariji in v galeriji Equrna. Je \u010dlanica umetni\u0161kega kolektiva Podmladek, ki je aktiven od leta 2017. Skupaj so razstavljali v galeriji \u0160kuc in galeriji Media Nox, objavljeni pa so bili tudi v reviji Likovne besede. Od leta 2019 je tudi \u010dlanica umetni\u0161ko aktivisti\u010dnega kolektiva Kvadratni meter, ki skozi intervencije v javnem prostoru, performanse in podobno opozarja na stanovanjsko problematiko. Z omenjenim kolektivom je razstavljala v galeriji Cirkulacija2 in galeriji Alkatraz ter sodelovala z galerijo Aksioma. Je soavtorica murala na steni kluba Monokel v AKC Metelkova mesto. Sodelovala je na festivalih Svetlobna gverila, Lezbi\u010dna \u010detrt in Ment, s kolektivom Podmladek pa tudi na festivalu Indigo.<\/span><\/p>[\/et_pb_toggle][\/et_pb_column][\/et_pb_row][et_pb_row column_structure=&#8221;1_4,3_4&#8243; module_id=&#8221;11&#8243; _builder_version=&#8221;4.14.8&#8243; _module_preset=&#8221;default&#8221; border_width_bottom=&#8221;1px&#8221; border_color_bottom=&#8221;gcid-7ea777a6-d5fb-4ad3-a322-dda0fa8a0b4b&#8221; global_colors_info=&#8221;{%22gcid-7ea777a6-d5fb-4ad3-a322-dda0fa8a0b4b%22:%91%22border_color_bottom%22%93}&#8221;][et_pb_column type=&#8221;1_4&#8243; _builder_version=&#8221;4.14.8&#8243; _module_preset=&#8221;default&#8221; global_colors_info=&#8221;{}&#8221;][et_pb_image src=&#8221;data:image\/svg+xml;base64,PHN2ZyB3aWR0aD0iMTA4MCIgaGVpZ2h0PSI1NDAiIHZpZXdCb3g9IjAgMCAxMDgwIDU0MCIgeG1sbnM9Imh0dHA6Ly93d3cudzMub3JnLzIwMDAvc3ZnIj4KICAgIDxnIGZpbGw9Im5vbmUiIGZpbGwtcnVsZT0iZXZlbm9kZCI+CiAgICAgICAgPHBhdGggZmlsbD0iI0VCRUJFQiIgZD0iTTAgMGgxMDgwdjU0MEgweiIvPgogICAgICAgIDxwYXRoIGQ9Ik00NDUuNjQ5IDU0MGgtOTguOTk1TDE0NC42NDkgMzM3Ljk5NSAwIDQ4Mi42NDR2LTk4Ljk5NWwxMTYuMzY1LTExNi4zNjVjMTUuNjItMTUuNjIgNDAuOTQ3LTE1LjYyIDU2LjU2OCAwTDQ0NS42NSA1NDB6IiBmaWxsLW9wYWNpdHk9Ii4xIiBmaWxsPSIjMDAwIiBmaWxsLXJ1bGU9Im5vbnplcm8iLz4KICAgICAgICA8Y2lyY2xlIGZpbGwtb3BhY2l0eT0iLjA1IiBmaWxsPSIjMDAwIiBjeD0iMzMxIiBjeT0iMTQ4IiByPSI3MCIvPgogICAgICAgIDxwYXRoIGQ9Ik0xMDgwIDM3OXYxMTMuMTM3TDcyOC4xNjIgMTQwLjMgMzI4LjQ2MiA1NDBIMjE1LjMyNEw2OTkuODc4IDU1LjQ0NmMxNS42Mi0xNS42MiA0MC45NDgtMTUuNjIgNTYuNTY4IDBMMTA4MCAzNzl6IiBmaWxsLW9wYWNpdHk9Ii4yIiBmaWxsPSIjMDAwIiBmaWxsLXJ1bGU9Im5vbnplcm8iLz4KICAgIDwvZz4KPC9zdmc+Cg==&#8221; _builder_version=&#8221;4.14.8&#8243; _module_preset=&#8221;default&#8221; global_colors_info=&#8221;{}&#8221;][\/et_pb_image][\/et_pb_column][et_pb_column type=&#8221;3_4&#8243; _builder_version=&#8221;4.14.8&#8243; _module_preset=&#8221;default&#8221; global_colors_info=&#8221;{}&#8221;][et_pb_toggle title=&#8221;Zvo\u010dna instalacija (Maja Bohak)&#8221; _builder_version=&#8221;4.14.8&#8243; _module_preset=&#8221;default&#8221; title_font=&#8221;bigjohn||||||||&#8221; global_colors_info=&#8221;{}&#8221;]<p><b>Ime in priimek:<\/b><span style=\"font-weight: 400;\"> Maja Bohak<\/span><\/p>\n<p><span style=\"font-weight: 400;\">Zvo\u010dna instalacija je del zaklju\u010dene celote dela <\/span><i><span style=\"font-weight: 400;\">ZAKAJ? = ZATO!<\/span><\/i><span style=\"font-weight: 400;\"> Ur\u0161e \u010cuk.<\/span><\/p>\n<p><b>Opis dela:<\/b> <span style=\"font-weight: 400;\">S svojim delom je \u017eelela podkrepiti vizualni del projekta in gledalce popeljati skozi \u010dustveni proces dojemanja vizualnega videa in razumevanja le-tega. Zvok je pomemben del dialoga med gledalcem in sliko, ki predstavlja iluzijo realnosti.\u00a0<\/span><\/p>\n<p><b>O umetnici:\u00a0<br \/><\/b><b>Maja Bohak<\/b><span style=\"font-weight: 400;\"> je vsestranska umetnica, starogardistka lezbi\u010dne scene. Ustvarja razli\u010dne glasbene podlage za video produkcije. Na odru se pod imenom maiaB pogosto pojavlja za did\u017eej me\u0161alko.<\/span><\/p>\n<p><span style=\"font-weight: 400;\">Z elektronsko glasbo in did\u017eejanjem se je prvi\u010d sre\u010dala pred desetimi leti v klubu Monokel, njena \u017eanra sta bila deep house in house, po dolgoletnem premoru pa se je za me\u0161alko vrnila s predihanim psytrancem in tehnom. V sodelovanju z vsestransko glasbenico Majo Pahor sta za\u010deli inovativni skupni projekt TU\u0160 in KABINA, kjer ustvarjata sintezo elektronske glasbe v kombinaciji razli\u010dnih in\u0161trumentov. Motivacijo za ustvarjanje \u010drpa iz vsakdanjega \u017eivljenja. Njeno ime se pojavi tudi pri vizualno zvo\u010dnem projektu VJ performansu \u2013 Gibanje skozi le\u010do. S prvimi koraki produkcije se je sre\u010dala pri ustvarjanju razli\u010dnih glasbenih podlag za razli\u010dne video produkcije v sodelovanju z Ur\u0161o \u010cuk.\u00a0<\/span><\/p>[\/et_pb_toggle][\/et_pb_column][\/et_pb_row][et_pb_row column_structure=&#8221;1_4,3_4&#8243; module_id=&#8221;12&#8243; _builder_version=&#8221;4.14.8&#8243; _module_preset=&#8221;default&#8221; border_width_bottom=&#8221;1px&#8221; border_color_bottom=&#8221;gcid-7ea777a6-d5fb-4ad3-a322-dda0fa8a0b4b&#8221; global_colors_info=&#8221;{%22gcid-7ea777a6-d5fb-4ad3-a322-dda0fa8a0b4b%22:%91%22border_color_bottom%22%93}&#8221;][et_pb_column type=&#8221;1_4&#8243; _builder_version=&#8221;4.14.8&#8243; _module_preset=&#8221;default&#8221; global_colors_info=&#8221;{}&#8221;][et_pb_image src=&#8221;https:\/\/ljubljanapride.org\/2022\/wp-content\/uploads\/2022\/06\/Vidnjevic_Nika_BrezkurcaI_2022.jpg&#8221; title_text=&#8221;Vidnjevic_Nika_BrezkurcaI_2022&#8243; _builder_version=&#8221;4.14.8&#8243; _module_preset=&#8221;default&#8221; global_colors_info=&#8221;{}&#8221;][\/et_pb_image][\/et_pb_column][et_pb_column type=&#8221;3_4&#8243; _builder_version=&#8221;4.14.8&#8243; _module_preset=&#8221;default&#8221; global_colors_info=&#8221;{}&#8221;][et_pb_toggle title=&#8221;Brez kurca I, 2022, 1\/25 (Nika Vidnjevi\u010d)&#8221; _builder_version=&#8221;4.14.8&#8243; _module_preset=&#8221;default&#8221; title_font=&#8221;bigjohn||||||||&#8221; global_colors_info=&#8221;{}&#8221;]<p><b>Ime in priimek:<\/b><span style=\"font-weight: 400;\"> Nika Vidnjevi\u010d<\/span><\/p>\n<p><b>Naslov dela, letnica:<\/b> <i><span style=\"font-weight: 400;\">Brez kurca I<\/span><\/i><span style=\"font-weight: 400;\">, 2022, 1\/25<br \/><\/span><b>Tehnika:<\/b><span style=\"font-weight: 400;\"> giclee print<br \/><\/span><b>Mere:<\/b><span style=\"font-weight: 400;\"> 50 cm x 70 cm<\/span><\/p>\n<p><b>Izklicna cena<\/b><span style=\"font-weight: 400;\">: 50\u20ac, delo se prodaja z okvirjem<\/span><\/p>\n<p><b>Opis dela:<\/b><span style=\"font-weight: 400;\"> Delo je kritika dru\u017ebe, odnosa do \u017eensk in stigmatizacije lezbijk.<\/span><\/p>\n<p><b>O umetnici: <br \/>Nika Vidnjevi\u010d<\/b><span style=\"font-weight: 400;\"> je 23-letna umetnica, ki se definira kot lezbijka. Na ALUO \u0161tudira industrijsko oblikovanje, kjer bo letos diplomirala. V prostem \u010dasu rada ri\u0161e in ustvarja grafike, ki so kritika dru\u017ebe in objektivizacije \u017eensk.<\/span><\/p>[\/et_pb_toggle][et_pb_button button_url=&#8221;https:\/\/ljubljanapride.org\/2022\/drazba\/?ult_auc_id=6976&#8243; button_text=&#8221;DRA\u017dBA&#8221; _builder_version=&#8221;4.14.8&#8243; _module_preset=&#8221;default&#8221; global_colors_info=&#8221;{}&#8221;][\/et_pb_button][\/et_pb_column][\/et_pb_row][et_pb_row column_structure=&#8221;1_4,3_4&#8243; module_id=&#8221;13&#8243; _builder_version=&#8221;4.14.8&#8243; _module_preset=&#8221;default&#8221; border_width_bottom=&#8221;1px&#8221; border_color_bottom=&#8221;gcid-7ea777a6-d5fb-4ad3-a322-dda0fa8a0b4b&#8221; global_colors_info=&#8221;{%22gcid-7ea777a6-d5fb-4ad3-a322-dda0fa8a0b4b%22:%91%22border_color_bottom%22%93}&#8221;][et_pb_column type=&#8221;1_4&#8243; _builder_version=&#8221;4.14.8&#8243; _module_preset=&#8221;default&#8221; global_colors_info=&#8221;{}&#8221;][et_pb_image src=&#8221;https:\/\/ljubljanapride.org\/2022\/wp-content\/uploads\/2022\/06\/Vidnjevic_Nika_BrezkurcaII_2022.jpg&#8221; title_text=&#8221;Vidnjevic_Nika_BrezkurcaII_2022&#8243; _builder_version=&#8221;4.14.8&#8243; _module_preset=&#8221;default&#8221; global_colors_info=&#8221;{}&#8221;][\/et_pb_image][\/et_pb_column][et_pb_column type=&#8221;3_4&#8243; _builder_version=&#8221;4.14.8&#8243; _module_preset=&#8221;default&#8221; global_colors_info=&#8221;{}&#8221;][et_pb_toggle title=&#8221;Brez kurca II, 2022, 1\/25 (Nika Vidnjevi\u010d)&#8221; _builder_version=&#8221;4.14.8&#8243; _module_preset=&#8221;default&#8221; title_font=&#8221;bigjohn||||||||&#8221; global_colors_info=&#8221;{}&#8221;]<p><b>Ime in priimek:<\/b><span style=\"font-weight: 400;\"> Nika Vidnjevi\u010d<\/span><\/p>\n<p><b>Naslov dela, letnica:<\/b> <i><span style=\"font-weight: 400;\">Brez kurca II<\/span><\/i><span style=\"font-weight: 400;\">, 2022, 1\/25<br \/><\/span><b>Tehnika:<\/b><span style=\"font-weight: 400;\"> giclee print<br \/><\/span><b>Mere:<\/b><span style=\"font-weight: 400;\"> 50 cm x 70 cm<\/span><\/p>\n<p><b>Izklicna cena:<\/b><span style=\"font-weight: 400;\"> 50\u20ac, delo se prodaja z okvirjem<\/span><\/p>\n<p><b>Opis dela:<\/b><span style=\"font-weight: 400;\"> Delo je kritika dru\u017ebe, odnosa do \u017eensk in stigmatizacije lezbijk.<\/span><\/p>\n<p><b>O umetnici: <br \/>Nika Vidnjevi\u010d<\/b><span style=\"font-weight: 400;\"> je 23-letna umetnica, ki se definira kot lezbijka. Na ALUO \u0161tudira industrijsko oblikovanje, kjer bo letos diplomirala. V prostem \u010dasu rada ri\u0161e in ustvarja grafike, ki so kritika dru\u017ebe in objektivizacije \u017eensk.<\/span><\/p>[\/et_pb_toggle][et_pb_button button_url=&#8221;https:\/\/ljubljanapride.org\/2022\/drazba\/?ult_auc_id=6977&#8243; button_text=&#8221;DRA\u017dBA&#8221; _builder_version=&#8221;4.14.8&#8243; _module_preset=&#8221;default&#8221; global_colors_info=&#8221;{}&#8221;][\/et_pb_button][\/et_pb_column][\/et_pb_row][et_pb_row column_structure=&#8221;1_4,3_4&#8243; module_id=&#8221;14&#8243; _builder_version=&#8221;4.14.8&#8243; _module_preset=&#8221;default&#8221; border_width_bottom=&#8221;1px&#8221; border_color_bottom=&#8221;gcid-7ea777a6-d5fb-4ad3-a322-dda0fa8a0b4b&#8221; global_colors_info=&#8221;{%22gcid-7ea777a6-d5fb-4ad3-a322-dda0fa8a0b4b%22:%91%22border_color_bottom%22%93}&#8221;][et_pb_column type=&#8221;1_4&#8243; _builder_version=&#8221;4.14.8&#8243; _module_preset=&#8221;default&#8221; global_colors_info=&#8221;{}&#8221;][et_pb_image src=&#8221;https:\/\/ljubljanapride.org\/2022\/wp-content\/uploads\/2022\/06\/Horvat_Nuka_TransGroznja_2022.jpg&#8221; title_text=&#8221;Horvat_Nuka_TransGroznja_2022&#8243; _builder_version=&#8221;4.14.8&#8243; _module_preset=&#8221;default&#8221; global_colors_info=&#8221;{}&#8221;][\/et_pb_image][\/et_pb_column][et_pb_column type=&#8221;3_4&#8243; _builder_version=&#8221;4.14.8&#8243; _module_preset=&#8221;default&#8221; global_colors_info=&#8221;{}&#8221;][et_pb_toggle title=&#8221;\u201cTrans gro\u017enja\u201d, 2022 (Nuka Horvat)&#8221; _builder_version=&#8221;4.14.8&#8243; _module_preset=&#8221;default&#8221; title_font=&#8221;bigjohn||||||||&#8221; global_colors_info=&#8221;{}&#8221;]<p><b>Ime in priimek:<\/b><span style=\"font-weight: 400;\"> Nuka Horvat<\/span><\/p>\n<p><b>Naslov dela, letnica:<\/b> <i><span style=\"font-weight: 400;\">\u201cTrans gro\u017enja\u201d<\/span><\/i><span style=\"font-weight: 400;\">, 2022<br \/><\/span><b>Tehnika:<\/b><span style=\"font-weight: 400;\"> me\u0161ana tehnika, monotipija in blago<br \/><\/span><b>Mere:<\/b><span style=\"font-weight: 400;\"> 29.7 x 21 cm<\/span><\/p>\n<p><b>Izklicna cena:<\/b><span style=\"font-weight: 400;\"> 50\u20ac<\/span><\/p>\n<p><b>Opis dela:\u00a0<\/b><span style=\"font-weight: 400;\">Projekt zajema zbirko \u0161tirih originalni grafi\u010dnih odtisov v tehniki monotipije. Podobe, prisotne v grafikah, so abstraktne ali pol-abstraktne in se osredoto\u010dajo na prikazovanje utrinkov in razbitih oblik, namesto na upodabljanje preprosto razumljenih figur. <\/span><span style=\"font-weight: 400;\">Zana\u0161ajo se na subjektivnost gledalke, ki s svojo percepcijo dopolnjuje vizualno izkustvo.<\/span><\/p>\n<p><span style=\"font-weight: 400;\">Tematsko se projekt ukvarja z nevidnostjo transspolnih oseb in zatiranjem, ki se izvaja nad njimi. Prizadeva si, da bi vizualno upodabljal ob\u010dutke ob odrekanju in kr\u0161enju pravic, zlorabi mo\u010di, sistemski diskriminaciji, sovra\u017enem in diskriminatornem govoru in vseh vrstah nasilja, ki so v na\u0161i dru\u017ebi sistemske.<\/span><\/p>\n<p><span style=\"font-weight: 400;\">Grafike si pomensko sledijo po dolo\u010denem vrstnem redu in ustvarjajo zgodbo. Blago, prisotno v projektu, <\/span><span style=\"font-weight: 400;\">ima vlogo motnje in prekrivanja. Groza je prikrita, resnica je prikrita, obstoj zanikan, namesto nje pa prevladujejo la\u017ena prepri\u010danja, strah in nasilje. Ko se blago odstrani, ostaja odlo\u010dnost, upor in pravica do zavzemanja lastnega prostora.<\/span><\/p>\n<p><b>O umetniku:\u00a0<br \/><\/b><b>Nuka Horvat<\/b><span style=\"font-weight: 400;\"> je junija 2021 diplomiral na Akademiji za likovno umetnost in oblikovanje v Ljubljani, na smeri ilustracija, zdaj pa na isti smeri obiskuje magisterij. Ukvarja se s slikanjem in grafiko, ustvarja zine, stripe in ilustracije, ki sta jih objavili zalo\u017ebi Ku\u0161 komiks in \u010dasopis F\u016eD, oblikoval in uredil pa je tudi TransAkcijina zina Queerantine zine in Uporni\u0161ki femini-zin. Sodeloval je na ve\u010d skupinskih razstavah, kot na primer Sve\u017ee ribe #nemirnevode (2020) in Sve\u017ee ribe #dobravaga (2021) v galeriji DobraVaga, S04E02_KRIZOLOGIJA: apliciran pristop (2021) v okviru galerije 7:069 in Media Nox. Samostojno pa se je v DobriVagi predstavil v okviru razstave Zine Vitrine s svojim zin-stripom Lijak (2020).<\/span><\/p>\n<p><span style=\"font-weight: 400;\">V svojih delih likovno raziskuje, kaj nesmiselne oblike spreminja v prepoznavne podobe in obratno. Na izbiro tematik, ki se jih v delih loteva, vplivajo trenutni svetovni in lokalni dogodki ter njegova notranja ob\u010dutenja, kot kvir trans osebi pa so mu najbli\u017eje LGBTIQ+ tematike in problematike.<\/span><\/p>[\/et_pb_toggle][et_pb_button button_url=&#8221;https:\/\/ljubljanapride.org\/2022\/drazba\/?ult_auc_id=6978&#8243; button_text=&#8221;DRA\u017dBA&#8221; _builder_version=&#8221;4.14.8&#8243; _module_preset=&#8221;default&#8221; global_colors_info=&#8221;{}&#8221;][\/et_pb_button][\/et_pb_column][\/et_pb_row][et_pb_row column_structure=&#8221;1_4,3_4&#8243; module_id=&#8221;15&#8243; _builder_version=&#8221;4.14.8&#8243; _module_preset=&#8221;default&#8221; border_width_bottom=&#8221;1px&#8221; border_color_bottom=&#8221;gcid-7ea777a6-d5fb-4ad3-a322-dda0fa8a0b4b&#8221; global_colors_info=&#8221;{%22gcid-7ea777a6-d5fb-4ad3-a322-dda0fa8a0b4b%22:%91%22border_color_bottom%22%93}&#8221;][et_pb_column type=&#8221;1_4&#8243; _builder_version=&#8221;4.14.8&#8243; _module_preset=&#8221;default&#8221; global_colors_info=&#8221;{}&#8221;][et_pb_image src=&#8221;https:\/\/ljubljanapride.org\/2022\/wp-content\/uploads\/2022\/06\/Horvat_Nuka_-aFDLII-gbll-j-a_2022.jpg&#8221; title_text=&#8221;Horvat_Nuka_-aFDLII-gbll&#8212;j&#8211;a_2022&#8243; _builder_version=&#8221;4.14.8&#8243; _module_preset=&#8221;default&#8221; global_colors_info=&#8221;{}&#8221;][\/et_pb_image][\/et_pb_column][et_pb_column type=&#8221;3_4&#8243; _builder_version=&#8221;4.14.8&#8243; _module_preset=&#8221;default&#8221; global_colors_info=&#8221;{}&#8221;][et_pb_toggle title=&#8221;\u201c-aFDLll &#8211; gbll- -j -a\u201d, 2022 (Nuka Horvat)&#8221; _builder_version=&#8221;4.14.8&#8243; _module_preset=&#8221;default&#8221; title_font=&#8221;bigjohn||||||||&#8221; global_colors_info=&#8221;{}&#8221;]<p><b>Ime in priimek:<\/b><span style=\"font-weight: 400;\"> Nuka Horvat<\/span><\/p>\n<p><b>Naslov dela, letnica:<\/b> <i><span style=\"font-weight: 400;\">\u201c-aFDLll &#8211; gbll- -j -a\u201d<\/span><\/i><span style=\"font-weight: 400;\">, 2022<br \/><\/span><b>Tehnika:<\/b><span style=\"font-weight: 400;\"> me\u0161ana tehnika, monotipija in blago<br \/><\/span><b>Mere:<\/b><span style=\"font-weight: 400;\"> 30 cm x 40 cm<\/span><\/p>\n<p><b>Opis dela:\u00a0<\/b><span style=\"font-weight: 400;\">Projekt zajema zbirko \u0161tirih originalni grafi\u010dnih odtisov v tehniki monotipije. Podobe, prisotne v grafikah, so abstraktne ali pol-abstraktne in se osredoto\u010dajo na prikazovanje utrinkov in razbitih oblik, namesto na upodabljanje preprosto razumljenih figur. <\/span><span style=\"font-weight: 400;\">Zana\u0161ajo se na subjektivnost gledalke, ki s svojo percepcijo dopolnjuje vizualno izkustvo.<\/span><\/p>\n<p><span style=\"font-weight: 400;\">Tematsko se projekt ukvarja z nevidnostjo transspolnih oseb in zatiranjem, ki se izvaja nad njimi. Prizadeva si, da bi vizualno upodabljal ob\u010dutke ob odrekanju in kr\u0161enju pravic, zlorabi mo\u010di, sistemski diskriminaciji, sovra\u017enem in diskriminatornem govoru in vseh vrstah nasilja, ki so v na\u0161i dru\u017ebi sistemske.<\/span><\/p>\n<p><span style=\"font-weight: 400;\">Grafike si pomensko sledijo po dolo\u010denem vrstnem redu in ustvarjajo zgodbo. Blago, prisotno v projektu, ima vlogo motnje in prekrivanja. Groza je prikrita, resnica je prikrita, obstoj zanikan, namesto nje pa prevladujejo la\u017ena prepri\u010danja, strah in nasilje. Ko se blago odstrani, ostaja odlo\u010dnost, upor in pravica do zavzemanja lastnega prostora.<\/span><\/p>\n<p><b>O umetniku:\u00a0<br \/><\/b><b>Nuka Horvat<\/b><span style=\"font-weight: 400;\"> je junija 2021 diplomiral na Akademiji za likovno umetnost in oblikovanje v Ljubljani, na smeri ilustracija, zdaj pa na isti smeri obiskuje magisterij. Ukvarja se s slikanjem in grafiko, ustvarja zine, stripe in ilustracije, ki sta jih objavili zalo\u017ebi Ku\u0161 komiks in \u010dasopis F\u016eD, oblikoval in uredil pa je tudi TransAkcijina zina Queerantine zine in Uporni\u0161ki femini-zin. Sodeloval je pri ve\u010d skupinskih razstavah, kot na primer Sve\u017ee ribe #nemirnevode (2020) in Sve\u017ee ribe #dobravaga (2021) v galeriji DobraVaga, S04E02_KRIZOLOGIJA: apliciran pristop (2021) v okviru galerije 7:069 in Media Nox. Samostojno pa se je v DobriVagi predstavil v okviru razstave Zine Vitrine s svojim zin-stripom Lijak (2020).<\/span><\/p>\n<p><span style=\"font-weight: 400;\">V svojih delih likovno raziskuje, kaj nesmiselne oblike spreminja v prepoznavne podobe in obratno. Na izbiro tematik, ki se jih v delih loteva, vplivajo trenutni svetovni in lokalni dogodki ter njegova notranja ob\u010dutenja, kot kvir trans osebi pa so mu najbli\u017eje LGBTIQ+ tematike in problematike.<\/span><\/p>[\/et_pb_toggle][\/et_pb_column][\/et_pb_row][et_pb_row column_structure=&#8221;1_4,3_4&#8243; module_id=&#8221;16&#8243; _builder_version=&#8221;4.14.8&#8243; _module_preset=&#8221;default&#8221; border_width_bottom=&#8221;1px&#8221; border_color_bottom=&#8221;gcid-7ea777a6-d5fb-4ad3-a322-dda0fa8a0b4b&#8221; global_colors_info=&#8221;{%22gcid-7ea777a6-d5fb-4ad3-a322-dda0fa8a0b4b%22:%91%22border_color_bottom%22%93}&#8221;][et_pb_column type=&#8221;1_4&#8243; _builder_version=&#8221;4.14.8&#8243; _module_preset=&#8221;default&#8221; global_colors_info=&#8221;{}&#8221;][et_pb_image src=&#8221;https:\/\/ljubljanapride.org\/2022\/wp-content\/uploads\/2022\/06\/Horvat_Nuka_TransOgrozeni_2022.jpg&#8221; title_text=&#8221;Horvat_Nuka_TransOgrozeni_2022&#8243; _builder_version=&#8221;4.14.8&#8243; _module_preset=&#8221;default&#8221; global_colors_info=&#8221;{}&#8221;][\/et_pb_image][\/et_pb_column][et_pb_column type=&#8221;3_4&#8243; _builder_version=&#8221;4.14.8&#8243; _module_preset=&#8221;default&#8221; global_colors_info=&#8221;{}&#8221;][et_pb_toggle title=&#8221;\u201cTrans ogro\u017eeni\u201d, 2022 (Nuka Horvat)&#8221; _builder_version=&#8221;4.14.8&#8243; _module_preset=&#8221;default&#8221; title_font=&#8221;bigjohn||||||||&#8221; global_colors_info=&#8221;{}&#8221;]<p><b>Ime in priimek:<\/b><span style=\"font-weight: 400;\"> Nuka Horvat<\/span><\/p>\n<p><b>Naslov dela, letnica<\/b><span style=\"font-weight: 400;\">: <\/span><i><span style=\"font-weight: 400;\">\u201cTrans ogro\u017eeni\u201d<\/span><\/i><span style=\"font-weight: 400;\">,<\/span> <span style=\"font-weight: 400;\">2022<br \/><\/span><b>Tehnika:<\/b><span style=\"font-weight: 400;\"> me\u0161ana tehnika, monotipija in blago<br \/><\/span><b>Mere:<\/b><span style=\"font-weight: 400;\"> 30 cm x 40 cm<\/span><\/p>\n<p><b>Opis dela:\u00a0 <\/b><span style=\"font-weight: 400;\">Projekt zajema zbirko \u0161tirih originalni grafi\u010dnih odtisov v tehniki monotipije. Podobe, prisotne v grafikah, so abstraktne ali pol-abstraktne in se osredoto\u010dajo na prikazovanje utrinkov in razbitih oblik, namesto na upodabljanje preprosto razumljenih figur. <\/span><span style=\"font-weight: 400;\">Zana\u0161ajo se na subjektivnost gledalke, ki s svojo percepcijo dopolnjuje vizualno izkustvo.<\/span><\/p>\n<p><span style=\"font-weight: 400;\">Tematsko se projekt ukvarja z nevidnostjo transspolnih oseb in zatiranjem, ki se izvaja nad njimi. Prizadeva si, da bi vizualno upodabljal ob\u010dutke ob odrekanju in kr\u0161enju pravic, zlorabi mo\u010di, sistemski diskriminaciji, sovra\u017enem in diskriminatornem govoru in vseh vrstah nasilja, ki so v na\u0161i dru\u017ebi sistemske.<\/span><\/p>\n<p><span style=\"font-weight: 400;\">Grafike si pomensko sledijo po dolo\u010denem vrstnem redu in ustvarjajo zgodbo. Blago, prisotno v projektu, ima vlogo motnje in prekrivanja. Groza je prikrita, resnica je prikrita, obstoj zanikan, namesto nje pa prevladujejo la\u017ena prepri\u010danja, strah in nasilje. Ko se blago odstrani, ostaja odlo\u010dnost, upor in pravica do zavzemanja lastnega prostora.<\/span><\/p>\n<p><b>O umetniku:\u00a0<br \/><\/b><b>Nuka Horvat<\/b><span style=\"font-weight: 400;\"> je junija 2021 diplomiral na Akademiji za likovno umetnost in oblikovanje v Ljubljani, na smeri ilustracija, zdaj pa na isti smeri obiskuje magisterij. Ukvarja se s slikanjem in grafiko, ustvarja zine, stripe in ilustracije, ki sta jih objavili zalo\u017ebi Ku\u0161 komiks in \u010dasopis F\u016eD, oblikoval in uredil pa je tudi TransAkcijina zina Queerantine zine in Uporni\u0161ki femini-zin. Sodeloval je pri ve\u010d skupinskih razstavah, kot na primer Sve\u017ee ribe #nemirnevode (2020) in Sve\u017ee ribe #dobravaga (2021) v galeriji DobraVaga, S04E02_KRIZOLOGIJA: apliciran pristop (2021) v okviru galerije 7:069 in Media Nox. Samostojno pa se je v DobriVagi predstavil v okviru razstave Zine Vitrine s svojim zin-stripom Lijak (2020).<\/span><\/p>\n<p><span style=\"font-weight: 400;\">V svojih delih likovno raziskuje, kaj nesmiselne oblike spreminja v prepoznavne podobe in obratno. Na izbiro tematik, ki se jih v delih loteva, vplivajo trenutni svetovni in lokalni dogodki ter njegova notranja ob\u010dutenja, kot kvir trans osebi pa so mu najbli\u017eje LGBTIQ+ tematike in problematike.<\/span><\/p>[\/et_pb_toggle][\/et_pb_column][\/et_pb_row][et_pb_row column_structure=&#8221;1_4,3_4&#8243; module_id=&#8221;17&#8243; _builder_version=&#8221;4.14.8&#8243; _module_preset=&#8221;default&#8221; border_width_bottom=&#8221;1px&#8221; border_color_bottom=&#8221;gcid-7ea777a6-d5fb-4ad3-a322-dda0fa8a0b4b&#8221; global_colors_info=&#8221;{%22gcid-7ea777a6-d5fb-4ad3-a322-dda0fa8a0b4b%22:%91%22border_color_bottom%22%93}&#8221;][et_pb_column type=&#8221;1_4&#8243; _builder_version=&#8221;4.14.8&#8243; _module_preset=&#8221;default&#8221; global_colors_info=&#8221;{}&#8221;][et_pb_image src=&#8221;https:\/\/ljubljanapride.org\/2022\/wp-content\/uploads\/2022\/06\/Horvat_Nuka_Mi_2022.jpg&#8221; title_text=&#8221;Horvat_Nuka_Mi_2022&#8243; _builder_version=&#8221;4.14.8&#8243; _module_preset=&#8221;default&#8221; global_colors_info=&#8221;{}&#8221;][\/et_pb_image][\/et_pb_column][et_pb_column type=&#8221;3_4&#8243; _builder_version=&#8221;4.14.8&#8243; _module_preset=&#8221;default&#8221; global_colors_info=&#8221;{}&#8221;][et_pb_toggle title=&#8221;\u201cMi\u201d, 2022 (Nuka Horvat)&#8221; _builder_version=&#8221;4.14.8&#8243; _module_preset=&#8221;default&#8221; title_font=&#8221;bigjohn||||||||&#8221; global_colors_info=&#8221;{}&#8221;]<p><b>Ime in priimek:<\/b><span style=\"font-weight: 400;\"> Nuka Horvat<\/span><\/p>\n<p><b>Naslov dela, letnica:<\/b> <i><span style=\"font-weight: 400;\">\u201cMi\u201d<\/span><\/i><span style=\"font-weight: 400;\">, 2022<br \/><\/span><b>Tehnika:<\/b><span style=\"font-weight: 400;\"> me\u0161ana tehnika, monotipija in blago<br \/><\/span><b>Mere:<\/b><span style=\"font-weight: 400;\"> 29.7 x 21 cm<\/span><\/p>\n<p><b>Izklicna cena:<\/b><span style=\"font-weight: 400;\"> 50\u20ac<\/span><\/p>\n<p><b>Opis dela:\u00a0<\/b><span style=\"font-weight: 400;\">Projekt zajema zbirko \u0161tirih originalni grafi\u010dnih odtisov v tehniki monotipije. Podobe, prisotne v grafikah, so abstraktne ali pol-abstraktne in se osredoto\u010dajo na prikazovanje utrinkov in razbitih oblik, namesto na upodabljanje preprosto razumljenih figur. <\/span><span style=\"font-weight: 400;\">Zana\u0161ajo se na subjektivnost gledalke, ki s svojo percepcijo dopolnjuje vizualno izkustvo.<\/span><\/p>\n<p><span style=\"font-weight: 400;\">Tematsko se projekt ukvarja z nevidnostjo transspolnih oseb in zatiranjem, ki se izvaja nad njimi. Prizadeva si, da bi vizualno upodabljal ob\u010dutke ob odrekanju in kr\u0161enju pravic, zlorabi mo\u010di, sistemski diskriminaciji, sovra\u017enem in diskriminatornem govoru in vseh vrstah nasilja, ki so v na\u0161i dru\u017ebi sistemske.<\/span><\/p>\n<p><span style=\"font-weight: 400;\">Grafike si pomensko sledijo po dolo\u010denem vrstnem redu in ustvarjajo zgodbo. Blago, prisotno v projektu, ima vlogo motnje in prekrivanja. Groza je prikrita, resnica je prikrita, obstoj zanikan, namesto nje pa prevladujejo la\u017ena prepri\u010danja, strah in nasilje. Ko se blago odstrani, ostaja odlo\u010dnost, upor in pravica do zavzemanja lastnega prostora.<\/span><\/p>\n<p><b>O umetniku:\u00a0<br \/><\/b><b>Nuka Horvat<\/b><span style=\"font-weight: 400;\"> je junija 2021 diplomiral na Akademiji za likovno umetnost in oblikovanje v Ljubljani, na smeri ilustracija, zdaj pa na isti smeri obiskuje magisterij. Ukvarja se s slikanjem in grafiko, ustvarja zine, stripe in ilustracije, ki sta jih objavili zalo\u017ebi Ku\u0161 komiks in \u010dasopis F\u016eD, oblikoval in uredil pa je tudi TransAkcijina zina Queerantine zine in Uporni\u0161ki femini-zin. Sodeloval je pri ve\u010d skupinskih razstavah, kot na primer Sve\u017ee ribe #nemirnevode (2020) in Sve\u017ee ribe #dobravaga (2021) v galeriji DobraVaga, S04E02_KRIZOLOGIJA: apliciran pristop (2021) v okviru galerije 7:069 in Media Nox. Samostojno pa se je v DobriVagi predstavil v okviru razstave Zine Vitrine s svojim zin-stripom Lijak (2020).<\/span><\/p>\n<p><span style=\"font-weight: 400;\">V svojih delih likovno raziskuje, kaj nesmiselne oblike spreminja v prepoznavne podobe in obratno. Na izbiro tematik, ki se jih v delih loteva, vplivajo trenutni svetovni in lokalni dogodki ter njegova notranja ob\u010dutenja, kot kvir trans osebi pa so mu najbli\u017eje LGBTIQ+ tematike in problematike.<\/span><\/p>[\/et_pb_toggle][et_pb_button button_url=&#8221;https:\/\/ljubljanapride.org\/2022\/drazba\/?ult_auc_id=6979&#8243; button_text=&#8221;DRA\u017dBA&#8221; _builder_version=&#8221;4.14.8&#8243; _module_preset=&#8221;default&#8221; global_colors_info=&#8221;{}&#8221;][\/et_pb_button][\/et_pb_column][\/et_pb_row][et_pb_row column_structure=&#8221;1_4,3_4&#8243; module_id=&#8221;18&#8243; _builder_version=&#8221;4.14.8&#8243; _module_preset=&#8221;default&#8221; border_width_bottom=&#8221;1px&#8221; border_color_bottom=&#8221;gcid-7ea777a6-d5fb-4ad3-a322-dda0fa8a0b4b&#8221; global_colors_info=&#8221;{%22gcid-7ea777a6-d5fb-4ad3-a322-dda0fa8a0b4b%22:%91%22border_color_bottom%22%93}&#8221;][et_pb_column type=&#8221;1_4&#8243; _builder_version=&#8221;4.14.8&#8243; _module_preset=&#8221;default&#8221; global_colors_info=&#8221;{}&#8221;][et_pb_image src=&#8221;data:image\/svg+xml;base64,PHN2ZyB3aWR0aD0iMTA4MCIgaGVpZ2h0PSI1NDAiIHZpZXdCb3g9IjAgMCAxMDgwIDU0MCIgeG1sbnM9Imh0dHA6Ly93d3cudzMub3JnLzIwMDAvc3ZnIj4KICAgIDxnIGZpbGw9Im5vbmUiIGZpbGwtcnVsZT0iZXZlbm9kZCI+CiAgICAgICAgPHBhdGggZmlsbD0iI0VCRUJFQiIgZD0iTTAgMGgxMDgwdjU0MEgweiIvPgogICAgICAgIDxwYXRoIGQ9Ik00NDUuNjQ5IDU0MGgtOTguOTk1TDE0NC42NDkgMzM3Ljk5NSAwIDQ4Mi42NDR2LTk4Ljk5NWwxMTYuMzY1LTExNi4zNjVjMTUuNjItMTUuNjIgNDAuOTQ3LTE1LjYyIDU2LjU2OCAwTDQ0NS42NSA1NDB6IiBmaWxsLW9wYWNpdHk9Ii4xIiBmaWxsPSIjMDAwIiBmaWxsLXJ1bGU9Im5vbnplcm8iLz4KICAgICAgICA8Y2lyY2xlIGZpbGwtb3BhY2l0eT0iLjA1IiBmaWxsPSIjMDAwIiBjeD0iMzMxIiBjeT0iMTQ4IiByPSI3MCIvPgogICAgICAgIDxwYXRoIGQ9Ik0xMDgwIDM3OXYxMTMuMTM3TDcyOC4xNjIgMTQwLjMgMzI4LjQ2MiA1NDBIMjE1LjMyNEw2OTkuODc4IDU1LjQ0NmMxNS42Mi0xNS42MiA0MC45NDgtMTUuNjIgNTYuNTY4IDBMMTA4MCAzNzl6IiBmaWxsLW9wYWNpdHk9Ii4yIiBmaWxsPSIjMDAwIiBmaWxsLXJ1bGU9Im5vbnplcm8iLz4KICAgIDwvZz4KPC9zdmc+Cg==&#8221; _builder_version=&#8221;4.14.8&#8243; _module_preset=&#8221;default&#8221; global_colors_info=&#8221;{}&#8221;][\/et_pb_image][\/et_pb_column][et_pb_column type=&#8221;3_4&#8243; _builder_version=&#8221;4.14.8&#8243; _module_preset=&#8221;default&#8221; global_colors_info=&#8221;{}&#8221;][et_pb_toggle title=&#8221;ZAKAJ? = ZATO!, 2022 (Ur\u0161a \u010cuk)&#8221; _builder_version=&#8221;4.14.8&#8243; _module_preset=&#8221;default&#8221; title_font=&#8221;bigjohn||||||||&#8221; global_colors_info=&#8221;{}&#8221;]<p><b>Ime in priimek:<\/b><span style=\"font-weight: 400;\"> Ur\u0161a \u010cuk<\/span><\/p>\n<p><b>Naslov dela, letnica nastanka:<\/b> <i><span style=\"font-weight: 400;\">ZAKAJ? = ZATO!<\/span><\/i><span style=\"font-weight: 400;\">, 2022<br \/><\/span><b>Tehnika:<\/b> <span style=\"font-weight: 400;\">video projekcija \/ hologram<br \/><\/span><b>Mere:<\/b><span style=\"font-weight: 400;\"> 180cm x 30cm x 50cm, video v HD resoluciji<\/span><\/p>\n<p><b>Opis dela:\u00a0<\/b><\/p>\n<p><span style=\"font-weight: 400;\">22 let gibanja za enake mo\u017enosti!<\/span><\/p>\n<p><span style=\"font-weight: 400;\">22 let truda, iskanja in postavljanja vidnosti!<\/span><\/p>\n<p><span style=\"font-weight: 400;\">ZAKAJ? =\u00a0ZATO!<\/span><\/p>\n<p><span style=\"font-weight: 400;\">Vpra\u0161anje \u2013 zakaj \u0161e vedno rabite parado? Odgovor na to je enostaven \u2013 ZATO!<\/span><\/p>\n<p><span style=\"font-weight: 400;\">Ker se je svet v 21. stoletju ponovno za\u010del vrteti nazaj in ker je \u0161e tisto malo enakopravnost, ki smo si jo uspeli izboriti, ponovno pod vpra\u0161ajem.\u00a0<\/span><\/p>\n<p><span style=\"font-weight: 400;\">Zato, ker vpra\u0161anja zakaj ne bi smelo biti.<\/span><\/p>\n<p><span style=\"font-weight: 400;\">Zato, ker se leta 2022 ne bi smeli ve\u010d pogovarjati o nas in vas.<\/span><\/p>\n<p><span style=\"font-weight: 400;\">Zato, ker \u0161e nismo pri\u0161li do popolne svobode. Do svobodnega in spro\u0161\u010denega izra\u017eanja svojih \u010dustev in identitete. In do spo\u0161tljivega odnosa v okolju, v katerem \u017eivimo in ga ustvarjamo vsi.<\/span><\/p>\n<p><span style=\"font-weight: 400;\">Zato, ker se svet vrti nazaj, namesto da bi se vrtel naprej.<\/span><\/p>\n<p><span style=\"font-weight: 400;\">Zato, ker je utopija, ki se je zdela blizu, \u0161e vedno zelo dale\u010d in nedotakljiva.<\/span><\/p>\n<p><span style=\"font-weight: 400;\">Zato, ker nas ne spo\u0161tujete in vas ne zanima druga\u010dnost in raje bijete bitke s tistim, \u010desar no\u010dete razumeti.<\/span><\/p>\n<p><span style=\"font-weight: 400;\">Zato, ker moramo znova in znova zbirati pogum, da smo to, kar smo.<\/span><\/p>\n<p><span style=\"font-weight: 400;\">Zato, ker si \u017eelimo sprejetja, enakih pravic in mo\u017enosti.<\/span><\/p>\n<p><span style=\"font-weight: 400;\">Zato, ker se \u0161e vedno dogajajo nasilni napadi, tako fizi\u010dni kot verbalni. Torej za vse tiste, ki so kadarkoli utrpeli verbalno, fizi\u010dno ali katerokoli drugo obliko nasilja.<\/span><\/p>\n<p><span style=\"font-weight: 400;\">Samo ZATO!<\/span><\/p>\n<p><b>O umetnici: <br \/><\/b><b>Ur\u0161a \u010cuk<\/b><span style=\"font-weight: 400;\"> je fotografinja, vizualna in digitalna umetnica, v svoji praksi raziskuje ra\u010dunalni\u0161ke grafi\u010dne tehnologije. Zanimajo jo razli\u010dni mediji ustvarjanja, predvsem fotografija, grafi\u010dno oblikovanje, video in avdiovizualne projekcije. V svojem delu raziskuje medsebojne odnose vizualnih podob in zvoka.\u00a0Zdru\u017euje fotografije, video in digitalne teksture\u00a0v kon\u010dna vizualna dela. Ve\u010dina njenih vizualnih podob izhaja iz pogleda na distopi\u010dno prihodnost, ki odra\u017ea razmere v realnem svetu.\u00a0<\/span><\/p>\n<p><span style=\"font-weight: 400;\">Pod umetni\u0161kim imenom rastrLAB raziskuje svet vizualizacij v \u017eivo (vid\u017eejanje). Pri vizualizacijah jo navdu\u0161uje predvsem neobstojnost dolo\u010dene teksture, ki ima neskon\u010dno mo\u017enosti za preoblikovanje v odnosu do zvoka.<\/span><\/p>\n<p><span style=\"font-weight: 400;\">Leta 2015 je imela samostojno fotografsko razstavo z naslovom What About Love, ki je bila na ogled v Cafe Kola\u017eu v Ljubljani. Leta 2019 <\/span><span style=\"font-weight: 400;\">je sodelovala z angle\u0161kim umetnikom <\/span><span style=\"font-weight: 400;\">M<\/span><span style=\"font-weight: 400;\">ichaelom Takeo Magruderjem pri fabrikaciji naslova za razstav<\/span><span style=\"font-weight: 400;\">o Imaginary Cities, ki je bila na ogled v British Library London v Zdru\u017eenem kraljestvu. Leta 2020 je sodelovala pri skupinski multimedijski razstavi 20 years of Pride in Ljubljana. Prav tako je v tem letu sodelovala na skupinski razstavi animiranih portretov Dimensions (Animated Women), ki je bil del festivala Animateka. V 2021 je bila s svojimi digitalnimi grafikami del skupinske razstave Artoplis: Novi trg. V tem <\/span><span style=\"font-weight: 400;\">letu je za\u010dela sodelovati tudi z glasbeno zasedbo Monstrumental, in sicer pri vizualni postavitvi videospota za pesem Event Horizon in pri razvoju vizualij za njihove nastope. Sodelovala je tudi na delavnicah Gibanje skozi le\u010do, kjer so prek vizualizacij naredili pregled <\/span><span style=\"font-weight: 400;\">razvoja, zgodovine in <\/span><span style=\"font-weight: 400;\">LGBTQ+ identitet v Sloveniji. V okviru delavnic aktivisti\u010dnega videa, ki jih je pripravila galerija \u0160kuc, se je poglobila v teme distopije in ob\u010dutka odvzetja osebne svobode. Tako je nastal video z naslovom FUTURE = PRESENT.\u00a0<\/span><\/p>\n<p><span style=\"font-weight: 400;\">Od leta 2022 s klubom Monokel sodeluje pri vizualizacijah za did\u017eej nastope.<\/span><\/p>\n<p><span style=\"font-weight: 400;\">Poklicno deluje kot grafi\u010dna in video oblikovalka, trenutno je zaposlena kot kreativna grafi\u010darka pri medijski hi\u0161i PRO PLUS.<\/span><\/p>[\/et_pb_toggle][\/et_pb_column][\/et_pb_row][et_pb_row column_structure=&#8221;1_4,3_4&#8243; module_id=&#8221;19&#8243; _builder_version=&#8221;4.14.8&#8243; _module_preset=&#8221;default&#8221; border_width_bottom=&#8221;1px&#8221; border_color_bottom=&#8221;gcid-7ea777a6-d5fb-4ad3-a322-dda0fa8a0b4b&#8221; global_colors_info=&#8221;{%22gcid-7ea777a6-d5fb-4ad3-a322-dda0fa8a0b4b%22:%91%22border_color_bottom%22%93}&#8221;][et_pb_column type=&#8221;1_4&#8243; _builder_version=&#8221;4.14.8&#8243; _module_preset=&#8221;default&#8221; global_colors_info=&#8221;{}&#8221;][et_pb_image src=&#8221;https:\/\/ljubljanapride.org\/2022\/wp-content\/uploads\/2022\/06\/Cuk_Ursa_SamoZato_2022.jpg&#8221; title_text=&#8221;Cuk_Ursa_SamoZato_2022&#8243; _builder_version=&#8221;4.14.8&#8243; _module_preset=&#8221;default&#8221; global_colors_info=&#8221;{}&#8221;][\/et_pb_image][\/et_pb_column][et_pb_column type=&#8221;3_4&#8243; _builder_version=&#8221;4.14.8&#8243; _module_preset=&#8221;default&#8221; global_colors_info=&#8221;{}&#8221;][et_pb_toggle title=&#8221;Samo ZATO!, 2022, edicija 1\/1 (Ur\u0161a \u010cuk)&#8221; _builder_version=&#8221;4.14.8&#8243; _module_preset=&#8221;default&#8221; title_font=&#8221;bigjohn||||||||&#8221; global_colors_info=&#8221;{}&#8221;]<p><b>Ime in priimek:<\/b><span style=\"font-weight: 400;\"> Ur\u0161a \u010cuk<\/span><\/p>\n<p><b>Naslov dela, letnica nastanka:<\/b> <i><span style=\"font-weight: 400;\">Samo ZATO!<\/span><\/i><span style=\"font-weight: 400;\">, 2022, edicija 1\/1<br \/><\/span><b>Tehnika:<\/b> <span style=\"font-weight: 400;\">digitalna grafika, digitalni tisk na papirju<br \/><\/span><b>Mere:<\/b><span style=\"font-weight: 400;\"> 50 cm x 40 cm<\/span><\/p>\n<p><b>Izklicna cena:<\/b><span style=\"font-weight: 400;\"> 70\u20ac, grafika se prodaja v okvirju (70 cm x 50 cm). Grafika je del zaklju\u010dene celote umetni\u0161kega dela ZAKAJ? = ZATO! in vsebuje QR kodo z videom.\u00a0<\/span><\/p>\n<p><b>Opis dela:\u00a0<\/b><\/p>\n<p><span style=\"font-weight: 400;\">22 let gibanja za enake mo\u017enosti!<\/span><\/p>\n<p><span style=\"font-weight: 400;\">22 let truda, iskanja in postavljanja vidnosti!<\/span><\/p>\n<p><span style=\"font-weight: 400;\">ZAKAJ? =\u00a0ZATO!<\/span><\/p>\n<p><span style=\"font-weight: 400;\">Vpra\u0161anje zakaj \u0161e vedno rabite parado? Odgovor na to je enostaven ZATO!<\/span><\/p>\n<p><span style=\"font-weight: 400;\">Ker se je svet v 21. stoletju ponovno za\u010del vrteti nazaj in ker je \u0161e tisto malo enakopravnost, ki smo si jo uspeli izboriti, ponovno pod vpra\u0161ajem.\u00a0<\/span><\/p>\n<p><span style=\"font-weight: 400;\">Zato, ker vpra\u0161anja zakaj ne bi smelo biti.<\/span><\/p>\n<p><span style=\"font-weight: 400;\">Zato, ker se leta 2022 ne bi smeli ve\u010d pogovarjati o nas in vas.<\/span><\/p>\n<p><span style=\"font-weight: 400;\">Zato, ker \u0161e nismo pri\u0161li do popolne svobode. Do svobodnega in spro\u0161\u010denega izra\u017eanja svojih \u010dustev in identitete. In do spo\u0161tljivega odnosa v okolju, v katerem \u017eivimo in ga ustvarjamo vsi.<\/span><\/p>\n<p><span style=\"font-weight: 400;\">Zato, ker se svet vrti nazaj, namesto da bi se vrtel naprej.<\/span><\/p>\n<p><span style=\"font-weight: 400;\">Zato, ker je utopija, ki se je zdela blizu, \u0161e vedno zelo dale\u010d in nedotakljiva.<\/span><\/p>\n<p><span style=\"font-weight: 400;\">Zato, ker nas ne spo\u0161tujete in vas ne zanima druga\u010dnost in raje bijete bitke s tistim, \u010desar no\u010dete razumeti.<\/span><\/p>\n<p><span style=\"font-weight: 400;\">Zato, ker moramo znova in znova zbirati pogum, da smo to, kar smo.<\/span><\/p>\n<p><span style=\"font-weight: 400;\">Zato, ker si \u017eelimo sprejetja, enakih pravic in mo\u017enosti.<\/span><\/p>\n<p><span style=\"font-weight: 400;\">Zato, ker se \u0161e vedno dogajajo nasilni napadi, tako fizi\u010dni kot verbalni. Torej za vse tiste, ki so kadarkoli utrpeli verbalno, fizi\u010dno ali katerokoli drugo obliko nasilja.<\/span><\/p>\n<p><span style=\"font-weight: 400;\">Samo ZATO!<\/span><\/p>\n<p><b>O umetnici:\u00a0<br \/><\/b><b>Ur\u0161a \u010cuk<\/b><span style=\"font-weight: 400;\"> je fotografinja, vizualna in digitalna umetnica, v svoji praksi raziskuje ra\u010dunalni\u0161ke grafi\u010dne tehnologije. Zanimajo jo razli\u010dni mediji ustvarjanja, predvsem fotografija, grafi\u010dno oblikovanje, video in avdiovizualne projekcije. V svojem delu raziskuje medsebojne odnose vizualnih podob in zvoka.\u00a0Zdru\u017euje fotografije, video in digitalne teksture\u00a0v kon\u010dna vizualna dela. Ve\u010dina njenih vizualnih podob izhaja iz pogleda na distopi\u010dno prihodnost, ki odra\u017ea razmere v realnem svetu.\u00a0<\/span><\/p>\n<p><span style=\"font-weight: 400;\">Pod umetni\u0161kim imenom rastrLAB raziskuje svet vizualizacij v \u017eivo (vid\u017eejanje). Pri vizualizacijah jo navdu\u0161uje predvsem neobstojnost dolo\u010dene teksture, ki ima neskon\u010dno mo\u017enosti za preoblikovanje v odnosu do zvoka.<\/span><\/p>\n<p><span style=\"font-weight: 400;\">Leta 2015 je imela samostojno fotografsko razstavo z naslovom What About Love, ki je bila na ogled v Cafe Kola\u017eu v Ljubljani. Leta 2019 <\/span><span style=\"font-weight: 400;\">je sodelovala z angle\u0161kim umetnikom <\/span><span style=\"font-weight: 400;\">M<\/span><span style=\"font-weight: 400;\">ichaelom Takeo Magruderjem pri fabrikaciji naslova za razstav<\/span><span style=\"font-weight: 400;\">o Imaginary Cities, ki je bila na ogled v British Library London v Zdru\u017eenem kraljestvu. Leta 2020 je sodelovala pri skupinski multimedijski razstavi 20 years of Pride in Ljubljana. Prav tako je v tem letu sodelovala na skupinski razstavi animiranih portretov Dimensions (Animated Women), ki je bil del festivala Animateka. V 2021 je bila s svojimi digitalnimi grafikami del skupinske razstave Artoplis: Novi trg. V tem <\/span><span style=\"font-weight: 400;\">letu je za\u010dela sodelovati tudi z glasbeno zasedbo Monstrumental, in sicer pri vizualni postavitvi videospota za pesem Event Horizon in pri razvoju vizualij za njihove nastope. Sodelovala je tudi na delavnicah Gibanje skozi le\u010do, kjer so prek vizualizacij naredili pregled <\/span><span style=\"font-weight: 400;\">razvoja, zgodovine in <\/span><span style=\"font-weight: 400;\">LGBTQ+ identitet v Sloveniji. V okviru delavnic aktivisti\u010dnega videa, ki jih je pripravila galerija \u0160kuc, se je poglobila v teme distopije in ob\u010dutka odvzetja osebne svobode. Tako je nastal video z naslovom FUTURE = PRESENT.\u00a0<\/span><\/p>\n<p><span style=\"font-weight: 400;\">Od leta 2022 s klubom Monokel sodeluje pri vizualizacijah za did\u017eej nastope.<\/span><\/p>\n<p><span style=\"font-weight: 400;\">Poklicno deluje kot grafi\u010dna in video oblikovalka, trenutno je zaposlena kot kreativna grafi\u010darka pri medijski hi\u0161i PRO PLUS.<\/span><\/p>[\/et_pb_toggle][et_pb_button button_url=&#8221;https:\/\/ljubljanapride.org\/2022\/drazba\/?ult_auc_id=6980&#8243; button_text=&#8221;DRA\u017dBA&#8221; _builder_version=&#8221;4.14.8&#8243; _module_preset=&#8221;default&#8221; global_colors_info=&#8221;{}&#8221;][\/et_pb_button][\/et_pb_column][\/et_pb_row][et_pb_row column_structure=&#8221;1_4,3_4&#8243; module_id=&#8221;20&#8243; _builder_version=&#8221;4.14.8&#8243; _module_preset=&#8221;default&#8221; border_width_bottom=&#8221;1px&#8221; border_color_bottom=&#8221;gcid-7ea777a6-d5fb-4ad3-a322-dda0fa8a0b4b&#8221; global_colors_info=&#8221;{%22gcid-7ea777a6-d5fb-4ad3-a322-dda0fa8a0b4b%22:%91%22border_color_bottom%22%93}&#8221;][et_pb_column type=&#8221;1_4&#8243; _builder_version=&#8221;4.14.8&#8243; _module_preset=&#8221;default&#8221; global_colors_info=&#8221;{}&#8221;][et_pb_image src=&#8221;https:\/\/ljubljanapride.org\/2022\/wp-content\/uploads\/2022\/06\/Cuk_Ursa_PopolnaSvoboda_2022.jpg&#8221; title_text=&#8221;Cuk_Ursa_PopolnaSvoboda_2022&#8243; _builder_version=&#8221;4.14.8&#8243; _module_preset=&#8221;default&#8221; global_colors_info=&#8221;{}&#8221;][\/et_pb_image][\/et_pb_column][et_pb_column type=&#8221;3_4&#8243; _builder_version=&#8221;4.14.8&#8243; _module_preset=&#8221;default&#8221; global_colors_info=&#8221;{}&#8221;][et_pb_toggle title=&#8221;Popolna svoboda, 2022, edicija 1\/1 (Ur\u0161a \u010cuk)&#8221; _builder_version=&#8221;4.14.8&#8243; _module_preset=&#8221;default&#8221; title_font=&#8221;bigjohn||||||||&#8221; global_colors_info=&#8221;{}&#8221;]<p><b>Ime in priimek:<\/b><span style=\"font-weight: 400;\"> Ur\u0161a \u010cuk<\/span><\/p>\n<p><b>Naslov dela, letnica nastanka:<\/b> <i><span style=\"font-weight: 400;\">Popolna svoboda<\/span><\/i><span style=\"font-weight: 400;\">, 2022, edicija 1\/1<br \/><\/span><b>Tehnika:<\/b> <span style=\"font-weight: 400;\">digitalna grafika, digitalni tisk na papirju\u00a0<br \/><\/span><b>Mere:<\/b><span style=\"font-weight: 400;\"> 50 cm x 40 cm<\/span><\/p>\n<p><b>Izklicna cena:<\/b><span style=\"font-weight: 400;\"> 70\u20ac, grafika se prodaja v okvirju (70 cm x 50 cm). Grafika je del zaklju\u010dene celote umetn\u0161kega dela ZAKAJ? = ZATO! in vsebuje QR kodo z videom.\u00a0<\/span><\/p>\n<p><b>Opis dela:\u00a0<\/b><\/p>\n<p><span style=\"font-weight: 400;\">22 let gibanja za enake mo\u017enosti!<\/span><\/p>\n<p><span style=\"font-weight: 400;\">22 let truda, iskanja in postavljanja vidnosti!<\/span><\/p>\n<p>&nbsp;<\/p>\n<p><span style=\"font-weight: 400;\">ZAKAJ? =\u00a0ZATO!<\/span><\/p>\n<p>&nbsp;<\/p>\n<p><span style=\"font-weight: 400;\">Vpra\u0161anje zakaj \u0161e vedno rabite parado? Odgovor na to je enostaven ZATO!<\/span><\/p>\n<p><span style=\"font-weight: 400;\">Ker se je svet v 21. stoletju ponovno za\u010del vrteti nazaj in ker je \u0161e tisto malo enakopravnost, ki smo si jo uspeli izboriti, ponovno pod vpra\u0161ajem.\u00a0<\/span><\/p>\n<p><span style=\"font-weight: 400;\">Zato, ker vpra\u0161anja zakaj ne bi smelo biti.<\/span><\/p>\n<p><span style=\"font-weight: 400;\">Zato, ker se leta 2022 ne bi smeli ve\u010d pogovarjati o nas in vas.<\/span><\/p>\n<p><span style=\"font-weight: 400;\">Zato, ker \u0161e nismo pri\u0161li do popolne svobode. Do svobodnega in spro\u0161\u010denega izra\u017eanja svojih \u010dustev in identitete. In do spo\u0161tljivega odnosa v okolju, v katerem \u017eivimo in ga ustvarjamo vsi.<\/span><\/p>\n<p><span style=\"font-weight: 400;\">Zato, ker se svet vrti nazaj, namesto da bi se vrtel naprej.<\/span><\/p>\n<p><span style=\"font-weight: 400;\">Zato, ker je utopija, ki se je zdela blizu, \u0161e vedno zelo dale\u010d in nedotakljiva.<\/span><\/p>\n<p><span style=\"font-weight: 400;\">Zato, ker nas ne spo\u0161tujete in vas ne zanima druga\u010dnost in raje bijete bitke s tistim, \u010desar no\u010dete razumeti.<\/span><\/p>\n<p><span style=\"font-weight: 400;\">Zato, ker moramo znova in znova zbirati pogum, da smo to, kar smo.<\/span><\/p>\n<p><span style=\"font-weight: 400;\">Zato, ker si \u017eelimo sprejetja, enakih pravic in mo\u017enosti.<\/span><\/p>\n<p><span style=\"font-weight: 400;\">Zato, ker se \u0161e vedno dogajajo nasilni napadi, tako fizi\u010dni kot verbalni. Torej za vse tiste, ki so kadarkoli utrpeli verbalno, fizi\u010dno ali katerokoli drugo obliko nasilja.<\/span><\/p>\n<p><span style=\"font-weight: 400;\">Samo ZATO!<\/span><\/p>\n<p><b>O umetnici:\u00a0<br \/><\/b><b>Ur\u0161a \u010cuk<\/b><span style=\"font-weight: 400;\"> je fotografinja, vizualna in digitalna umetnica, v svoji praksi raziskuje ra\u010dunalni\u0161ke grafi\u010dne tehnologije. Zanimajo jo razli\u010dni mediji ustvarjanja, predvsem fotografija, grafi\u010dno oblikovanje, video in avdiovizualne projekcije. V svojem delu raziskuje medsebojne odnose vizualnih podob in zvoka.\u00a0Zdru\u017euje fotografije, video in digitalne teksture\u00a0v kon\u010dna vizualna dela. Ve\u010dina njenih vizualnih podob izhaja iz pogleda na distopi\u010dno prihodnost, ki odra\u017ea razmere v realnem svetu.\u00a0<\/span><\/p>\n<p><span style=\"font-weight: 400;\">Pod umetni\u0161kim imenom rastrLAB raziskuje svet vizualizacij v \u017eivo (vid\u017eejanje). Pri vizualizacijah jo navdu\u0161uje predvsem neobstojnost dolo\u010dene teksture, ki ima neskon\u010dno mo\u017enosti za preoblikovanje v odnosu do zvoka.<\/span><\/p>\n<p><span style=\"font-weight: 400;\">Leta 2015 je imela samostojno fotografsko razstavo z naslovom What About Love, ki je bila na ogled v Cafe Kola\u017eu v Ljubljani. Leta 2019 <\/span><span style=\"font-weight: 400;\">je sodelovala z angle\u0161kim umetnikom <\/span><span style=\"font-weight: 400;\">M<\/span><span style=\"font-weight: 400;\">ichaelom Takeo Magruderjem pri fabrikaciji naslova za razstav<\/span><span style=\"font-weight: 400;\">o Imaginary Cities, ki je bila na ogled v British Library London v Zdru\u017eenem kraljestvu. Leta 2020 je sodelovala pri skupinski multimedijski razstavi 20 years of Pride in Ljubljana. Prav tako je v tem letu sodelovala na skupinski razstavi animiranih portretov Dimensions (Animated Women), ki je bil del festivala Animateka. V 2021 je bila s svojimi digitalnimi grafikami del skupinske razstave Artoplis: Novi trg. V tem <\/span><span style=\"font-weight: 400;\">letu je za\u010dela sodelovati tudi z glasbeno zasedbo Monstrumental, in sicer pri vizualni postavitvi videospota za pesem Event Horizon in pri razvoju vizualij za njihove nastope. Sodelovala je tudi na delavnicah Gibanje skozi le\u010do, kjer so prek vizualizacij naredili pregled <\/span><span style=\"font-weight: 400;\">razvoja, zgodovine in <\/span><span style=\"font-weight: 400;\">LGBTQ+ identitet v Sloveniji. V okviru delavnic aktivisti\u010dnega videa, ki jih je pripravila galerija \u0160kuc, se je poglobila v teme distopije in ob\u010dutka odvzetja osebne svobode. Tako je nastal video z naslovom FUTURE = PRESENT.\u00a0<\/span><\/p>\n<p><span style=\"font-weight: 400;\">Od leta 2022 s klubom Monokel sodeluje pri vizualizacijah za did\u017eej nastope.<\/span><\/p>\n<p><span style=\"font-weight: 400;\">Poklicno deluje kot grafi\u010dna in video oblikovalka, trenutno je zaposlena kot kreativna grafi\u010darka pri medijski hi\u0161i PRO PLUS.<\/span><\/p>[\/et_pb_toggle][et_pb_button button_url=&#8221;https:\/\/ljubljanapride.org\/2022\/drazba\/?ult_auc_id=6981&#8243; button_text=&#8221;DRA\u017dBA&#8221; _builder_version=&#8221;4.14.8&#8243; _module_preset=&#8221;default&#8221; global_colors_info=&#8221;{}&#8221;][\/et_pb_button][\/et_pb_column][\/et_pb_row][et_pb_row column_structure=&#8221;1_4,3_4&#8243; module_id=&#8221;21&#8243; _builder_version=&#8221;4.14.8&#8243; _module_preset=&#8221;default&#8221; border_width_bottom=&#8221;1px&#8221; border_color_bottom=&#8221;gcid-7ea777a6-d5fb-4ad3-a322-dda0fa8a0b4b&#8221; global_colors_info=&#8221;{%22gcid-7ea777a6-d5fb-4ad3-a322-dda0fa8a0b4b%22:%91%22border_color_bottom%22%93}&#8221;][et_pb_column type=&#8221;1_4&#8243; _builder_version=&#8221;4.14.8&#8243; _module_preset=&#8221;default&#8221; global_colors_info=&#8221;{}&#8221;][et_pb_image src=&#8221;https:\/\/ljubljanapride.org\/2022\/wp-content\/uploads\/2022\/06\/Ros_Ziga_breznaslova_2022.jpg&#8221; title_text=&#8221;Ros_Ziga_breznaslova_2022&#8243; _builder_version=&#8221;4.14.8&#8243; _module_preset=&#8221;default&#8221; global_colors_info=&#8221;{}&#8221;][\/et_pb_image][\/et_pb_column][et_pb_column type=&#8221;3_4&#8243; _builder_version=&#8221;4.14.8&#8243; _module_preset=&#8221;default&#8221; global_colors_info=&#8221;{}&#8221;][et_pb_toggle title=&#8221;brez naslova, 2022, edicija 1\/25 (\u017diga Ro\u0161)&#8221; _builder_version=&#8221;4.14.8&#8243; _module_preset=&#8221;default&#8221; title_font=&#8221;bigjohn||||||||&#8221; global_colors_info=&#8221;{}&#8221;]<p><b>Ime in priimek: <\/b><span style=\"font-weight: 400;\">\u017diga Ro\u0161<\/span><\/p>\n<p><b>Naslov dela, letnica: <\/b><i><span style=\"font-weight: 400;\">brez naslova<\/span><\/i><span style=\"font-weight: 400;\">, 2022, edicija 1\/25<br \/><\/span><b>Tehnika: <\/b><span style=\"font-weight: 400;\">giclee print<br \/><\/span><b>Mere: <\/b><span style=\"font-weight: 400;\">29,7 cm x 42 cm<\/span><\/p>\n<p><span style=\"font-weight: 400;\"><b>Izklicna cena<\/b>: 50\u20ac, delo se prodaja z okvirjem<\/span><\/p>\n<p><b>Opis dela: <\/b><span style=\"font-weight: 400;\">V svojem delu razmi\u0161lja o kraju, prostoru, ki ga ustvarjamo s partnerji in obstaja med obema. Gre za digitalno grafiko, izvedeno v vektorski risbi. Zanima ga, kak\u0161na je vloga posameznika pri ustvarjanju ne\u010desa skupnega. Gre za domi\u0161ljijsko podobo iskanja ravnote\u017eja med elementi.\u00a0<\/span><\/p>\n<p><b>Opis umetnika:<br \/><\/b><b>\u017diga Ro\u0161<\/b> <span style=\"font-weight: 400;\">deluje na podro\u010dju ilustracije in grafi\u010dnega oblikovanja. Njegove ilustracije navadno nastajajo v vektorski risbi. Na ta na\u010din ustvarja jasne in preproste podobe, s katerimi gradi fantazijske svetove, intimne prostore in vizualne metafore. Pogosto so njegova dela sestavljena iz razli\u010dnih arhitekturnih elementov, postavljenih v prostor, kjer se nahajajo figure.\u00a0<\/span><\/p>[\/et_pb_toggle][et_pb_button button_url=&#8221;https:\/\/ljubljanapride.org\/2022\/drazba\/?ult_auc_id=6982&#8243; button_text=&#8221;DRA\u017dBA&#8221; _builder_version=&#8221;4.14.8&#8243; _module_preset=&#8221;default&#8221; global_colors_info=&#8221;{}&#8221;][\/et_pb_button][\/et_pb_column][\/et_pb_row][et_pb_row column_structure=&#8221;1_4,3_4&#8243; module_id=&#8221;22&#8243; _builder_version=&#8221;4.14.8&#8243; _module_preset=&#8221;default&#8221; border_width_bottom=&#8221;1px&#8221; border_color_bottom=&#8221;gcid-7ea777a6-d5fb-4ad3-a322-dda0fa8a0b4b&#8221; global_colors_info=&#8221;{%22gcid-7ea777a6-d5fb-4ad3-a322-dda0fa8a0b4b%22:%91%22border_color_bottom%22%93}&#8221;][et_pb_column type=&#8221;1_4&#8243; _builder_version=&#8221;4.14.8&#8243; _module_preset=&#8221;default&#8221; global_colors_info=&#8221;{}&#8221;][et_pb_image src=&#8221;https:\/\/ljubljanapride.org\/2022\/wp-content\/uploads\/2022\/06\/Mezan_Meta_TheKiss_2022.jpg&#8221; title_text=&#8221;Mezan_Meta_TheKiss_2022&#8243; _builder_version=&#8221;4.14.8&#8243; _module_preset=&#8221;default&#8221; global_colors_info=&#8221;{}&#8221;][\/et_pb_image][\/et_pb_column][et_pb_column type=&#8221;3_4&#8243; _builder_version=&#8221;4.14.8&#8243; _module_preset=&#8221;default&#8221; global_colors_info=&#8221;{}&#8221;][et_pb_toggle title=&#8221;The Kiss \/ Poljub, 2022 (Meta Me\u017ean)&#8221; _builder_version=&#8221;4.14.8&#8243; _module_preset=&#8221;default&#8221; title_font=&#8221;bigjohn||||||||&#8221; global_colors_info=&#8221;{}&#8221;]<p><b>Ime in priimek:<\/b><span style=\"font-weight: 400;\"> Meta Me\u017ean<\/span><\/p>\n<p><b>Naslov dela, letnica nastanka:<\/b> <i><span style=\"font-weight: 400;\">The Kiss \/ Poljub<\/span><\/i><span style=\"font-weight: 400;\">, 2022<br \/><\/span><b>Tehnika:<\/b><span style=\"font-weight: 400;\"> akril na platnu<br \/><\/span><b>Mere: <\/b><span style=\"font-weight: 400;\">150 x 120 cm<\/span><\/p>\n<p><b>Izklicna cena:<\/b><span style=\"font-weight: 400;\"> 300\u20ac<\/span><\/p>\n<p><b>Opis dela: <\/b><span style=\"font-weight: 400;\">Delo je prese\u010di\u0161\u010de digitalnih in tradicionalnih medijev. Nastalo je iz fotografij preteklih parad ponosa, ki jih umetnica v programu predela, da dobijo lo\u010dene barve, ter abstrahirane podobe. S pomo\u010djo tako izdelane vizualizacije ustvarja slike na platnu, ki bodo o\u017eivele s pomo\u010djo spreminjajo\u010de se lu\u010di.<\/span><\/p>\n<p><b>O umetnici:\u00a0<br \/><\/b><b>Meta Me\u017ean<\/b> <span style=\"font-weight: 400;\">je interdisciplinarna umetnica. Trenutno zaklju\u010duje magistrski \u0161tudij slikarstva na Coventry University v Zdru\u017eenem Kraljestvu. Leta 2021 je na isti univerzi diplomirala iz Umetnosti in ilustracije.\u00a0\u00a0<\/span><\/p>\n<p><span style=\"font-weight: 400;\">Leta 2014 je sodelovala v skupinski razstavi z naslovom Prostori, sledi in sence v sklopu festivala Lezbi\u010dna \u010detrt, leta 2018 pa na skupinski razstavi Air4 v galeriji Ravnikar Gallery Space. V letu 2020 je postala del kluba animiranih \u017eensk (Animated Women Club v sodelovanju z Animateko). Leta 2021 je sodelovala na Artopolisovi skupinski razstavi Novi Trg, pa tudi na delavnicah Gibanje skozi le\u010do, kjer so skozi performans ponudili vpogled v zgodovino LGBTQ+ skupnosti v Sloveniji, istega leta se je udele\u017eila tudi delavnice aktivisti\u010dnega videa Rez! v galeriji \u0160kuc, kjer je ustvarila video z naslovom Menarchy (menstrual anarchy).Trenutno so njena dela del razstave West Middlands Open v New Gallery Wallas (VB) in Coventry Degree Show v Coventry-ju.\u00a0\u00a0<\/span><\/p>[\/et_pb_toggle][et_pb_button button_url=&#8221;https:\/\/ljubljanapride.org\/2022\/drazba\/?ult_auc_id=6983&#8243; button_text=&#8221;DRA\u017dBA&#8221; _builder_version=&#8221;4.14.8&#8243; _module_preset=&#8221;default&#8221; global_colors_info=&#8221;{}&#8221;][\/et_pb_button][\/et_pb_column][\/et_pb_row][et_pb_row column_structure=&#8221;1_4,3_4&#8243; module_id=&#8221;23&#8243; _builder_version=&#8221;4.14.8&#8243; _module_preset=&#8221;default&#8221; border_width_bottom=&#8221;1px&#8221; border_color_bottom=&#8221;gcid-7ea777a6-d5fb-4ad3-a322-dda0fa8a0b4b&#8221; global_colors_info=&#8221;{%22gcid-7ea777a6-d5fb-4ad3-a322-dda0fa8a0b4b%22:%91%22border_color_bottom%22%93}&#8221;][et_pb_column type=&#8221;1_4&#8243; _builder_version=&#8221;4.14.8&#8243; _module_preset=&#8221;default&#8221; global_colors_info=&#8221;{}&#8221;][et_pb_image src=&#8221;https:\/\/ljubljanapride.org\/2022\/wp-content\/uploads\/2022\/06\/Mezan_Meta_LimitlessPride_2022.jpg&#8221; title_text=&#8221;Mezan_Meta_LimitlessPride_2022&#8243; _builder_version=&#8221;4.14.8&#8243; _module_preset=&#8221;default&#8221; global_colors_info=&#8221;{}&#8221;][\/et_pb_image][\/et_pb_column][et_pb_column type=&#8221;3_4&#8243; _builder_version=&#8221;4.14.8&#8243; _module_preset=&#8221;default&#8221; global_colors_info=&#8221;{}&#8221;][et_pb_toggle title=&#8221;Limitless Pride, 2022 (Meta Me\u017ean)&#8221; _builder_version=&#8221;4.14.8&#8243; _module_preset=&#8221;default&#8221; title_font=&#8221;bigjohn||||||||&#8221; global_colors_info=&#8221;{}&#8221;]<p><b>Ime in priimek:<\/b><span style=\"font-weight: 400;\"> Meta Me\u017ean<\/span><\/p>\n<p><b>Naslov dela, letnica nastanka: <\/b><i><span style=\"font-weight: 400;\">Limitless Pride<\/span><\/i><span style=\"font-weight: 400;\">, 2022<br \/><\/span><b>Tehnika:<\/b><span style=\"font-weight: 400;\"> akril na platnu<br \/><\/span><b>Mere: <\/b><span style=\"font-weight: 400;\">60 cm x 80 cm<\/span><\/p>\n<p><b>Izklicna cena:<\/b><span style=\"font-weight: 400;\"> 200\u20ac<\/span><\/p>\n<p><b>Opis dela: <\/b><span style=\"font-weight: 400;\">Delo je prese\u010di\u0161\u010de digitalnih in tradicionalnih medijev. Nastalo je iz fotografij preteklih parad ponosa, ki jih umetnica v programu predela, da dobijo lo\u010dene barve, ter abstrahirane podobe. S pomo\u010djo tako izdelane vizualizacije ustvarja slike na platnu, ki bodo o\u017eivele s pomo\u010djo spreminjajo\u010de se lu\u010di.<\/span><\/p>\n<p><b>O umetnici:\u00a0<br \/><\/b><b>Meta Me\u017ean<\/b> <span style=\"font-weight: 400;\">je interdisciplinarna umetnica. Trenutno zaklju\u010duje magistrski \u0161tudij slikarstva na Coventry University v Zdru\u017eenem Kraljestvu. Leta 2021 je na isti univerzi diplomirala iz Umetnosti in ilustracije.\u00a0\u00a0<\/span><\/p>\n<p><span style=\"font-weight: 400;\">Leta 2014 je sodelovala v skupinski razstavi z naslovom Prostori, sledi in sence v sklopu festivala Lezbi\u010dna \u010detrt, leta 2018 pa na skupinski razstavi Air4 v galeriji Ravnikar Gallery Space. V letu 2020 je postala del kluba animiranih \u017eensk (Animated Women Club v sodelovanju z Animateko). Leta 2021 je sodelovala na Artopolisovi skupinski razstavi Novi Trg, pa tudi na delavnicah Gibanje skozi le\u010do, kjer so skozi performans ponudili vpogled v zgodovino LGBTQ+ skupnosti v Sloveniji, istega leta se je udele\u017eila tudi delavnice aktivisti\u010dnega videa Rez! v galeriji \u0160kuc, kjer je ustvarila video z naslovom Menarchy (menstrual anarchy).Trenutno so njena dela del razstave West Middlands Open v New Gallery Wallas (VB) in Coventry Degree Show v Coventry-ju.\u00a0\u00a0<\/span><\/p>[\/et_pb_toggle][et_pb_button button_url=&#8221;https:\/\/ljubljanapride.org\/2022\/drazba\/?ult_auc_id=6984&#8243; button_text=&#8221;DRA\u017dBA&#8221; _builder_version=&#8221;4.14.8&#8243; _module_preset=&#8221;default&#8221; global_colors_info=&#8221;{}&#8221;][\/et_pb_button][\/et_pb_column][\/et_pb_row][et_pb_row column_structure=&#8221;1_4,3_4&#8243; module_id=&#8221;24&#8243; _builder_version=&#8221;4.14.8&#8243; _module_preset=&#8221;default&#8221; border_width_bottom=&#8221;1px&#8221; border_color_bottom=&#8221;gcid-7ea777a6-d5fb-4ad3-a322-dda0fa8a0b4b&#8221; global_colors_info=&#8221;{%22gcid-7ea777a6-d5fb-4ad3-a322-dda0fa8a0b4b%22:%91%22border_color_bottom%22%93}&#8221;][et_pb_column type=&#8221;1_4&#8243; _builder_version=&#8221;4.14.8&#8243; _module_preset=&#8221;default&#8221; global_colors_info=&#8221;{}&#8221;][et_pb_image src=&#8221;https:\/\/ljubljanapride.org\/2022\/wp-content\/uploads\/2022\/06\/Mezan_Meta_LimitedColours_2022.jpg&#8221; title_text=&#8221;Mezan_Meta_LimitedColours_2022&#8243; _builder_version=&#8221;4.14.8&#8243; _module_preset=&#8221;default&#8221; global_colors_info=&#8221;{}&#8221;][\/et_pb_image][\/et_pb_column][et_pb_column type=&#8221;3_4&#8243; _builder_version=&#8221;4.14.8&#8243; _module_preset=&#8221;default&#8221; global_colors_info=&#8221;{}&#8221;][et_pb_toggle title=&#8221;Limited colours, 2022 (Meta Me\u017ean)&#8221; _builder_version=&#8221;4.14.8&#8243; _module_preset=&#8221;default&#8221; title_font=&#8221;bigjohn||||||||&#8221; global_colors_info=&#8221;{}&#8221;]<p><b>Ime in priimek:<\/b><span style=\"font-weight: 400;\"> Meta Me\u017ean<\/span><\/p>\n<p><b>Naslov dela, letnica nastanka: <\/b><i><span style=\"font-weight: 400;\">Limited colours<\/span><\/i><span style=\"font-weight: 400;\">, 2022<br \/><\/span><b>Tehnika:<\/b><span style=\"font-weight: 400;\"> akril na platnu<br \/><\/span><b>Mere: <\/b><span style=\"font-weight: 400;\">60 cm x 80 cm.<\/span><\/p>\n<p><b>Izklicna cena:<\/b><span style=\"font-weight: 400;\"> 200\u20ac<\/span><\/p>\n<p><b>Opis dela: <\/b><span style=\"font-weight: 400;\">Delo je prese\u010di\u0161\u010de digitalnih in tradicionalnih medijev. Nastalo je iz fotografij preteklih parad ponosa, ki jih umetnica v programu predela, da dobijo lo\u010dene barve, ter abstrahirane podobe. S pomo\u010djo tako izdelane vizualizacije ustvarja slike na platnu, ki bodo o\u017eivele s pomo\u010djo spreminjajo\u010de se lu\u010di.<\/span><\/p>\n<p><b>O umetnici:\u00a0<br \/><\/b><b>Meta Me\u017ean<\/b> <span style=\"font-weight: 400;\">je interdisciplinarna umetnica. Trenutno zaklju\u010duje magistrski \u0161tudij slikarstva na Coventry University v Zdru\u017eenem Kraljestvu. Leta 2021 je na isti univerzi diplomirala iz Umetnosti in ilustracije.\u00a0\u00a0<\/span><\/p>\n<p><span style=\"font-weight: 400;\">Leta 2014 je sodelovala v skupinski razstavi z naslovom Prostori, sledi in sence v sklopu festivala Lezbi\u010dna \u010detrt, leta 2018 pa na skupinski razstavi Air4 v galeriji Ravnikar Gallery Space. V letu 2020 je postala del kluba animiranih \u017eensk (Animated Women Club v sodelovanju z Animateko). Leta 2021 je sodelovala na Artopolisovi skupinski razstavi Novi Trg, pa tudi na delavnicah Gibanje skozi le\u010do, kjer so skozi performans ponudili vpogled v zgodovino LGBTQ+ skupnosti v Sloveniji, istega leta se je udele\u017eila tudi delavnice aktivisti\u010dnega videa Rez! v galeriji \u0160kuc, kjer je ustvarila video z naslovom Menarchy (menstrual anarchy).Trenutno so njena dela del razstave West Middlands Open v New Gallery Wallas (VB) in Coventry Degree Show v Coventry-ju.\u00a0\u00a0<\/span><\/p>[\/et_pb_toggle][et_pb_button button_url=&#8221;https:\/\/ljubljanapride.org\/2022\/drazba\/?ult_auc_id=6985&#8243; button_text=&#8221;DRA\u017dBA&#8221; _builder_version=&#8221;4.14.8&#8243; _module_preset=&#8221;default&#8221; global_colors_info=&#8221;{}&#8221;][\/et_pb_button][\/et_pb_column][\/et_pb_row][\/et_pb_section]\n","protected":false},"excerpt":{"rendered":"<p>LABIRINT IZRAZOV Razstava mladih kvir umetnic_kov 6.-19. 6. 2022Na multimedijski in ve\u010d\u017eanrski razstavi mladih LGBTIQ+ umetnic_kov, so predstavljena njihova umetni\u0161ka dela zadnjih dveh let in njihov odziv na aktualni \u010das. [&hellip;]<\/p>\n","protected":false},"author":1,"featured_media":0,"parent":0,"menu_order":0,"comment_status":"closed","ping_status":"closed","template":"","meta":{"_et_pb_use_builder":"on","_et_pb_old_content":"","_et_gb_content_width":""},"yoast_head":"<!-- This site is optimized with the Yoast SEO plugin v20.3 - https:\/\/yoast.com\/wordpress\/plugins\/seo\/ -->\n<title>Razstava - Ljubljana Pride 2022<\/title>\n<meta name=\"robots\" content=\"index, follow, max-snippet:-1, max-image-preview:large, max-video-preview:-1\" \/>\n<link rel=\"canonical\" href=\"https:\/\/ljubljanapride.org\/2022\/razstava\/\" \/>\n<meta property=\"og:locale\" content=\"sl_SI\" \/>\n<meta property=\"og:type\" content=\"article\" \/>\n<meta property=\"og:title\" content=\"Razstava - Ljubljana Pride 2022\" \/>\n<meta property=\"og:description\" content=\"LABIRINT IZRAZOV Razstava mladih kvir umetnic_kov 6.-19. 6. 2022Na multimedijski in ve\u010d\u017eanrski razstavi mladih LGBTIQ+ umetnic_kov, so predstavljena njihova umetni\u0161ka dela zadnjih dveh let in njihov odziv na aktualni \u010das. [&hellip;]\" \/>\n<meta property=\"og:url\" content=\"https:\/\/ljubljanapride.org\/2022\/razstava\/\" \/>\n<meta property=\"og:site_name\" content=\"Ljubljana Pride 2022\" \/>\n<meta property=\"article:modified_time\" content=\"2022-06-06T13:40:45+00:00\" \/>\n<meta property=\"og:image\" content=\"https:\/\/ljubljanapride.org\/2022\/wp-content\/uploads\/2022\/06\/Labrint-logo-1-scaled.jpg\" \/>\n\t<meta property=\"og:image:width\" content=\"2560\" \/>\n\t<meta property=\"og:image:height\" content=\"2400\" \/>\n\t<meta property=\"og:image:type\" content=\"image\/jpeg\" \/>\n<meta name=\"twitter:card\" content=\"summary_large_image\" \/>\n<meta name=\"twitter:label1\" content=\"Est. reading time\" \/>\n\t<meta name=\"twitter:data1\" content=\"48 minut\" \/>\n<script type=\"application\/ld+json\" class=\"yoast-schema-graph\">{\"@context\":\"https:\/\/schema.org\",\"@graph\":[{\"@type\":\"WebPage\",\"@id\":\"https:\/\/ljubljanapride.org\/2022\/razstava\/\",\"url\":\"https:\/\/ljubljanapride.org\/2022\/razstava\/\",\"name\":\"Razstava - Ljubljana Pride 2022\",\"isPartOf\":{\"@id\":\"https:\/\/ljubljanapride.org\/2022\/#website\"},\"datePublished\":\"2022-06-01T09:32:38+00:00\",\"dateModified\":\"2022-06-06T13:40:45+00:00\",\"breadcrumb\":{\"@id\":\"https:\/\/ljubljanapride.org\/2022\/razstava\/#breadcrumb\"},\"inLanguage\":\"sl-SI\",\"potentialAction\":[{\"@type\":\"ReadAction\",\"target\":[\"https:\/\/ljubljanapride.org\/2022\/razstava\/\"]}]},{\"@type\":\"BreadcrumbList\",\"@id\":\"https:\/\/ljubljanapride.org\/2022\/razstava\/#breadcrumb\",\"itemListElement\":[{\"@type\":\"ListItem\",\"position\":1,\"name\":\"Home\",\"item\":\"https:\/\/ljubljanapride.org\/2022\/\"},{\"@type\":\"ListItem\",\"position\":2,\"name\":\"Razstava\"}]},{\"@type\":\"WebSite\",\"@id\":\"https:\/\/ljubljanapride.org\/2022\/#website\",\"url\":\"https:\/\/ljubljanapride.org\/2022\/\",\"name\":\"Ljubljana Pride 2022\",\"description\":\"\u010cas je za mavri\u010dni glas\",\"potentialAction\":[{\"@type\":\"SearchAction\",\"target\":{\"@type\":\"EntryPoint\",\"urlTemplate\":\"https:\/\/ljubljanapride.org\/2022\/?s={search_term_string}\"},\"query-input\":\"required name=search_term_string\"}],\"inLanguage\":\"sl-SI\"}]}<\/script>\n<!-- \/ Yoast SEO plugin. -->","yoast_head_json":{"title":"Razstava - Ljubljana Pride 2022","robots":{"index":"index","follow":"follow","max-snippet":"max-snippet:-1","max-image-preview":"max-image-preview:large","max-video-preview":"max-video-preview:-1"},"canonical":"https:\/\/ljubljanapride.org\/2022\/razstava\/","og_locale":"sl_SI","og_type":"article","og_title":"Razstava - Ljubljana Pride 2022","og_description":"LABIRINT IZRAZOV Razstava mladih kvir umetnic_kov 6.-19. 6. 2022Na multimedijski in ve\u010d\u017eanrski razstavi mladih LGBTIQ+ umetnic_kov, so predstavljena njihova umetni\u0161ka dela zadnjih dveh let in njihov odziv na aktualni \u010das. [&hellip;]","og_url":"https:\/\/ljubljanapride.org\/2022\/razstava\/","og_site_name":"Ljubljana Pride 2022","article_modified_time":"2022-06-06T13:40:45+00:00","og_image":[{"width":2560,"height":2400,"url":"https:\/\/ljubljanapride.org\/2022\/wp-content\/uploads\/2022\/06\/Labrint-logo-1-scaled.jpg","type":"image\/jpeg"}],"twitter_card":"summary_large_image","twitter_misc":{"Est. reading time":"48 minut"},"schema":{"@context":"https:\/\/schema.org","@graph":[{"@type":"WebPage","@id":"https:\/\/ljubljanapride.org\/2022\/razstava\/","url":"https:\/\/ljubljanapride.org\/2022\/razstava\/","name":"Razstava - Ljubljana Pride 2022","isPartOf":{"@id":"https:\/\/ljubljanapride.org\/2022\/#website"},"datePublished":"2022-06-01T09:32:38+00:00","dateModified":"2022-06-06T13:40:45+00:00","breadcrumb":{"@id":"https:\/\/ljubljanapride.org\/2022\/razstava\/#breadcrumb"},"inLanguage":"sl-SI","potentialAction":[{"@type":"ReadAction","target":["https:\/\/ljubljanapride.org\/2022\/razstava\/"]}]},{"@type":"BreadcrumbList","@id":"https:\/\/ljubljanapride.org\/2022\/razstava\/#breadcrumb","itemListElement":[{"@type":"ListItem","position":1,"name":"Home","item":"https:\/\/ljubljanapride.org\/2022\/"},{"@type":"ListItem","position":2,"name":"Razstava"}]},{"@type":"WebSite","@id":"https:\/\/ljubljanapride.org\/2022\/#website","url":"https:\/\/ljubljanapride.org\/2022\/","name":"Ljubljana Pride 2022","description":"\u010cas je za mavri\u010dni glas","potentialAction":[{"@type":"SearchAction","target":{"@type":"EntryPoint","urlTemplate":"https:\/\/ljubljanapride.org\/2022\/?s={search_term_string}"},"query-input":"required name=search_term_string"}],"inLanguage":"sl-SI"}]}},"_links":{"self":[{"href":"https:\/\/ljubljanapride.org\/2022\/wp-json\/wp\/v2\/pages\/6989"}],"collection":[{"href":"https:\/\/ljubljanapride.org\/2022\/wp-json\/wp\/v2\/pages"}],"about":[{"href":"https:\/\/ljubljanapride.org\/2022\/wp-json\/wp\/v2\/types\/page"}],"author":[{"embeddable":true,"href":"https:\/\/ljubljanapride.org\/2022\/wp-json\/wp\/v2\/users\/1"}],"replies":[{"embeddable":true,"href":"https:\/\/ljubljanapride.org\/2022\/wp-json\/wp\/v2\/comments?post=6989"}],"version-history":[{"count":17,"href":"https:\/\/ljubljanapride.org\/2022\/wp-json\/wp\/v2\/pages\/6989\/revisions"}],"predecessor-version":[{"id":7086,"href":"https:\/\/ljubljanapride.org\/2022\/wp-json\/wp\/v2\/pages\/6989\/revisions\/7086"}],"wp:attachment":[{"href":"https:\/\/ljubljanapride.org\/2022\/wp-json\/wp\/v2\/media?parent=6989"}],"curies":[{"name":"wp","href":"https:\/\/api.w.org\/{rel}","templated":true}]}}