{"id":4469,"date":"2019-05-20T21:23:52","date_gmt":"2019-05-20T19:23:52","guid":{"rendered":"http:\/\/www.ljubljanapride.org\/mednarodno-prostovoljstvo\/"},"modified":"2020-12-02T15:48:55","modified_gmt":"2020-12-02T13:48:55","slug":"international-volunteering","status":"publish","type":"page","link":"https:\/\/ljubljanapride.org\/en\/international-volunteering\/","title":{"rendered":"International Volunteering"},"content":{"rendered":"\n<div style=\"height:27px\" aria-hidden=\"true\" class=\"wp-block-spacer\"><\/div>\n\n\n\n<div class=\"wp-block-image\"><figure class=\"aligncenter is-resized\"><img loading=\"lazy\" decoding=\"async\" src=\"https:\/\/ljubljanapride.org\/wp-content\/uploads\/2019\/05\/LGBTIQ-prostovoljstvo-logo_belo-ozadje-01-1-1024x597.png\" alt=\"\" class=\"wp-image-2251\" width=\"410\" height=\"239\" srcset=\"https:\/\/ljubljanapride.org\/wp-content\/uploads\/2019\/05\/LGBTIQ-prostovoljstvo-logo_belo-ozadje-01-1-1024x597.png 1024w, https:\/\/ljubljanapride.org\/wp-content\/uploads\/2019\/05\/LGBTIQ-prostovoljstvo-logo_belo-ozadje-01-1-600x350.png 600w, https:\/\/ljubljanapride.org\/wp-content\/uploads\/2019\/05\/LGBTIQ-prostovoljstvo-logo_belo-ozadje-01-1-300x175.png 300w, https:\/\/ljubljanapride.org\/wp-content\/uploads\/2019\/05\/LGBTIQ-prostovoljstvo-logo_belo-ozadje-01-1-768x448.png 768w\" sizes=\"(max-width: 410px) 100vw, 410px\" \/><\/figure><\/div>\n\n\n\n<h2 class=\"wp-block-heading\">Mednarodno prostovoljstvo<\/h2>\n\n\n\n<p>Dru\u0161tvo\nParada ponosa od leta 2016 poleg dolgoro\u010dne omogo\u010da tudi kratkoro\u010dno mednarodno\nobliko prostovoljstva. To se odvija v \u010dasu Festivala Parada ponosa v sklopu\nEvropske solidarnostne enote \u2013 ESE (prej poznane kot Evropska prostovoljska\nslu\u017eba \u2013 ang. EVS). Vklju\u010dijo se lahko mlade LGBTIQ+ osebe (18\u201330 let) iz\nEvrope, leta 2019 pa so se v projekt prvi\u010d lahko vklju\u010dile tudi osebe, ki so\ndr\u017eavljanke_i Slovenije. Kratkoro\u010dna oblika prostovoljstva poteka cel mesec\njunij, ko potekajo priprave na Festival Parada ponosa in izvedba samega\nfestivala. Prostovoljke_ci so vklju\u010dene_i v organizacijsko ekipo in tako iz\nprve roke izkusijo, kako je sodelovati pri organizaciji Festivala Parada ponosa\nin same parade. <\/p>\n\n\n\n<p>Do\nsedaj smo gostile_i 45 prostovoljk_cev na kratkoro\u010dni izmenjavi in 7 na\ndolgoro\u010dni (3 osebe za 6 mesecev ter 4 za 12 mesecev).<\/p>\n\n\n\n<p>Pogoste\nnaloge prostovoljk_cev so: tehni\u010dna in logisti\u010dna podpora med in po dogodkih,\nsprejemanje gostij_ov festivala ter logisti\u010dna podpora, izdelava scenografije\nin vizualnih materialov za parado, komunikacija in promocija dogodkov na\ndru\u017ebenih omre\u017ejih, vklju\u010denost v eno ali ve\u010d organizacijskih ekip, kot so\nekipa za hrano, promocijo ipd. Kompetence, ki jih pridobijo tekom\nprostovoljstva so skupinsko delo, delo v ve\u010dkulturnem okolju, komunikacijske,\ntehni\u010dne in logisti\u010dne kompetence, znanje o vodenju projektov (npr. kako\norganizirati manj\u0161i enodnevni dogodek, kot je razstava ali zabava) ter\npoglobljeno razumevanje festivalskih tem (LGBTIQ+ teme, antirasizem, feminizem,\nintersekcionalnost, transformacija sovra\u017enega govora, prepre\u010devanje vrstni\u0161kega\nnasilja ipd.).<\/p>\n\n\n\n<p>Projekt vklju\u010duje kritje nastanitve, stro\u0161kov prehrane in \u017eepnine, stro\u0161kov potovanja do in iz Ljubljane, stro\u0161kov povezanih z delovnimi nalogami, ter mentorstvo in certifikat Youthpass. Jezik komunikacije je angle\u0161\u010dina.<\/p>\n\n\n\n<h4 class=\"wp-block-heading\">TE ZANIMA VE\u010c?<\/h4>\n\n\n\n<p>Po\u0161lji e-mail na <a href=\"mailto:info@ljubljanapride.org\">info@ljubljanapride.org<\/a> s pripisom \u201cProstovoljstvo\u201d v zadevi, predstavi se nam in na kratko napi\u0161i, na kak\u0161en na\u010din bi \u017eelel_a prostovoljiti. <\/p>\n\n\n\n<h4 class=\"wp-block-heading\">VE\u010c O IZKU\u0160NJAH SKOZI BESEDE NA\u0160IH PROSTOVOLJK_CEV:<\/h4>\n\n\n\n<p><strong>Avraam (31, Gr\u010dija)<\/strong><\/p>\n\n\n\n<p><em>Septembra lani me je skrbelo, kak\u0161no bo moje \u017eivljenje v naslednjem letu, kaj bom po\u010del, kje bom. Tovrstne misli se ti porodijo, ko ima\u0161 30 let in ima\u0161 \u0161e vedno veliko \u017eelja, ki si jih \u017eeli\u0161 izpolniti. Dobil sem ponudbo za slu\u017ebo v Lizboni, a sem se odlo\u010dil, da jo zavrnem. Na prednostno mesto sem postavil&nbsp;<a rel=\"noreferrer noopener\" href=\"http:\/\/www.movit.si\/evropska-solidarnostna-enota\/\" target=\"_blank\">Evropsko solidarnostno enoto<\/a>&nbsp;(ESE), saj ESE prostovoljstvo lahko opravlja\u0161 le enkrat v \u017eivljenju, in sicer do 30. leta. Glede na to, da \u017ee imam 30 let, je bila to moja zadnja prilo\u017enost. Edino, kar sem vedel, je, da \u017eelim zapustiti svojo dr\u017eavo, Gr\u010dijo<\/em>. <\/p>\n\n\n\n<p>Preberi cel \u010dlanek na: <a href=\"https:\/\/www.mlad.si\/blog\/avram-vorhidis-o-evropski-solidarnostni-enoti-ne-dovolite-si-izpustiti-taksne-priloznosti\/?fbclid=IwAR0y3XWIc5TY-va-vEkA-xWcmSnQfrJTJhg7Ipzxt3brbrpHVGeStW0lW_k\">Mlad.si<\/a><\/p>\n\n\n\n<p><strong>Marta (29, Portugalska)<\/strong><\/p>\n\n\n\n<p><em>Na Dru\u0161tvu Parada ponosa sem dobila prilo\u017enost za razvijanje&nbsp;lastnega znanja v foto in video monta\u017ei. To je nekaj, kar sem si \u017eelela \u017ee dolgo \u010dasa zato sem vesela, da so mi na Dru\u0161tvu Parada ponosa toliko zaupali, da&nbsp;sem dobila odgovornost za izvedbo razli\u010dnih dogodkov.&nbsp;Veliko sem spoznala tudi o LGBTIQ+ skupnosti na splo\u0161no in tukaj, v Sloveniji.&nbsp;Bila sem soo\u010dena z druga\u010dno realnostjo, kot sem jo \u017eivela na Portugalskem.&nbsp;Z ostalimi prostovoljci imam svobodo predlagati razli\u010dne aktivnosti in teme za razpravo, s pomo\u010djo na\u0161ih tedenskih dogodkov &#8220;Parada povezuje&#8221;. <\/em><\/p>\n\n\n\n<p>Preberi cel \u010dlanek na: <a href=\"https:\/\/www.mlad.si\/blog\/martina-izkusnja-v-drustvu-parada-ponosa\/\"><strong>Mlad.si<\/strong><\/a><\/p>\n\n\n\n<p><strong>Niki (25, Slovenija)<\/strong><\/p>\n\n\n\n<p><em>Opravljanje prostovoljstva ESE je Ljubljano celo meni kot vse\u017eivljenjski_emu prebivalki_cu tega mesta za mesec dni resni\u010dno preoblikovalo v mednarodno okolje. Spoznavanje in delo z ljudmi s tako razli\u010dnim ozadjem mi je omogo\u010dilo, da vidim situacije drugih parad ponosa in skupnosti in razumem \u0161ir\u0161i evropski kontekst LGBTIQ+ aktivizma<\/em>.<\/p>\n\n\n\n<p><strong>Chara (27, Gr\u010dija)<\/strong><\/p>\n\n\n\n<p><em>Intervju za kratkoro\u010dni ESE v Dru\u0161tvu Parada ponosa\nsem imel_a dva tedna pred za\u010detkom projekta, tako da sem se moral_a hitro\nodlo\u010diti. Moral_a sem celo dati odpoved v slu\u017ebi, da sem se lahko pridru\u017eil_a\nprojektu, vendar moram povedati, da tega ne ob\u017ealujem. V trenutku, ko sem\nstopil_a v Ljubljano, v nedeljo ob 2. uri, sem se zaljubil_a vanjo. Enako se je\nzgodilo, ko sem stopil_a na Metelkovo in bil_a hipnotiziran_a z milijoni barv,\nki sem jih videl_a. Ko so osebe iz Dru\u0161tva Parada ponosa za\u010dele_i razlagati,\nkako parada deluje v Ljubljani, sem se po\u010dutil_a, da je ta parada bli\u017eje mojim\npotrebam in \u017eeljam. In res je bila. DIY, politi\u010dna, vesela, vklju\u010dujo\u010da. Ne bi\nmogla_el prositi za ve\u010d. \u010ce sem iskren_a, ne vem, kako promovirati stvari,\nvendar bosta Ljubljana kot destinacija in Dru\u0161tvo Parada ponosa kot ESE\nizku\u0161nja zagotovo skrbela za va\u0161e eksistencialne potrebe po krizi, in to iz\nizku\u0161enj.\u201d <\/em><\/p>\n\n\n\n<p><strong>Daniel (25, Finska)<\/strong><\/p>\n\n\n\n<p><em>Sem Daniel s Finske, tukaj sem dopolnil 25 let. \u010ce bi rekel, da je bil moj \u010das tukaj izku\u0161nja, bi bilo to premalo. Nikoli prej v resnici nisem bil v tujini in hiter skok v nekaj takega je bil nekak\u0161en \u0161ok, in \u010de sem iskren, je bilo kar malo stra\u0161ljivo. Ampak vsa moja skrb je bila zaman. Spoznavanje mesta in ljudi je bilo res lepo in vse_i so bile_i zelo ustre\u017eljive_i, nikoli nisem bil sam s svojimi te\u017eavami. Razlog, da sem \u017eelel opravljati ESE tukaj, je to, da se mi zdi pomemben namen, in \u017eelel sem videti razliko med parado v Helsinkih in parado v Ljubljani. Na Finskem je parada bolj komercialna, tu pa je dejansko politi\u010dna. <\/em><\/p>\n\n\n\n<p><em>\u010ce imate prilo\u017enost narediti nekaj takega, jo zgrabite. Lahko je stra\u0161ljiva misel, toda nagrada je ve\u010dja od strahu in za vedno boste imele_i spomine na to izku\u0161njo<\/em><\/p>\n\n\n\n<p><strong>Karol\u00edna (22, \u010ce\u0161ka)<\/strong><\/p>\n\n\n\n<p>Bilo mi je v zadovoljstvo, da sem letos sodelovala v prostovoljski ekipi v Ljubljani.<\/p>\n\n\n\n<p><strong>Katja (25, Slovenija)<\/strong><\/p>\n\n\n\n<p><em>Na Dru\u0161tvu Parada ponosa v Ljubljani sem bila aktivna \u017ee prej, zato sem si la\u017eje predstavljala, kako bo potekal paradni mesec in moje prostovoljstvo ESE v tem \u010dasu. Moja pri\u010dakovanja so bila vseeno prese\u017eena, predvsem zaradi oseb, ki sem jih spoznala in sem imela z njimi prilo\u017enost delati ter ustvarjati leto\u0161nji festival. Mislim, da sem se v tem mesecu veliko nau\u010dila in dobila vpogled v zakulisje priprave festivala ter v vse potrebno trdo delo. Poleg tega imam ob\u010dutek, da sem s svojim delom veliko pripomogla k festivalu in da je bil moj trud prepoznan. Vesela sem tudi, ker sem se ob vsem paradnem kaosu \u0161e zmeraj uspela veliko zabavati in dru\u017eiti s super osebami, ki sem jih spoznala<\/em>.<\/p>\n\n\n\n<p><strong>Emma (20, \u0160vedska)<\/strong><\/p>\n\n\n\n<p><em>K prostovoljstvu ESE v Dru\u0161tvu Parada ponosa so me privabile vrednote in na\u010dini delovanja organizacije. V Ljubljani je poudarek na politi\u010dnosti, solidarnosti, volji za spremembo in prijateljstvu \u2013 stvareh, ki sem jih pogre\u0161ala, kot del Stockholmske parade ponosa. Veseli me, da v zvezi s tem nisem bila razo\u010darana. Veliko sem se nau\u010dila na delavnicah in seminarjih, intersekcionalnost je bila stalno prisotna, ve\u010dina ljudi, ki sem jih spoznala so aktivistke_i na razli\u010dnih podro\u010djih in dobila sem nove prijateljice_e, ki jih brez sodelovanja na tem projetku ne bi nikoli sre\u010dala. Po skoraj enem mesecu v mestu se mi zdi, da sem \u017ee del kvirovske scene. Biti del ne\u010desa je pomembno, saj nam daje ob\u010dutek koristnosti, kot tudi veliko \u010dasa in pomembnih odnosov. Res je bilo nepozabno! Hvala za to izku\u0161njo!<\/em><\/p>\n\n\n\n<p><strong>Lana (22, Slovenija)<\/strong><\/p>\n\n\n\n<p><em>Celotni paradni mesec, ki sem ga pre\u017eivela kot prostovoljka ESE za Dru\u0161tvo Parada ponosa, je bil bogato, v\u010dasih naporno, vendar resni\u010dno druga\u010dno in nepozabno do\u017eivetje. Te\u017eko je povzeti v nekaj stavkih, ko se je v zadnjih nekaj tednih zgodilo toliko stvari. Na splo\u0161no: \u010de se \u017eelite nau\u010diti, kako v svoje aktivisti\u010dno delo vklju\u010diti intersekcionalnost, raz\u0161iriti in izbolj\u0161ati svoje dojemanje inkluzivnosti in spoznati \u010dudovite, ljube\u010de nove ljudi, bodisi gostje_e, ekipo ali druge prostovoljke_ce, ta program in Dru\u0161tvo Parada ponosa to ve\u010d kot omogo\u010data.<\/em><\/p>\n\n\n\n<p><strong>Evgen (22, Slovenija)<\/strong><\/p>\n\n\n\n<p><em>Zame je bila to odli\u010dna prilo\u017enost in izku\u0161nja, da stopim v stik z LGBTIQ+ skupnostjo. Na za\u010detku sem bil nekoliko skepti\u010den, toda na koncu se je vse izkazalo za odli\u010dno. Zelo sem vesel, da sem spoznal nove ljudi, ki so me nau\u010dili nove stvari in mi pokazali razli\u010dne vidike celotnega pregleda Dru\u0161tva Parada ponosa in vsega, kar prihaja. \u017delel bi pokazati koncept drugim ljudem in jim pokazati, da smo enake_i in si zaslu\u017eimo po\u0161teno mo\u017enost, da smo sli\u0161ane_i.<\/em><\/p>\n\n\n\n<p><strong>Aphrodite (Gr\u010dija)<\/strong><\/p>\n\n\n\n<p><em>Tu v Ljubljani kot del ljubljanske parade sem se po\u010dutila popolno. \u010cutila sem navdu\u0161enje nad emocijami, izpopolnjevanjem in trdim delom, na\u010dinom, da stopim iz sebe in se po\u010dutim povezano z ljudmi \u2013 ostalimi prostovoljkami_ci in kvir ljudmi v Ljubljani. <\/em><\/p>\n\n\n\n<p><em>Bila sem del ekipe, ki skrbi za promocijski material, tako da sem prvi\u010d v \u017eivljenju morala biti prijazna do neznank_cev. To sicer ni moja najmo\u010dnej\u0161a vrlina. \u010cudno mi je bilo, da sem zelo u\u017eivala. V treh tednih sem lahko pozdravila ljudi, ki sem jih spoznala na promocijski stojnici, ali so bile_i prebivalke_ci mesta ali samo mimoido\u010de_i. Prav tako sem se z vklju\u010devanjem v izdelavo transparentov, spenjanjem, barvanjem, lepljenjem stvari po\u010dutila, kot da smo del na\u0161e lastne LGBTIQ+ revolucije<\/em>.<\/p>\n\n\n\n<p><strong>Alvaro (28, \u0160panija)<\/strong><\/p>\n\n\n\n<p><em>V \u0160paniji imamo veliko sre\u010do, ker imamo veliko pravic za LGBTIQ+ skupnost, zato je bilo res zanimivo imeti prilo\u017enost sodelovati na ljubljanski Paradi ponosa 2019. Imel sem prilo\u017enost videti, kak\u0161en je aktivizem tu in katere so njegove glavne zahteve. <\/em><\/p>\n\n\n\n<p><em>\u010ce jo primerjam s parado v Madridu, je ta v Ljubljani zelo majhna, vendar se lahko med shodom po\u010dutite, kot da ste del majhne dru\u017eine. Prav tako sem nastopal na paradnem odru, ko je Avraam (celoletni prostovoljec dru\u0161tva) s svojim nastopom podal sporo\u010dilo o pozitivnem odnosu do debelosti. <\/em><\/p>\n\n\n\n<p><em>Ta trenutek je bil zelo mo\u010dan in tudi odli\u010dna izku\u0161nja zame. Ljudje v Ljubljani so bili neverjetni in ekipa Dru\u0161tva Parada ponosa je bila resni\u010dno v pomo\u010d; bile_i so vedno na voljo za vse, kar smo potrebovale_i. Rad bi samo povedal: hvala sLOVEnija<\/em><\/p>\n\n\n\n<div class=\"wp-block-image\"><figure class=\"aligncenter is-resized\"><img loading=\"lazy\" decoding=\"async\" src=\"https:\/\/ljubljanapride.org\/wp-content\/uploads\/2019\/05\/Logoti-MJU-Movit-ESE-1-1024x128.png\" alt=\"\" class=\"wp-image-2254\" width=\"528\" height=\"65\" srcset=\"https:\/\/ljubljanapride.org\/wp-content\/uploads\/2019\/05\/Logoti-MJU-Movit-ESE-1-1024x128.png 1024w, https:\/\/ljubljanapride.org\/wp-content\/uploads\/2019\/05\/Logoti-MJU-Movit-ESE-1-600x75.png 600w, https:\/\/ljubljanapride.org\/wp-content\/uploads\/2019\/05\/Logoti-MJU-Movit-ESE-1-300x38.png 300w, https:\/\/ljubljanapride.org\/wp-content\/uploads\/2019\/05\/Logoti-MJU-Movit-ESE-1-768x96.png 768w\" sizes=\"(max-width: 528px) 100vw, 528px\" \/><\/figure><\/div>\n","protected":false},"excerpt":{"rendered":"<p>Mednarodno prostovoljstvo Dru\u0161tvo Parada ponosa od leta 2016 poleg dolgoro\u010dne omogo\u010da tudi kratkoro\u010dno mednarodno obliko prostovoljstva. To se odvija v \u010dasu Festivala Parada ponosa v sklopu Evropske solidarnostne enote \u2013 [&hellip;]<\/p>\n","protected":false},"author":8,"featured_media":0,"parent":0,"menu_order":0,"comment_status":"closed","ping_status":"closed","template":"","meta":{"_et_pb_use_builder":"on","_et_pb_old_content":"","_et_gb_content_width":"","footnotes":""},"class_list":["post-4469","page","type-page","status-publish","hentry"],"yoast_head":"<!-- This site is optimized with the Yoast SEO plugin v27.2 - https:\/\/yoast.com\/product\/yoast-seo-wordpress\/ -->\n<title>International Volunteering - Dru\u0161tvo Parada Ponosa<\/title>\n<meta name=\"robots\" content=\"index, follow, max-snippet:-1, max-image-preview:large, max-video-preview:-1\" \/>\n<link rel=\"canonical\" href=\"https:\/\/ljubljanapride.org\/en\/international-volunteering\/\" \/>\n<meta property=\"og:locale\" content=\"en_US\" \/>\n<meta property=\"og:type\" content=\"article\" \/>\n<meta property=\"og:title\" content=\"International Volunteering - Dru\u0161tvo Parada Ponosa\" \/>\n<meta property=\"og:description\" content=\"Mednarodno prostovoljstvo Dru\u0161tvo Parada ponosa od leta 2016 poleg dolgoro\u010dne omogo\u010da tudi kratkoro\u010dno mednarodno obliko prostovoljstva. To se odvija v \u010dasu Festivala Parada ponosa v sklopu Evropske solidarnostne enote \u2013 [&hellip;]\" \/>\n<meta property=\"og:url\" content=\"https:\/\/ljubljanapride.org\/en\/international-volunteering\/\" \/>\n<meta property=\"og:site_name\" content=\"Dru\u0161tvo Parada Ponosa\" \/>\n<meta property=\"article:publisher\" content=\"https:\/\/www.facebook.com\/LjubljanaPride\" \/>\n<meta property=\"article:modified_time\" content=\"2020-12-02T13:48:55+00:00\" \/>\n<meta property=\"og:image\" content=\"https:\/\/ljubljanapride.org\/wp-content\/uploads\/2019\/05\/LGBTIQ-prostovoljstvo-logo_belo-ozadje-01-1-1024x597.png\" \/>\n<meta name=\"twitter:card\" content=\"summary_large_image\" \/>\n<meta name=\"twitter:label1\" content=\"Est. reading time\" \/>\n\t<meta name=\"twitter:data1\" content=\"9 minutes\" \/>\n<script type=\"application\/ld+json\" class=\"yoast-schema-graph\">{\"@context\":\"https:\/\/schema.org\",\"@graph\":[{\"@type\":\"WebPage\",\"@id\":\"https:\/\/ljubljanapride.org\/en\/international-volunteering\/\",\"url\":\"https:\/\/ljubljanapride.org\/en\/international-volunteering\/\",\"name\":\"International Volunteering - Dru\u0161tvo Parada Ponosa\",\"isPartOf\":{\"@id\":\"https:\/\/ljubljanapride.org\/en\/#website\"},\"primaryImageOfPage\":{\"@id\":\"https:\/\/ljubljanapride.org\/en\/international-volunteering\/#primaryimage\"},\"image\":{\"@id\":\"https:\/\/ljubljanapride.org\/en\/international-volunteering\/#primaryimage\"},\"thumbnailUrl\":\"https:\/\/ljubljanapride.org\/wp-content\/uploads\/2019\/05\/LGBTIQ-prostovoljstvo-logo_belo-ozadje-01-1-1024x597.png\",\"datePublished\":\"2019-05-20T19:23:52+00:00\",\"dateModified\":\"2020-12-02T13:48:55+00:00\",\"breadcrumb\":{\"@id\":\"https:\/\/ljubljanapride.org\/en\/international-volunteering\/#breadcrumb\"},\"inLanguage\":\"en-US\",\"potentialAction\":[{\"@type\":\"ReadAction\",\"target\":[\"https:\/\/ljubljanapride.org\/en\/international-volunteering\/\"]}]},{\"@type\":\"ImageObject\",\"inLanguage\":\"en-US\",\"@id\":\"https:\/\/ljubljanapride.org\/en\/international-volunteering\/#primaryimage\",\"url\":\"https:\/\/ljubljanapride.org\/wp-content\/uploads\/2019\/05\/LGBTIQ-prostovoljstvo-logo_belo-ozadje-01-1-1024x597.png\",\"contentUrl\":\"https:\/\/ljubljanapride.org\/wp-content\/uploads\/2019\/05\/LGBTIQ-prostovoljstvo-logo_belo-ozadje-01-1-1024x597.png\"},{\"@type\":\"BreadcrumbList\",\"@id\":\"https:\/\/ljubljanapride.org\/en\/international-volunteering\/#breadcrumb\",\"itemListElement\":[{\"@type\":\"ListItem\",\"position\":1,\"name\":\"Home\",\"item\":\"https:\/\/ljubljanapride.org\/en\/\"},{\"@type\":\"ListItem\",\"position\":2,\"name\":\"International Volunteering\"}]},{\"@type\":\"WebSite\",\"@id\":\"https:\/\/ljubljanapride.org\/en\/#website\",\"url\":\"https:\/\/ljubljanapride.org\/en\/\",\"name\":\"Dru\u0161tvo Parada Ponosa\",\"description\":\"Ljubljana Pride\",\"potentialAction\":[{\"@type\":\"SearchAction\",\"target\":{\"@type\":\"EntryPoint\",\"urlTemplate\":\"https:\/\/ljubljanapride.org\/en\/?s={search_term_string}\"},\"query-input\":{\"@type\":\"PropertyValueSpecification\",\"valueRequired\":true,\"valueName\":\"search_term_string\"}}],\"inLanguage\":\"en-US\"}]}<\/script>\n<!-- \/ Yoast SEO plugin. -->","yoast_head_json":{"title":"International Volunteering - Dru\u0161tvo Parada Ponosa","robots":{"index":"index","follow":"follow","max-snippet":"max-snippet:-1","max-image-preview":"max-image-preview:large","max-video-preview":"max-video-preview:-1"},"canonical":"https:\/\/ljubljanapride.org\/en\/international-volunteering\/","og_locale":"en_US","og_type":"article","og_title":"International Volunteering - Dru\u0161tvo Parada Ponosa","og_description":"Mednarodno prostovoljstvo Dru\u0161tvo Parada ponosa od leta 2016 poleg dolgoro\u010dne omogo\u010da tudi kratkoro\u010dno mednarodno obliko prostovoljstva. To se odvija v \u010dasu Festivala Parada ponosa v sklopu Evropske solidarnostne enote \u2013 [&hellip;]","og_url":"https:\/\/ljubljanapride.org\/en\/international-volunteering\/","og_site_name":"Dru\u0161tvo Parada Ponosa","article_publisher":"https:\/\/www.facebook.com\/LjubljanaPride","article_modified_time":"2020-12-02T13:48:55+00:00","og_image":[{"url":"https:\/\/ljubljanapride.org\/wp-content\/uploads\/2019\/05\/LGBTIQ-prostovoljstvo-logo_belo-ozadje-01-1-1024x597.png","type":"","width":"","height":""}],"twitter_card":"summary_large_image","twitter_misc":{"Est. reading time":"9 minutes"},"schema":{"@context":"https:\/\/schema.org","@graph":[{"@type":"WebPage","@id":"https:\/\/ljubljanapride.org\/en\/international-volunteering\/","url":"https:\/\/ljubljanapride.org\/en\/international-volunteering\/","name":"International Volunteering - Dru\u0161tvo Parada Ponosa","isPartOf":{"@id":"https:\/\/ljubljanapride.org\/en\/#website"},"primaryImageOfPage":{"@id":"https:\/\/ljubljanapride.org\/en\/international-volunteering\/#primaryimage"},"image":{"@id":"https:\/\/ljubljanapride.org\/en\/international-volunteering\/#primaryimage"},"thumbnailUrl":"https:\/\/ljubljanapride.org\/wp-content\/uploads\/2019\/05\/LGBTIQ-prostovoljstvo-logo_belo-ozadje-01-1-1024x597.png","datePublished":"2019-05-20T19:23:52+00:00","dateModified":"2020-12-02T13:48:55+00:00","breadcrumb":{"@id":"https:\/\/ljubljanapride.org\/en\/international-volunteering\/#breadcrumb"},"inLanguage":"en-US","potentialAction":[{"@type":"ReadAction","target":["https:\/\/ljubljanapride.org\/en\/international-volunteering\/"]}]},{"@type":"ImageObject","inLanguage":"en-US","@id":"https:\/\/ljubljanapride.org\/en\/international-volunteering\/#primaryimage","url":"https:\/\/ljubljanapride.org\/wp-content\/uploads\/2019\/05\/LGBTIQ-prostovoljstvo-logo_belo-ozadje-01-1-1024x597.png","contentUrl":"https:\/\/ljubljanapride.org\/wp-content\/uploads\/2019\/05\/LGBTIQ-prostovoljstvo-logo_belo-ozadje-01-1-1024x597.png"},{"@type":"BreadcrumbList","@id":"https:\/\/ljubljanapride.org\/en\/international-volunteering\/#breadcrumb","itemListElement":[{"@type":"ListItem","position":1,"name":"Home","item":"https:\/\/ljubljanapride.org\/en\/"},{"@type":"ListItem","position":2,"name":"International Volunteering"}]},{"@type":"WebSite","@id":"https:\/\/ljubljanapride.org\/en\/#website","url":"https:\/\/ljubljanapride.org\/en\/","name":"Dru\u0161tvo Parada Ponosa","description":"Ljubljana Pride","potentialAction":[{"@type":"SearchAction","target":{"@type":"EntryPoint","urlTemplate":"https:\/\/ljubljanapride.org\/en\/?s={search_term_string}"},"query-input":{"@type":"PropertyValueSpecification","valueRequired":true,"valueName":"search_term_string"}}],"inLanguage":"en-US"}]}},"_links":{"self":[{"href":"https:\/\/ljubljanapride.org\/en\/wp-json\/wp\/v2\/pages\/4469","targetHints":{"allow":["GET"]}}],"collection":[{"href":"https:\/\/ljubljanapride.org\/en\/wp-json\/wp\/v2\/pages"}],"about":[{"href":"https:\/\/ljubljanapride.org\/en\/wp-json\/wp\/v2\/types\/page"}],"author":[{"embeddable":true,"href":"https:\/\/ljubljanapride.org\/en\/wp-json\/wp\/v2\/users\/8"}],"replies":[{"embeddable":true,"href":"https:\/\/ljubljanapride.org\/en\/wp-json\/wp\/v2\/comments?post=4469"}],"version-history":[{"count":0,"href":"https:\/\/ljubljanapride.org\/en\/wp-json\/wp\/v2\/pages\/4469\/revisions"}],"wp:attachment":[{"href":"https:\/\/ljubljanapride.org\/en\/wp-json\/wp\/v2\/media?parent=4469"}],"curies":[{"name":"wp","href":"https:\/\/api.w.org\/{rel}","templated":true}]}}